{"id":530,"date":"2026-03-27T13:58:17","date_gmt":"2026-03-27T12:58:17","guid":{"rendered":"https:\/\/www.campinglesgranges.fr\/?page_id=530"},"modified":"2026-04-27T15:54:58","modified_gmt":"2026-04-27T13:54:58","slug":"ubicacion-indre-y-loira","status":"publish","type":"page","link":"https:\/\/www.campinglesgranges.fr\/es\/location-emplacement-indre-et-loire\/","title":{"rendered":"Ubicaci\u00f3n de ubicaci\u00f3n cerca de Tours en Luynes"},"content":{"rendered":"<div class=\"wp-block-stackable-columns alignfull stk-block-columns stk-block stk-dd23a22\" data-block-id=\"dd23a22\"><style>.stk-dd23a22 .stk--block-align-dd23a22{align-items:center !important;}.stk-dd23a22 {margin-bottom:var(--stk--preset--spacing--60, clamp(30px, 7vw, 70px)) !important;}.stk-dd23a22-column{max-width:1280px !important;min-width:auto !important;--stk-column-gap:var(--stk--preset--spacing--50, clamp(30px, 5vw, 50px)) !important;}@media screen and (max-width: 767px){.stk-dd23a22 {--stk-col-order-1:2 !important;--stk-col-order-2:1 !important;}}<\/style><div class=\"stk-row stk-inner-blocks stk--block-align-dd23a22 stk-block-content stk-content-align stk-dd23a22-column alignwide\">\n<div class=\"wp-block-stackable-column stk-block-column stk-column stk-block stk-836118b\" data-v=\"4\" data-block-id=\"836118b\"><div class=\"stk-column-wrapper stk-block-column__content stk-container stk-836118b-container stk--no-background stk--no-padding\"><div class=\"stk-block-content stk-inner-blocks stk-836118b-inner-blocks\">\n<div class=\"wp-block-stackable-image stk-block-image stk-block stk-f9d2a41\" data-block-id=\"f9d2a41\"><style>.stk-f9d2a41 .stk-img-wrapper{width:100% !important;height:440px !important;filter:drop-shadow(2px 2px 9px #00000070) !important;}.stk-f9d2a41 .stk-img-wrapper img{border-radius:25px !important;}@media screen and (max-width: 767px){.stk-f9d2a41 .stk-img-wrapper{height:400px !important;}}<\/style><figure><span class=\"stk-img-wrapper stk-image--shape-stretch stk--shadow-2px 2px 9px #00000070\"><img loading=\"lazy\" decoding=\"async\" class=\"stk-img wp-image-535\" src=\"https:\/\/www.campinglesgranges.fr\/wp-content\/uploads\/2026\/03\/emplacements-1-scaled_webformat.webp\" width=\"2560\" height=\"1915\" alt=\"visita de tours street art tours en bicicleta \" srcset=\"https:\/\/www.campinglesgranges.fr\/wp-content\/uploads\/2026\/03\/emplacements-1-scaled_webformat.webp 2560w, https:\/\/www.campinglesgranges.fr\/wp-content\/uploads\/2026\/03\/emplacements-1-scaled_webformat-300x224.webp 300w, https:\/\/www.campinglesgranges.fr\/wp-content\/uploads\/2026\/03\/emplacements-1-scaled_webformat-1024x766.webp 1024w, https:\/\/www.campinglesgranges.fr\/wp-content\/uploads\/2026\/03\/emplacements-1-scaled_webformat-768x575.webp 768w, https:\/\/www.campinglesgranges.fr\/wp-content\/uploads\/2026\/03\/emplacements-1-scaled_webformat-1536x1149.webp 1536w, https:\/\/www.campinglesgranges.fr\/wp-content\/uploads\/2026\/03\/emplacements-1-scaled_webformat-2048x1532.webp 2048w, https:\/\/www.campinglesgranges.fr\/wp-content\/uploads\/2026\/03\/emplacements-1-scaled_webformat-500x374.webp 500w, https:\/\/www.campinglesgranges.fr\/wp-content\/uploads\/2026\/03\/emplacements-1-scaled_webformat-800x598.webp 800w, https:\/\/www.campinglesgranges.fr\/wp-content\/uploads\/2026\/03\/emplacements-1-scaled_webformat-1280x958.webp 1280w, https:\/\/www.campinglesgranges.fr\/wp-content\/uploads\/2026\/03\/emplacements-1-scaled_webformat-1920x1436.webp 1920w\" sizes=\"auto, (max-width: 2560px) 100vw, 2560px\" \/><\/span><\/figure><\/div>\n<\/div><\/div><\/div>\n\n\n\n<div class=\"wp-block-stackable-column stk-block-column stk-column stk-block stk-53ee707\" data-v=\"4\" data-block-id=\"53ee707\"><div class=\"stk-column-wrapper stk-block-column__content stk-container stk-53ee707-container stk--no-background stk--no-padding\"><div class=\"stk-block-content stk-inner-blocks stk-53ee707-inner-blocks\">\n<div class=\"wp-block-stackable-text stk-block-text stk-block stk-a2d11e1\" data-block-id=\"a2d11e1\"><p class=\"stk-block-text__text\">Para sus tiendas, autocaravanas o caravanas le ofrecemos en <a href=\"\/es\/\">Camping Flower les Granges,<\/a> traje <strong>espacios amplios<\/strong>, delimitados por setos ajardinados, ofreci\u00e9ndole as\u00ed una perfecta intimidad. Sombra, semisombra o sol, 3 ambientes diferentes le esperan seg\u00fan sus deseos, la temporada\u2026. Un forfait el\u00e9ctrico de 10A est\u00e1 accesible seg\u00fan sus necesidades. Los emplazamientos que permiten captar la televisi\u00f3n por sat\u00e9lite est\u00e1n claramente identificados. Los veh\u00edculos m\u00e1s pesados podr\u00e1n ser recibidos con cualquier tiempo gracias a nuestros 6 emplazamientos estabilizados. Todos estos criterios le permitir\u00e1n elegir mejor su emplazamiento. Los perros, un m\u00e1ximo de 2 en parcela de camping y 1 en alquiler, son aceptados -excepto de categor\u00eda 1 y 2- a condici\u00f3n de que vayan atados. Piense tambi\u00e9n en su cartilla de vacunaci\u00f3n.<\/p><\/div>\n<\/div><\/div><\/div>\n<\/div><\/div>\n\n\n\n<div class=\"wp-block-stackable-columns alignfull stk-block-columns stk-block stk-4f28c56 stk-block-background\" data-block-id=\"4f28c56\"><style>.stk-4f28c56 .stk--block-align-4f28c56{align-items:center !important;}.stk-4f28c56 {background-color:var(--stk-global-color-42219, #bce3f9) !important;border-top-left-radius:25px !important;border-top-right-radius:25px !important;border-bottom-right-radius:25px !important;border-bottom-left-radius:25px !important;overflow:hidden !important;box-shadow:2px 2px 10px 0px #0000004a !important;padding-top:var(--stk--preset--spacing--50, clamp(30px, 5vw, 50px)) !important;padding-bottom:var(--stk--preset--spacing--50, clamp(30px, 5vw, 50px)) !important;margin-bottom:var(--stk--preset--spacing--60, clamp(30px, 7vw, 70px)) !important;}.stk-4f28c56:before{background-color:var(--stk-global-color-42219, #bce3f9) !important;}.stk-4f28c56-column{max-width:1280px !important;min-width:auto !important;--stk-column-gap:var(--stk--preset--spacing--50, clamp(30px, 5vw, 50px)) !important;}<\/style><div class=\"stk-row stk-inner-blocks stk--block-align-4f28c56 stk-block-content stk-content-align stk-4f28c56-column alignwide\">\n<div class=\"wp-block-stackable-column stk-block-column stk-column stk-block stk-f63c99f\" data-v=\"4\" data-block-id=\"f63c99f\"><div class=\"stk-column-wrapper stk-block-column__content stk-container stk-f63c99f-container stk--no-background stk--no-padding\"><div class=\"stk-block-content stk-inner-blocks stk-f63c99f-inner-blocks\">\n<div class=\"wp-block-stackable-text stk-block-text stk-block stk-8e69b13\" id=\"nos-sanitaires-chauffes-vous-apporteront-confort-et-plaisir-du-camping-en-toute-saison-nous-disposons-dune-douche-sanitaire-pour-les-personnes-a-mobilite-reduite-pmr-accessible-sur-simple-demande-un-espace-nursery-permettra-a-tous-les-bebes-de-profiter-dun-espace-confortable-et-adapte-pour-le-change-et-la-toilette-la-laverie-est-equipee-de-lave-linge-et-seche-linge-grande-capacite-afin-de-faciliter-le-quotidien-de-vos-vacances-enfin-vous-trouverez-un-vidoir-pour-wc-chimiques-ainsi-quune-aire-de-vidange-pour-camping-car-gratuite-et-en-libre-service\" data-block-id=\"8e69b13\"><p class=\"stk-block-text__text translation-block\">Nuestros **sanitarios climatizados** le brindar\u00e1n comodidad y placer en el camping durante todo el a\u00f1o. Disponemos de una ducha\/sanitario para **personas con movilidad reducida (PMR)** accesible previa solicitud. Un espacio de guarder\u00eda permitir\u00e1 a todos los beb\u00e9s disfrutar de un entorno c\u00f3modo y adaptado para el cambio y el aseo. La lavander\u00eda est\u00e1 equipada con lavadoras y secadoras de gran capacidad para facilitar el d\u00eda a d\u00eda de sus vacaciones. Por \u00faltimo, encontrar\u00e1 un desag\u00fce para inodoros qu\u00edmicos, as\u00ed como una zona de vaciado para autocaravanas, gratuita y de autoservicio.<\/p><\/div>\n<\/div><\/div><\/div>\n\n\n\n<div class=\"wp-block-stackable-column stk-block-column stk-column stk-block stk-80bd9da\" data-v=\"4\" data-block-id=\"80bd9da\"><div class=\"stk-column-wrapper stk-block-column__content stk-container stk-80bd9da-container stk--no-background stk--no-padding\"><div class=\"stk-block-content stk-inner-blocks stk-80bd9da-inner-blocks\">\n<div class=\"wp-block-stackable-image stk-block-image has-text-align-right stk-block stk-904e8bd\" data-block-id=\"904e8bd\"><style>.stk-904e8bd {margin-bottom:-40px !important;z-index:3 !important;}.stk-904e8bd .stk-img-wrapper{width:150px !important;}<\/style><figure><span class=\"stk-img-wrapper stk-image--shape-stretch\"><img loading=\"lazy\" decoding=\"async\" class=\"stk-img wp-image-143\" src=\"https:\/\/www.campinglesgranges.fr\/wp-content\/uploads\/2026\/03\/logo_camping-les-granges-3-1-1.png\" width=\"336\" height=\"286\" alt=\"logo camping les granges 3 1\" srcset=\"https:\/\/www.campinglesgranges.fr\/wp-content\/uploads\/2026\/03\/logo_camping-les-granges-3-1-1.png 336w, https:\/\/www.campinglesgranges.fr\/wp-content\/uploads\/2026\/03\/logo_camping-les-granges-3-1-1-300x255.png 300w\" sizes=\"auto, (max-width: 336px) 100vw, 336px\" \/><\/span><\/figure><\/div>\n\n\n\n<div class=\"wp-block-stackable-image stk-block-image stk-block stk-5333732\" data-block-id=\"5333732\"><style>.stk-5333732 .stk-img-wrapper{width:100% !important;height:327px !important;filter:drop-shadow(2px 2px 9px #00000070) !important;}.stk-5333732 .stk-img-wrapper img{border-radius:25px !important;}<\/style><figure><span class=\"stk-img-wrapper stk-image--shape-stretch stk--shadow-2px 2px 9px #00000070\"><img loading=\"lazy\" decoding=\"async\" class=\"stk-img wp-image-536\" src=\"https:\/\/www.campinglesgranges.fr\/wp-content\/uploads\/2026\/03\/drone-22-camping-red-scaled_webformat-1.webp\" width=\"2560\" height=\"1440\" alt=\"ubicaci\u00f3n emplazamiento camping indre et loire\" srcset=\"https:\/\/www.campinglesgranges.fr\/wp-content\/uploads\/2026\/03\/drone-22-camping-red-scaled_webformat-1.webp 2560w, https:\/\/www.campinglesgranges.fr\/wp-content\/uploads\/2026\/03\/drone-22-camping-red-scaled_webformat-1-300x169.webp 300w, https:\/\/www.campinglesgranges.fr\/wp-content\/uploads\/2026\/03\/drone-22-camping-red-scaled_webformat-1-1024x576.webp 1024w, https:\/\/www.campinglesgranges.fr\/wp-content\/uploads\/2026\/03\/drone-22-camping-red-scaled_webformat-1-768x432.webp 768w, https:\/\/www.campinglesgranges.fr\/wp-content\/uploads\/2026\/03\/drone-22-camping-red-scaled_webformat-1-1536x864.webp 1536w, https:\/\/www.campinglesgranges.fr\/wp-content\/uploads\/2026\/03\/drone-22-camping-red-scaled_webformat-1-2048x1152.webp 2048w, https:\/\/www.campinglesgranges.fr\/wp-content\/uploads\/2026\/03\/drone-22-camping-red-scaled_webformat-1-500x281.webp 500w, https:\/\/www.campinglesgranges.fr\/wp-content\/uploads\/2026\/03\/drone-22-camping-red-scaled_webformat-1-800x450.webp 800w, https:\/\/www.campinglesgranges.fr\/wp-content\/uploads\/2026\/03\/drone-22-camping-red-scaled_webformat-1-1280x720.webp 1280w, https:\/\/www.campinglesgranges.fr\/wp-content\/uploads\/2026\/03\/drone-22-camping-red-scaled_webformat-1-1920x1080.webp 1920w\" sizes=\"auto, (max-width: 2560px) 100vw, 2560px\" \/><\/span><\/figure><\/div>\n<\/div><\/div><\/div>\n<\/div><\/div>\n\n\n\n<div class=\"wp-block-stackable-columns alignfull stk-block-columns stk-block stk-7037a57\" data-block-id=\"7037a57\"><div class=\"stk-row stk-inner-blocks stk-block-content stk-content-align stk-7037a57-column\">\n<div class=\"wp-block-stackable-column stk-block-column stk-column stk-block stk-54d756c\" data-v=\"4\" data-block-id=\"54d756c\"><div class=\"stk-column-wrapper stk-block-column__content stk-container stk-54d756c-container stk--no-background stk--no-padding\"><div class=\"stk-block-content stk-inner-blocks stk-54d756c-inner-blocks\"><p data-block-type=\"core\"><ctv-product data-product-id=\"90990\" ><\/ctv-product><\/p>\n\n\n<p data-block-type=\"core\"><ctv-product data-product-id=\"61970\" ><\/ctv-product><\/p>\n\n\n<p data-block-type=\"core\"><ctv-product data-product-id=\"61971\" ><\/ctv-product><\/p>\n\n\n<p data-block-type=\"core\"><ctv-product data-product-id=\"129269\" ><\/ctv-product><\/p>\n<\/div><\/div><\/div>\n<\/div><\/div>\n\n\n\n<div class=\"wp-block-stackable-columns alignfull stk-block-columns stk-block stk-eb56abd\" data-block-id=\"eb56abd\"><style>.stk-eb56abd {margin-top:var(--stk--preset--spacing--60, clamp(30px, 7vw, 70px)) !important;margin-bottom:var(--stk--preset--spacing--50, clamp(30px, 5vw, 50px)) !important;}.stk-eb56abd-column{max-width:1080px !important;min-width:auto !important;}@media screen and (max-width: 767px){.stk-eb56abd {margin-right:var(--stk--preset--spacing--20, 10px) !important;margin-left:var(--stk--preset--spacing--20, 10px) !important;}}<\/style><div class=\"stk-row stk-inner-blocks stk-block-content stk-content-align stk-eb56abd-column alignfull\">\n<div class=\"wp-block-stackable-column stk-block-column stk-column stk-block stk-186a0af\" data-v=\"4\" data-block-id=\"186a0af\"><div class=\"stk-column-wrapper stk-block-column__content stk-container stk-186a0af-container stk--no-background stk--no-padding\"><div class=\"stk-block-content stk-inner-blocks stk-186a0af-inner-blocks\">\n<details class=\"wp-block-stackable-accordion stk-block-accordion stk-inner-blocks stk-block-content stk--single-open stk-block stk-173513d stk-block-background is-style-default\" data-block-id=\"173513d\"><style>.stk-173513d {background-color:var(--stk-global-color-35744, #115390) !important;border-top-left-radius:var(--stk--preset--border-radius--x-large, 24px) !important;border-top-right-radius:var(--stk--preset--border-radius--x-large, 24px) !important;border-bottom-right-radius:var(--stk--preset--border-radius--x-large, 24px) !important;border-bottom-left-radius:var(--stk--preset--border-radius--x-large, 24px) !important;overflow:hidden !important;padding-top:var(--stk--preset--spacing--none, 0px) !important;padding-right:var(--stk--preset--spacing--none, 0px) !important;padding-bottom:var(--stk--preset--spacing--none, 0px) !important;padding-left:var(--stk--preset--spacing--none, 0px) !important;}.stk-173513d:before{background-color:var(--stk-global-color-35744, #115390) !important;}<\/style>\n<summary class=\"wp-block-stackable-column stk-block-column stk-column stk-block stk-c377926 stk--container-small stk-block-accordion__heading\" data-v=\"4\" data-block-id=\"c377926\"><style>.stk-c377926 {border-top-left-radius:var(--stk--preset--border-radius--none, 0px) !important;border-top-right-radius:var(--stk--preset--border-radius--none, 0px) !important;border-bottom-right-radius:var(--stk--preset--border-radius--none, 0px) !important;border-bottom-left-radius:var(--stk--preset--border-radius--none, 0px) !important;overflow:hidden !important;}.stk-c377926-container{background-color:var(--stk-global-color-35744, #115390) !important;padding-top:var(--stk--preset--spacing--none, 0px) !important;padding-right:var(--stk--preset--spacing--20, 10px) !important;padding-bottom:var(--stk--preset--spacing--none, 0px) !important;padding-left:var(--stk--preset--spacing--20, 10px) !important;}.stk-c377926-container:before{background-color:var(--stk-global-color-35744, #115390) !important;}<\/style><div class=\"stk-column-wrapper stk-block-column__content stk-container stk-c377926-container stk-hover-parent\"><div class=\"stk-block-content stk-inner-blocks stk-c377926-inner-blocks\">\n<div class=\"wp-block-stackable-icon-label stk-block-icon-label stk-block stk-0252297\" data-block-id=\"0252297\"><div class=\"stk-row stk-inner-blocks stk-block-content\">\n<div class=\"wp-block-stackable-heading stk-block-heading stk-block-heading--v2 stk-block stk-59728af\" id=\"est-il-possible-de-choisir-son-emplacement\" data-block-id=\"59728af\"><style>.stk-59728af .stk-block-heading__text{color:#fffffe !important;font-weight:900 !important;}<\/style><p class=\"stk-block-heading__text has-text-color\">\u00bfEs posible elegir tu ubicaci\u00f3n?<\/p><\/div>\n\n\n\n<div class=\"wp-block-stackable-icon stk-block-icon stk-block stk-3b5bc81\" data-block-id=\"3b5bc81\"><style>.stk-3b5bc81 .stk--svg-wrapper .stk--inner-svg svg:last-child{height:35px !important;width:35px !important;}.stk-3b5bc81 .stk--svg-wrapper .stk--inner-svg svg:last-child, .stk-3b5bc81 .stk--svg-wrapper .stk--inner-svg svg:last-child :is(g, path, rect, polygon, ellipse){fill:var(--stk-global-color-42219, #bce3f9) !important;}<\/style><span class=\"stk--svg-wrapper\"><div class=\"stk--inner-svg\"><svg style=\"height:0;width:0\"><defs><lineargradient id=\"linear-gradient-3b5bc81\" x1=\"0\" x2=\"100%\" y1=\"0\" y2=\"0\"><stop offset=\"0%\" style=\"stop-opacity:1;stop-color:var(--linear-gradient-3-b-5-bc-81-color-1)\"><\/stop><stop offset=\"100%\" style=\"stop-opacity:1;stop-color:var(--linear-gradient-3-b-5-bc-81-color-2)\"><\/stop><\/lineargradient><\/defs><\/svg><svg xmlns=\"http:\/\/www.w3.org\/2000\/svg\" viewbox=\"0 0 448 512\" aria-hidden=\"true\" width=\"32\" height=\"32\"><path d=\"M256 80c0-17.7-14.3-32-32-32s-32 14.3-32 32V224H48c-17.7 0-32 14.3-32 32s14.3 32 32 32H192V432c0 17.7 14.3 32 32 32s32-14.3 32-32V288H400c17.7 0 32-14.3 32-32s-14.3-32-32-32H256V80z\"\/><\/svg><\/div><\/span><\/div>\n<\/div><\/div>\n<\/div><\/div><\/summary>\n\n\n\n<div class=\"wp-block-stackable-column stk-block-column stk-column stk-block stk-6c436d4 stk-block-accordion__content\" data-v=\"4\" data-block-id=\"6c436d4\"><style>.stk-6c436d4-container{padding-top:var(--stk--preset--spacing--none, 0px) !important;padding-right:var(--stk--preset--spacing--20, 10px) !important;padding-bottom:var(--stk--preset--spacing--20, 10px) !important;padding-left:var(--stk--preset--spacing--20, 10px) !important;}<\/style><div class=\"stk-column-wrapper stk-block-column__content stk-container stk-6c436d4-container stk--no-background stk--no-padding\"><div class=\"stk-block-content stk-inner-blocks stk-6c436d4-inner-blocks\">\n<div class=\"wp-block-stackable-text stk-block-text stk-block stk-7662a08\" data-block-id=\"7662a08\"><style>.stk-7662a08 .stk-block-text__text{color:#fffffe !important;}<\/style><p class=\"stk-block-text__text has-text-color\">Puedes expresar un deseo. Tratamos en la medida de lo posible de satisfacerte, pero esto es, por supuesto, m\u00e1s o menos dif\u00edcil seg\u00fan la \u00e9poca.<\/p><\/div>\n<\/div><\/div><\/div>\n<\/details>\n\n\n\n<details class=\"wp-block-stackable-accordion stk-block-accordion stk-inner-blocks stk-block-content stk--single-open stk-block stk-e2c5d68 stk-block-background is-style-default\" data-block-id=\"e2c5d68\"><style>.stk-e2c5d68 {background-color:var(--stk-global-color-35744, #115390) !important;border-top-left-radius:var(--stk--preset--border-radius--x-large, 24px) !important;border-top-right-radius:var(--stk--preset--border-radius--x-large, 24px) !important;border-bottom-right-radius:var(--stk--preset--border-radius--x-large, 24px) !important;border-bottom-left-radius:var(--stk--preset--border-radius--x-large, 24px) !important;overflow:hidden !important;padding-top:var(--stk--preset--spacing--none, 0px) !important;padding-right:var(--stk--preset--spacing--none, 0px) !important;padding-bottom:var(--stk--preset--spacing--none, 0px) !important;padding-left:var(--stk--preset--spacing--none, 0px) !important;}.stk-e2c5d68:before{background-color:var(--stk-global-color-35744, #115390) !important;}<\/style>\n<summary class=\"wp-block-stackable-column stk-block-column stk-column stk-block stk-83c1547 stk--container-small stk-block-accordion__heading\" data-v=\"4\" data-block-id=\"83c1547\"><style>.stk-83c1547 {border-top-left-radius:var(--stk--preset--border-radius--none, 0px) !important;border-top-right-radius:var(--stk--preset--border-radius--none, 0px) !important;border-bottom-right-radius:var(--stk--preset--border-radius--none, 0px) !important;border-bottom-left-radius:var(--stk--preset--border-radius--none, 0px) !important;overflow:hidden !important;}.stk-83c1547-container{background-color:var(--stk-global-color-35744, #115390) !important;padding-top:var(--stk--preset--spacing--none, 0px) !important;padding-right:var(--stk--preset--spacing--20, 10px) !important;padding-bottom:var(--stk--preset--spacing--none, 0px) !important;padding-left:var(--stk--preset--spacing--20, 10px) !important;}.stk-83c1547-container:before{background-color:var(--stk-global-color-35744, #115390) !important;}<\/style><div class=\"stk-column-wrapper stk-block-column__content stk-container stk-83c1547-container stk-hover-parent\"><div class=\"stk-block-content stk-inner-blocks stk-83c1547-inner-blocks\">\n<div class=\"wp-block-stackable-icon-label stk-block-icon-label stk-block stk-fd1cef7\" data-block-id=\"fd1cef7\"><div class=\"stk-row stk-inner-blocks stk-block-content\">\n<div class=\"wp-block-stackable-heading stk-block-heading stk-block-heading--v2 stk-block stk-88bde14\" id=\"le-wifi-est-il-gratuit-et-disponible-sur-lensemble-du-domaine\" data-block-id=\"88bde14\"><style>.stk-88bde14 .stk-block-heading__text{color:#fffffe !important;font-weight:800 !important;}<\/style><p class=\"stk-block-heading__text has-text-color\">\u00bfEl wifi es gratuito y est\u00e1 disponible en todo el recinto?<\/p><\/div>\n\n\n\n<div class=\"wp-block-stackable-icon stk-block-icon stk-block stk-6282d14\" data-block-id=\"6282d14\"><style>.stk-6282d14 .stk--svg-wrapper .stk--inner-svg svg:last-child{height:35px !important;width:35px !important;}.stk-6282d14 .stk--svg-wrapper .stk--inner-svg svg:last-child, .stk-6282d14 .stk--svg-wrapper .stk--inner-svg svg:last-child :is(g, path, rect, polygon, ellipse){fill:var(--stk-global-color-42219, #bce3f9) !important;}<\/style><span class=\"stk--svg-wrapper\"><div class=\"stk--inner-svg\"><svg style=\"height:0;width:0\"><defs><lineargradient id=\"linear-gradient-6282d14\" x1=\"0\" x2=\"100%\" y1=\"0\" y2=\"0\"><stop offset=\"0%\" style=\"stop-opacity:1;stop-color:var(--linear-gradient-6282-d-14-color-1)\"><\/stop><stop offset=\"100%\" style=\"stop-opacity:1;stop-color:var(--linear-gradient-6282-d-14-color-2)\"><\/stop><\/lineargradient><\/defs><\/svg><svg xmlns=\"http:\/\/www.w3.org\/2000\/svg\" viewbox=\"0 0 448 512\" aria-hidden=\"true\" width=\"32\" height=\"32\"><path d=\"M256 80c0-17.7-14.3-32-32-32s-32 14.3-32 32V224H48c-17.7 0-32 14.3-32 32s14.3 32 32 32H192V432c0 17.7 14.3 32 32 32s32-14.3 32-32V288H400c17.7 0 32-14.3 32-32s-14.3-32-32-32H256V80z\"\/><\/svg><\/div><\/span><\/div>\n<\/div><\/div>\n<\/div><\/div><\/summary>\n\n\n\n<div class=\"wp-block-stackable-column stk-block-column stk-column stk-block stk-dde5366 stk-block-accordion__content\" data-v=\"4\" data-block-id=\"dde5366\"><style>.stk-dde5366-container{padding-top:var(--stk--preset--spacing--none, 0px) !important;padding-right:var(--stk--preset--spacing--20, 10px) !important;padding-bottom:var(--stk--preset--spacing--20, 10px) !important;padding-left:var(--stk--preset--spacing--20, 10px) !important;}<\/style><div class=\"stk-column-wrapper stk-block-column__content stk-container stk-dde5366-container stk--no-background stk--no-padding\"><div class=\"stk-block-content stk-inner-blocks stk-dde5366-inner-blocks\">\n<div class=\"wp-block-stackable-text stk-block-text stk-block stk-d4b6c71\" data-block-id=\"d4b6c71\"><style>.stk-d4b6c71 .stk-block-text__text{color:#fffffe !important;}<\/style><p class=\"stk-block-text__text has-text-color\">S\u00ed, la conexi\u00f3n wifi es gratuita y est\u00e1 disponible en todo el camping.<br>La 4G y la 5G tambi\u00e9n son accesibles sin problema.<\/p><\/div>\n<\/div><\/div><\/div>\n<\/details>\n\n\n\n<details class=\"wp-block-stackable-accordion stk-block-accordion stk-inner-blocks stk-block-content stk--single-open stk-block stk-b67e582 stk-block-background is-style-default\" data-block-id=\"b67e582\"><style>.stk-b67e582 {background-color:var(--stk-global-color-35744, #115390) !important;border-top-left-radius:var(--stk--preset--border-radius--x-large, 24px) !important;border-top-right-radius:var(--stk--preset--border-radius--x-large, 24px) !important;border-bottom-right-radius:var(--stk--preset--border-radius--x-large, 24px) !important;border-bottom-left-radius:var(--stk--preset--border-radius--x-large, 24px) !important;overflow:hidden !important;padding-top:var(--stk--preset--spacing--none, 0px) !important;padding-right:var(--stk--preset--spacing--none, 0px) !important;padding-bottom:var(--stk--preset--spacing--none, 0px) !important;padding-left:var(--stk--preset--spacing--none, 0px) !important;}.stk-b67e582:before{background-color:var(--stk-global-color-35744, #115390) !important;}<\/style>\n<summary class=\"wp-block-stackable-column stk-block-column stk-column stk-block stk-6fbc3e6 stk--container-small stk-block-accordion__heading\" data-v=\"4\" data-block-id=\"6fbc3e6\"><style>.stk-6fbc3e6 {border-top-left-radius:var(--stk--preset--border-radius--none, 0px) !important;border-top-right-radius:var(--stk--preset--border-radius--none, 0px) !important;border-bottom-right-radius:var(--stk--preset--border-radius--none, 0px) !important;border-bottom-left-radius:var(--stk--preset--border-radius--none, 0px) !important;overflow:hidden !important;}.stk-6fbc3e6-container{background-color:var(--stk-global-color-35744, #115390) !important;padding-top:var(--stk--preset--spacing--none, 0px) !important;padding-right:var(--stk--preset--spacing--20, 10px) !important;padding-bottom:var(--stk--preset--spacing--none, 0px) !important;padding-left:var(--stk--preset--spacing--20, 10px) !important;}.stk-6fbc3e6-container:before{background-color:var(--stk-global-color-35744, #115390) !important;}<\/style><div class=\"stk-column-wrapper stk-block-column__content stk-container stk-6fbc3e6-container stk-hover-parent\"><div class=\"stk-block-content stk-inner-blocks stk-6fbc3e6-inner-blocks\">\n<div class=\"wp-block-stackable-icon-label stk-block-icon-label stk-block stk-42be80f\" data-block-id=\"42be80f\"><div class=\"stk-row stk-inner-blocks stk-block-content\">\n<div class=\"wp-block-stackable-heading stk-block-heading stk-block-heading--v2 stk-block stk-ef15866\" id=\"peut-on-garer-son-vehicule-ou-van-amenage-sur-un-emplacement\" data-block-id=\"ef15866\"><style>.stk-ef15866 .stk-block-heading__text{color:#fffffe !important;font-weight:800 !important;}<\/style><p class=\"stk-block-heading__text has-text-color\">\u00bfSe puede aparcar el veh\u00edculo o la furgoneta camper en una plaza de aparcamiento?<\/p><\/div>\n\n\n\n<div class=\"wp-block-stackable-icon stk-block-icon stk-block stk-32b9acf\" data-block-id=\"32b9acf\"><style>.stk-32b9acf .stk--svg-wrapper .stk--inner-svg svg:last-child{height:35px !important;width:35px !important;}.stk-32b9acf .stk--svg-wrapper .stk--inner-svg svg:last-child, .stk-32b9acf .stk--svg-wrapper .stk--inner-svg svg:last-child :is(g, path, rect, polygon, ellipse){fill:var(--stk-global-color-42219, #bce3f9) !important;}<\/style><span class=\"stk--svg-wrapper\"><div class=\"stk--inner-svg\"><svg style=\"height:0;width:0\"><defs><lineargradient id=\"linear-gradient-32b9acf\" x1=\"0\" x2=\"100%\" y1=\"0\" y2=\"0\"><stop offset=\"0%\" style=\"stop-opacity:1;stop-color:var(--linear-gradient-32-b-9-acf-color-1)\"><\/stop><stop offset=\"100%\" style=\"stop-opacity:1;stop-color:var(--linear-gradient-32-b-9-acf-color-2)\"><\/stop><\/lineargradient><\/defs><\/svg><svg xmlns=\"http:\/\/www.w3.org\/2000\/svg\" viewbox=\"0 0 448 512\" aria-hidden=\"true\" width=\"32\" height=\"32\"><path d=\"M256 80c0-17.7-14.3-32-32-32s-32 14.3-32 32V224H48c-17.7 0-32 14.3-32 32s14.3 32 32 32H192V432c0 17.7 14.3 32 32 32s32-14.3 32-32V288H400c17.7 0 32-14.3 32-32s-14.3-32-32-32H256V80z\"\/><\/svg><\/div><\/span><\/div>\n<\/div><\/div>\n<\/div><\/div><\/summary>\n\n\n\n<div class=\"wp-block-stackable-column stk-block-column stk-column stk-block stk-f27f5e2 stk-block-accordion__content\" data-v=\"4\" data-block-id=\"f27f5e2\"><style>.stk-f27f5e2-container{padding-top:var(--stk--preset--spacing--none, 0px) !important;padding-right:var(--stk--preset--spacing--20, 10px) !important;padding-bottom:var(--stk--preset--spacing--20, 10px) !important;padding-left:var(--stk--preset--spacing--20, 10px) !important;}<\/style><div class=\"stk-column-wrapper stk-block-column__content stk-container stk-f27f5e2-container stk--no-background stk--no-padding\"><div class=\"stk-block-content stk-inner-blocks stk-f27f5e2-inner-blocks\">\n<div class=\"wp-block-stackable-text stk-block-text stk-block stk-3176688\" data-block-id=\"3176688\"><style>.stk-3176688 .stk-block-text__text{color:#fffffe !important;}<\/style><p class=\"stk-block-text__text has-text-color\">S\u00ed, nuestros sitios \u00absin servicios\u00bb aceptan tiendas de campa\u00f1a, caravanas y autocaravanas.<\/p><\/div>\n<\/div><\/div><\/div>\n<\/details>\n<\/div><\/div><\/div>\n<\/div><\/div>\n\n\n\n<div class=\"wp-block-stackable-columns alignfull stk-block-columns stk-block stk-be90d9c\" data-block-id=\"be90d9c\"><style>.stk-be90d9c {margin-bottom:var(--stk--preset--spacing--60, clamp(30px, 7vw, 70px)) !important;}.stk-be90d9c-column{max-width:100% !important;min-width:auto !important;}<\/style><div class=\"stk-row stk-inner-blocks stk-block-content stk-content-align stk-be90d9c-column alignfull\">\n<div class=\"wp-block-stackable-column stk-block-column stk-column stk-block stk-97b218c\" data-v=\"4\" data-block-id=\"97b218c\"><div class=\"stk-column-wrapper stk-block-column__content stk-container stk-97b218c-container stk--no-background stk--no-padding\"><div class=\"stk-block-content stk-inner-blocks stk-97b218c-inner-blocks\"><div class=\"wp-block-visual-portfolio alignfull\">\n<div class=\"vp-portfolio vp-uid-e9e95d62 vp-id-DxAHo\"\n\tdata-vp-layout=\"masonry\" data-vp-content-source=\"images\" data-vp-items-style=\"default\" data-vp-items-click-action=\"popup_gallery\" data-vp-items-gap=\"15\" data-vp-items-gap-vertical=\"\" data-vp-pagination=\"load-more\" data-vp-next-page-url=\"\" data-vp-masonry-columns=\"4\" data-vp-masonry-images-aspect-ratio=\"4:3\" >\n\t<div class=\"vp-portfolio__preloader-wrap\">\n\t\t<div class=\"vp-portfolio__preloader\">\n\t\t\t<img decoding=\"async\" loading=\"eager\" src=\"https:\/\/www.campinglesgranges.fr\/wp-content\/plugins\/visual-portfolio\/assets\/images\/logo-dark.svg\" alt=\"Visual Portfolio, Posts &amp; Image Gallery para WordPress\" width=\"20\" height=\"20\" data-skip-lazy>\n\t\t<\/div>\n\t<\/div>\n\t\t<div class=\"vp-portfolio__items-wrap\">\n\t\t\t\n<div class=\"vp-portfolio__items vp-portfolio__items-style-default vp-portfolio__items-show-overlay-hover\">\n\n\t\t<div\t\tclass=\"vp-portfolio__item-wrap vp-portfolio__item-uid-ce3199c8\" data-vp-filter=\"\" \t\t>\n\t\t\t<template class=\"vp-portfolio__item-popup\" style=\"display: none\" data-vp-popup-img=\"https:\/\/www.campinglesgranges.fr\/wp-content\/uploads\/2026\/03\/emplacement-camping-spacieux-en-touraine_webformat.webp\" data-vp-popup-img-srcset=\"https:\/\/www.campinglesgranges.fr\/wp-content\/uploads\/2026\/03\/emplacement-camping-spacieux-en-touraine_webformat.webp 600w, https:\/\/www.campinglesgranges.fr\/wp-content\/uploads\/2026\/03\/emplacement-camping-spacieux-en-touraine_webformat-300x200.webp 300w, https:\/\/www.campinglesgranges.fr\/wp-content\/uploads\/2026\/03\/emplacement-camping-spacieux-en-touraine_webformat-500x333.webp 500w\" data-vp-popup-img-size=\"600x400\" data-vp-popup-md-img=\"https:\/\/www.campinglesgranges.fr\/wp-content\/uploads\/2026\/03\/emplacement-camping-spacieux-en-touraine_webformat.webp\" data-vp-popup-md-img-size=\"600x400\" data-vp-popup-sm-img=\"https:\/\/www.campinglesgranges.fr\/wp-content\/uploads\/2026\/03\/emplacement-camping-spacieux-en-touraine_webformat-500x333.webp\" data-vp-popup-sm-img-size=\"500x333\">\n\t<\/template>\n\t\t\t\t\t\t<figure class=\"vp-portfolio__item\">\n\t\t\t\t\n<div class=\"vp-portfolio__item-img-wrap\">\n\t<div class=\"vp-portfolio__item-img\">\n\t\t\t<a\n\t\thref=\"https:\/\/www.campinglesgranges.fr\/wp-content\/uploads\/2026\/03\/emplacement-camping-spacieux-en-touraine_webformat.webp\"\n\t\taria-label=\"Open image\" \t>\n\t\n\t\t<noscript><img loading=\"lazy\" decoding=\"async\" width=\"600\" height=\"400\" data-skip-lazy src=\"https:\/\/www.campinglesgranges.fr\/wp-content\/uploads\/2026\/03\/emplacement-camping-spacieux-en-touraine_webformat.webp\" class=\"wp-image-537\" alt=\"ubicaci\u00f3n emplazamiento Turena\" srcset=\"https:\/\/www.campinglesgranges.fr\/wp-content\/uploads\/2026\/03\/emplacement-camping-spacieux-en-touraine_webformat.webp 600w, https:\/\/www.campinglesgranges.fr\/wp-content\/uploads\/2026\/03\/emplacement-camping-spacieux-en-touraine_webformat-300x200.webp 300w, https:\/\/www.campinglesgranges.fr\/wp-content\/uploads\/2026\/03\/emplacement-camping-spacieux-en-touraine_webformat-500x333.webp 500w\" sizes=\"auto, (max-width: 600px) 100vw, 600px\" \/><\/noscript><img fetchpriority=\"high\" decoding=\"async\" width=\"600\" height=\"400\" src=\"https:\/\/www.campinglesgranges.fr\/wp-content\/uploads\/2026\/03\/emplacement-camping-spacieux-en-touraine_webformat.webp\" class=\"wp-image-537 vp-lazyload\" alt=\"ubicaci\u00f3n emplazamiento Turena\" srcset=\"data:image\/svg+xml;base64,PHN2ZyB3aWR0aD0iNjAwIiBoZWlnaHQ9IjQwMCIgdmlld0JveD0iMCAwIDYwMCA0MDAiIGZpbGw9Im5vbmUiIHhtbG5zPSJodHRwOi8vd3d3LnczLm9yZy8yMDAwL3N2ZyI+PC9zdmc+\" data-src=\"https:\/\/www.campinglesgranges.fr\/wp-content\/uploads\/2026\/03\/emplacement-camping-spacieux-en-touraine_webformat.webp\" data-srcset=\"https:\/\/www.campinglesgranges.fr\/wp-content\/uploads\/2026\/03\/emplacement-camping-spacieux-en-touraine_webformat.webp 600w, https:\/\/www.campinglesgranges.fr\/wp-content\/uploads\/2026\/03\/emplacement-camping-spacieux-en-touraine_webformat-300x200.webp 300w, https:\/\/www.campinglesgranges.fr\/wp-content\/uploads\/2026\/03\/emplacement-camping-spacieux-en-touraine_webformat-500x333.webp 500w\" data-sizes=\"auto\" loading=\"eager\">\n\t\t<div class=\"vp-portfolio__item-overlay\">\n\t\t\t\t\t<\/div>\n\n\t\t<\/a>\t<\/div>\n<\/div>\n\n\t\t\t<\/figure>\n\t\t\t\t\t<\/div>\n\t\t\n\t\t<div\t\tclass=\"vp-portfolio__item-wrap vp-portfolio__item-uid-e632e33c\" data-vp-filter=\"\" \t\t>\n\t\t\t<template class=\"vp-portfolio__item-popup\" style=\"display: none\" data-vp-popup-img=\"https:\/\/www.campinglesgranges.fr\/wp-content\/uploads\/2026\/03\/freecamp-3-red-1_webformat.webp\" data-vp-popup-img-srcset=\"https:\/\/www.campinglesgranges.fr\/wp-content\/uploads\/2026\/03\/freecamp-3-red-1_webformat.webp 1280w, https:\/\/www.campinglesgranges.fr\/wp-content\/uploads\/2026\/03\/freecamp-3-red-1_webformat-225x300.webp 225w, https:\/\/www.campinglesgranges.fr\/wp-content\/uploads\/2026\/03\/freecamp-3-red-1_webformat-768x1024.webp 768w, https:\/\/www.campinglesgranges.fr\/wp-content\/uploads\/2026\/03\/freecamp-3-red-1_webformat-1152x1536.webp 1152w, https:\/\/www.campinglesgranges.fr\/wp-content\/uploads\/2026\/03\/freecamp-3-red-1_webformat-500x667.webp 500w, https:\/\/www.campinglesgranges.fr\/wp-content\/uploads\/2026\/03\/freecamp-3-red-1_webformat-800x1067.webp 800w\" data-vp-popup-img-size=\"1280x1707\" data-vp-popup-md-img=\"https:\/\/www.campinglesgranges.fr\/wp-content\/uploads\/2026\/03\/freecamp-3-red-1_webformat-800x1067.webp\" data-vp-popup-md-img-size=\"800x1067\" data-vp-popup-sm-img=\"https:\/\/www.campinglesgranges.fr\/wp-content\/uploads\/2026\/03\/freecamp-3-red-1_webformat-500x667.webp\" data-vp-popup-sm-img-size=\"500x667\">\n\t<\/template>\n\t\t\t\t\t\t<figure class=\"vp-portfolio__item\">\n\t\t\t\t\n<div class=\"vp-portfolio__item-img-wrap\">\n\t<div class=\"vp-portfolio__item-img\">\n\t\t\t<a\n\t\thref=\"https:\/\/www.campinglesgranges.fr\/wp-content\/uploads\/2026\/03\/freecamp-3-red-1_webformat.webp\"\n\t\taria-label=\"Open image\" \t>\n\t\n\t\t<noscript><img loading=\"lazy\" decoding=\"async\" width=\"1280\" height=\"1707\" data-skip-lazy src=\"https:\/\/www.campinglesgranges.fr\/wp-content\/uploads\/2026\/03\/freecamp-3-red-1_webformat.webp\" class=\"wp-image-538\" alt=\"ubicaci\u00f3n emplazamiento Turena\" srcset=\"https:\/\/www.campinglesgranges.fr\/wp-content\/uploads\/2026\/03\/freecamp-3-red-1_webformat.webp 1280w, https:\/\/www.campinglesgranges.fr\/wp-content\/uploads\/2026\/03\/freecamp-3-red-1_webformat-225x300.webp 225w, https:\/\/www.campinglesgranges.fr\/wp-content\/uploads\/2026\/03\/freecamp-3-red-1_webformat-768x1024.webp 768w, https:\/\/www.campinglesgranges.fr\/wp-content\/uploads\/2026\/03\/freecamp-3-red-1_webformat-1152x1536.webp 1152w, https:\/\/www.campinglesgranges.fr\/wp-content\/uploads\/2026\/03\/freecamp-3-red-1_webformat-500x667.webp 500w, https:\/\/www.campinglesgranges.fr\/wp-content\/uploads\/2026\/03\/freecamp-3-red-1_webformat-800x1067.webp 800w\" sizes=\"auto, (max-width: 1280px) 100vw, 1280px\" \/><\/noscript><img decoding=\"async\" width=\"1280\" height=\"1707\" src=\"https:\/\/www.campinglesgranges.fr\/wp-content\/uploads\/2026\/03\/freecamp-3-red-1_webformat.webp\" class=\"wp-image-538 vp-lazyload\" alt=\"ubicaci\u00f3n emplazamiento Turena\" srcset=\"data:image\/svg+xml;base64,PHN2ZyB3aWR0aD0iMTI4MCIgaGVpZ2h0PSIxNzA3IiB2aWV3Qm94PSIwIDAgMTI4MCAxNzA3IiBmaWxsPSJub25lIiB4bWxucz0iaHR0cDovL3d3dy53My5vcmcvMjAwMC9zdmciPjwvc3ZnPg==\" data-src=\"https:\/\/www.campinglesgranges.fr\/wp-content\/uploads\/2026\/03\/freecamp-3-red-1_webformat.webp\" data-srcset=\"https:\/\/www.campinglesgranges.fr\/wp-content\/uploads\/2026\/03\/freecamp-3-red-1_webformat.webp 1280w, https:\/\/www.campinglesgranges.fr\/wp-content\/uploads\/2026\/03\/freecamp-3-red-1_webformat-225x300.webp 225w, https:\/\/www.campinglesgranges.fr\/wp-content\/uploads\/2026\/03\/freecamp-3-red-1_webformat-768x1024.webp 768w, https:\/\/www.campinglesgranges.fr\/wp-content\/uploads\/2026\/03\/freecamp-3-red-1_webformat-1152x1536.webp 1152w, https:\/\/www.campinglesgranges.fr\/wp-content\/uploads\/2026\/03\/freecamp-3-red-1_webformat-500x667.webp 500w, https:\/\/www.campinglesgranges.fr\/wp-content\/uploads\/2026\/03\/freecamp-3-red-1_webformat-800x1067.webp 800w\" data-sizes=\"auto\" loading=\"eager\">\n\t\t<div class=\"vp-portfolio__item-overlay\">\n\t\t\t\t\t<\/div>\n\n\t\t<\/a>\t<\/div>\n<\/div>\n\n\t\t\t<\/figure>\n\t\t\t\t\t<\/div>\n\t\t\n\t\t<div\t\tclass=\"vp-portfolio__item-wrap vp-portfolio__item-uid-83807c44\" data-vp-filter=\"\" \t\t>\n\t\t\t<template class=\"vp-portfolio__item-popup\" style=\"display: none\" data-vp-popup-img=\"https:\/\/www.campinglesgranges.fr\/wp-content\/uploads\/2026\/03\/camping-en-tente-indre-et-loire_webformat.webp\" data-vp-popup-img-srcset=\"https:\/\/www.campinglesgranges.fr\/wp-content\/uploads\/2026\/03\/camping-en-tente-indre-et-loire_webformat.webp 600w, https:\/\/www.campinglesgranges.fr\/wp-content\/uploads\/2026\/03\/camping-en-tente-indre-et-loire_webformat-300x200.webp 300w, https:\/\/www.campinglesgranges.fr\/wp-content\/uploads\/2026\/03\/camping-en-tente-indre-et-loire_webformat-500x333.webp 500w\" data-vp-popup-img-size=\"600x400\" data-vp-popup-md-img=\"https:\/\/www.campinglesgranges.fr\/wp-content\/uploads\/2026\/03\/camping-en-tente-indre-et-loire_webformat.webp\" data-vp-popup-md-img-size=\"600x400\" data-vp-popup-sm-img=\"https:\/\/www.campinglesgranges.fr\/wp-content\/uploads\/2026\/03\/camping-en-tente-indre-et-loire_webformat-500x333.webp\" data-vp-popup-sm-img-size=\"500x333\">\n\t<\/template>\n\t\t\t\t\t\t<figure class=\"vp-portfolio__item\">\n\t\t\t\t\n<div class=\"vp-portfolio__item-img-wrap\">\n\t<div class=\"vp-portfolio__item-img\">\n\t\t\t<a\n\t\thref=\"https:\/\/www.campinglesgranges.fr\/wp-content\/uploads\/2026\/03\/camping-en-tente-indre-et-loire_webformat.webp\"\n\t\taria-label=\"Open image\" \t>\n\t\n\t\t<noscript><img loading=\"lazy\" decoding=\"async\" width=\"600\" height=\"400\" data-skip-lazy src=\"https:\/\/www.campinglesgranges.fr\/wp-content\/uploads\/2026\/03\/camping-en-tente-indre-et-loire_webformat.webp\" class=\"wp-image-539\" alt=\"ubicaci\u00f3n emplazamiento Turena\" srcset=\"https:\/\/www.campinglesgranges.fr\/wp-content\/uploads\/2026\/03\/camping-en-tente-indre-et-loire_webformat.webp 600w, https:\/\/www.campinglesgranges.fr\/wp-content\/uploads\/2026\/03\/camping-en-tente-indre-et-loire_webformat-300x200.webp 300w, https:\/\/www.campinglesgranges.fr\/wp-content\/uploads\/2026\/03\/camping-en-tente-indre-et-loire_webformat-500x333.webp 500w\" sizes=\"auto, (max-width: 600px) 100vw, 600px\" \/><\/noscript><img decoding=\"async\" width=\"600\" height=\"400\" src=\"https:\/\/www.campinglesgranges.fr\/wp-content\/uploads\/2026\/03\/camping-en-tente-indre-et-loire_webformat.webp\" class=\"wp-image-539 vp-lazyload\" alt=\"ubicaci\u00f3n emplazamiento Turena\" srcset=\"data:image\/svg+xml;base64,PHN2ZyB3aWR0aD0iNjAwIiBoZWlnaHQ9IjQwMCIgdmlld0JveD0iMCAwIDYwMCA0MDAiIGZpbGw9Im5vbmUiIHhtbG5zPSJodHRwOi8vd3d3LnczLm9yZy8yMDAwL3N2ZyI+PC9zdmc+\" data-src=\"https:\/\/www.campinglesgranges.fr\/wp-content\/uploads\/2026\/03\/camping-en-tente-indre-et-loire_webformat.webp\" data-srcset=\"https:\/\/www.campinglesgranges.fr\/wp-content\/uploads\/2026\/03\/camping-en-tente-indre-et-loire_webformat.webp 600w, https:\/\/www.campinglesgranges.fr\/wp-content\/uploads\/2026\/03\/camping-en-tente-indre-et-loire_webformat-300x200.webp 300w, https:\/\/www.campinglesgranges.fr\/wp-content\/uploads\/2026\/03\/camping-en-tente-indre-et-loire_webformat-500x333.webp 500w\" data-sizes=\"auto\" loading=\"eager\">\n\t\t<div class=\"vp-portfolio__item-overlay\">\n\t\t\t\t\t<\/div>\n\n\t\t<\/a>\t<\/div>\n<\/div>\n\n\t\t\t<\/figure>\n\t\t\t\t\t<\/div>\n\t\t\n\t\t<div\t\tclass=\"vp-portfolio__item-wrap vp-portfolio__item-uid-0da13542\" data-vp-filter=\"\" \t\t>\n\t\t\t<template class=\"vp-portfolio__item-popup\" style=\"display: none\" data-vp-popup-img=\"https:\/\/www.campinglesgranges.fr\/wp-content\/uploads\/2026\/03\/emplacement-avec-barbecue-indre-et-loire_webformat.webp\" data-vp-popup-img-srcset=\"https:\/\/www.campinglesgranges.fr\/wp-content\/uploads\/2026\/03\/emplacement-avec-barbecue-indre-et-loire_webformat.webp 600w, https:\/\/www.campinglesgranges.fr\/wp-content\/uploads\/2026\/03\/emplacement-avec-barbecue-indre-et-loire_webformat-300x200.webp 300w, https:\/\/www.campinglesgranges.fr\/wp-content\/uploads\/2026\/03\/emplacement-avec-barbecue-indre-et-loire_webformat-500x333.webp 500w\" data-vp-popup-img-size=\"600x400\" data-vp-popup-md-img=\"https:\/\/www.campinglesgranges.fr\/wp-content\/uploads\/2026\/03\/emplacement-avec-barbecue-indre-et-loire_webformat.webp\" data-vp-popup-md-img-size=\"600x400\" data-vp-popup-sm-img=\"https:\/\/www.campinglesgranges.fr\/wp-content\/uploads\/2026\/03\/emplacement-avec-barbecue-indre-et-loire_webformat-500x333.webp\" data-vp-popup-sm-img-size=\"500x333\">\n\t<\/template>\n\t\t\t\t\t\t<figure class=\"vp-portfolio__item\">\n\t\t\t\t\n<div class=\"vp-portfolio__item-img-wrap\">\n\t<div class=\"vp-portfolio__item-img\">\n\t\t\t<a\n\t\thref=\"https:\/\/www.campinglesgranges.fr\/wp-content\/uploads\/2026\/03\/emplacement-avec-barbecue-indre-et-loire_webformat.webp\"\n\t\taria-label=\"Open image\" \t>\n\t\n\t\t<noscript><img loading=\"lazy\" decoding=\"async\" width=\"600\" height=\"400\" data-skip-lazy src=\"https:\/\/www.campinglesgranges.fr\/wp-content\/uploads\/2026\/03\/emplacement-avec-barbecue-indre-et-loire_webformat.webp\" class=\"wp-image-540\" alt=\"ubicaci\u00f3n emplazamiento Turena\" srcset=\"https:\/\/www.campinglesgranges.fr\/wp-content\/uploads\/2026\/03\/emplacement-avec-barbecue-indre-et-loire_webformat.webp 600w, https:\/\/www.campinglesgranges.fr\/wp-content\/uploads\/2026\/03\/emplacement-avec-barbecue-indre-et-loire_webformat-300x200.webp 300w, https:\/\/www.campinglesgranges.fr\/wp-content\/uploads\/2026\/03\/emplacement-avec-barbecue-indre-et-loire_webformat-500x333.webp 500w\" sizes=\"auto, (max-width: 600px) 100vw, 600px\" \/><\/noscript><img decoding=\"async\" width=\"600\" height=\"400\" src=\"https:\/\/www.campinglesgranges.fr\/wp-content\/uploads\/2026\/03\/emplacement-avec-barbecue-indre-et-loire_webformat.webp\" class=\"wp-image-540 vp-lazyload\" alt=\"ubicaci\u00f3n emplazamiento Turena\" srcset=\"data:image\/svg+xml;base64,PHN2ZyB3aWR0aD0iNjAwIiBoZWlnaHQ9IjQwMCIgdmlld0JveD0iMCAwIDYwMCA0MDAiIGZpbGw9Im5vbmUiIHhtbG5zPSJodHRwOi8vd3d3LnczLm9yZy8yMDAwL3N2ZyI+PC9zdmc+\" data-src=\"https:\/\/www.campinglesgranges.fr\/wp-content\/uploads\/2026\/03\/emplacement-avec-barbecue-indre-et-loire_webformat.webp\" data-srcset=\"https:\/\/www.campinglesgranges.fr\/wp-content\/uploads\/2026\/03\/emplacement-avec-barbecue-indre-et-loire_webformat.webp 600w, https:\/\/www.campinglesgranges.fr\/wp-content\/uploads\/2026\/03\/emplacement-avec-barbecue-indre-et-loire_webformat-300x200.webp 300w, https:\/\/www.campinglesgranges.fr\/wp-content\/uploads\/2026\/03\/emplacement-avec-barbecue-indre-et-loire_webformat-500x333.webp 500w\" data-sizes=\"auto\" loading=\"eager\">\n\t\t<div class=\"vp-portfolio__item-overlay\">\n\t\t\t\t\t<\/div>\n\n\t\t<\/a>\t<\/div>\n<\/div>\n\n\t\t\t<\/figure>\n\t\t\t\t\t<\/div>\n\t\t\n<\/div>\n\t\t<\/div>\n\t\t\n<\/div>\n<\/div><\/div><\/div><\/div>\n<\/div><\/div>","protected":false},"excerpt":{"rendered":"<p>Pour vos tentes, camping-cars, ou caravanes nous vous proposons au camping Flower les Granges, des emplacements spacieux, d\u00e9limit\u00e9s par des haies paysag\u00e8res, vous offrant ainsi une parfaite intimit\u00e9. Ombre, semi-ombre ou soleil, 3 ambiances diff\u00e9rentes vous attendent en fonction de vos envies, de la saison\u2026. Un forfait \u00e9lectrique de 10A est accessible suivant vos besoins. [&hellip;]<\/p>\n","protected":false},"author":1,"featured_media":56,"parent":0,"menu_order":0,"comment_status":"closed","ping_status":"closed","template":"","meta":{"_acf_changed":false,"_seopress_robots_primary_cat":"","_seopress_titles_title":"Location d\u2019emplacement en Indre-et-Loire - Camping Les Granges","_seopress_titles_desc":"R\u00e9servez votre location d\u2019emplacement en Indre-et-Loire au Camping Les Granges et profitez d\u2019un s\u00e9jour nature en tente, caravane ou camping-car pr\u00e8s de Luynes.","_seopress_robots_index":"","_vp_format_video_url":"","_vp_image_focal_point":[],"footnotes":""},"class_list":["post-530","page","type-page","status-publish","has-post-thumbnail","hentry"],"acf":[],"_links":{"self":[{"href":"https:\/\/www.campinglesgranges.fr\/es\/wp-json\/wp\/v2\/pages\/530","targetHints":{"allow":["GET"]}}],"collection":[{"href":"https:\/\/www.campinglesgranges.fr\/es\/wp-json\/wp\/v2\/pages"}],"about":[{"href":"https:\/\/www.campinglesgranges.fr\/es\/wp-json\/wp\/v2\/types\/page"}],"author":[{"embeddable":true,"href":"https:\/\/www.campinglesgranges.fr\/es\/wp-json\/wp\/v2\/users\/1"}],"replies":[{"embeddable":true,"href":"https:\/\/www.campinglesgranges.fr\/es\/wp-json\/wp\/v2\/comments?post=530"}],"version-history":[{"count":12,"href":"https:\/\/www.campinglesgranges.fr\/es\/wp-json\/wp\/v2\/pages\/530\/revisions"}],"predecessor-version":[{"id":1021,"href":"https:\/\/www.campinglesgranges.fr\/es\/wp-json\/wp\/v2\/pages\/530\/revisions\/1021"}],"wp:featuredmedia":[{"embeddable":true,"href":"https:\/\/www.campinglesgranges.fr\/es\/wp-json\/wp\/v2\/media\/56"}],"wp:attachment":[{"href":"https:\/\/www.campinglesgranges.fr\/es\/wp-json\/wp\/v2\/media?parent=530"}],"curies":[{"name":"wp","href":"https:\/\/api.w.org\/{rel}","templated":true}]}}