{"id":237,"date":"2026-03-19T16:22:33","date_gmt":"2026-03-19T15:22:33","guid":{"rendered":"https:\/\/www.campinglesgranges.fr\/?page_id=237"},"modified":"2026-04-23T10:27:57","modified_gmt":"2026-04-23T08:27:57","slug":"rutas-de-ciclismo-paseos-luynes","status":"publish","type":"page","link":"https:\/\/www.campinglesgranges.fr\/es\/cote-nature\/pistes-cyclables-balades-luynes\/","title":{"rendered":"Pistas ciclistas y paseos alrededor del Camping Les Granges en Luynes"},"content":{"rendered":"<div class=\"wp-block-stackable-columns alignfull stk-block-columns stk-block stk-dd23a22\" data-block-id=\"dd23a22\"><style>.stk-dd23a22 .stk--block-align-dd23a22{align-items:center !important;}.stk-dd23a22 {margin-bottom:var(--stk--preset--spacing--60, clamp(30px, 7vw, 70px)) !important;}.stk-dd23a22-column{max-width:1280px !important;min-width:auto !important;--stk-column-gap:var(--stk--preset--spacing--50, clamp(30px, 5vw, 50px)) !important;}@media screen and (max-width: 767px){.stk-dd23a22 {--stk-col-order-1:2 !important;--stk-col-order-2:1 !important;}}<\/style><div class=\"stk-row stk-inner-blocks stk--block-align-dd23a22 stk-block-content stk-content-align stk-dd23a22-column alignwide\">\n<div class=\"wp-block-stackable-column stk-block-column stk-column stk-block stk-836118b\" data-v=\"4\" data-block-id=\"836118b\"><div class=\"stk-column-wrapper stk-block-column__content stk-container stk-836118b-container stk--no-background stk--no-padding\"><div class=\"stk-block-content stk-inner-blocks stk-836118b-inner-blocks\">\n<div class=\"wp-block-stackable-image stk-block-image stk-block stk-f9d2a41\" data-block-id=\"f9d2a41\"><style>.stk-f9d2a41 .stk-img-wrapper{width:100% !important;height:524px !important;filter:drop-shadow(2px 2px 9px #00000070) !important;}.stk-f9d2a41 .stk-img-wrapper img{border-radius:25px !important;}@media screen and (max-width: 767px){.stk-f9d2a41 .stk-img-wrapper{height:400px !important;}}<\/style><figure><span class=\"stk-img-wrapper stk-image--shape-stretch stk--shadow-2px 2px 9px #00000070\"><img loading=\"lazy\" decoding=\"async\" class=\"stk-img wp-image-434\" src=\"https:\/\/www.campinglesgranges.fr\/wp-content\/uploads\/2026\/03\/14_coeur-de-france-a-velo-val-de-cher_jean-christophe-coutand_2031-12-31_medium_webformat.webp\" width=\"1200\" height=\"800\" alt=\"castillo del Loira - camping en el Valle del Loira\" srcset=\"https:\/\/www.campinglesgranges.fr\/wp-content\/uploads\/2026\/03\/14_coeur-de-france-a-velo-val-de-cher_jean-christophe-coutand_2031-12-31_medium_webformat.webp 1200w, https:\/\/www.campinglesgranges.fr\/wp-content\/uploads\/2026\/03\/14_coeur-de-france-a-velo-val-de-cher_jean-christophe-coutand_2031-12-31_medium_webformat-300x200.webp 300w, https:\/\/www.campinglesgranges.fr\/wp-content\/uploads\/2026\/03\/14_coeur-de-france-a-velo-val-de-cher_jean-christophe-coutand_2031-12-31_medium_webformat-1024x683.webp 1024w, https:\/\/www.campinglesgranges.fr\/wp-content\/uploads\/2026\/03\/14_coeur-de-france-a-velo-val-de-cher_jean-christophe-coutand_2031-12-31_medium_webformat-768x512.webp 768w, https:\/\/www.campinglesgranges.fr\/wp-content\/uploads\/2026\/03\/14_coeur-de-france-a-velo-val-de-cher_jean-christophe-coutand_2031-12-31_medium_webformat-500x333.webp 500w, https:\/\/www.campinglesgranges.fr\/wp-content\/uploads\/2026\/03\/14_coeur-de-france-a-velo-val-de-cher_jean-christophe-coutand_2031-12-31_medium_webformat-800x533.webp 800w\" sizes=\"auto, (max-width: 1200px) 100vw, 1200px\" \/><\/span><\/figure><\/div>\n<\/div><\/div><\/div>\n\n\n\n<div class=\"wp-block-stackable-column stk-block-column stk-column stk-block stk-53ee707\" data-v=\"4\" data-block-id=\"53ee707\"><div class=\"stk-column-wrapper stk-block-column__content stk-container stk-53ee707-container stk--no-background stk--no-padding\"><div class=\"stk-block-content stk-inner-blocks stk-53ee707-inner-blocks\">\n<div class=\"wp-block-stackable-heading stk-block-heading stk-block-heading--v2 stk-block stk-27250a1\" id=\"itineraire-cyclable-structurant-velival-n-9\" data-block-id=\"27250a1\"><h2 class=\"stk-block-heading__text\">Ruta ciclista estructurante V\u00e9lival \u2013 n\u00b09<\/h2><\/div>\n\n\n\n<div class=\"wp-block-stackable-text stk-block-text stk-block stk-8507a0f\" data-block-id=\"8507a0f\"><p class=\"stk-block-text__text\">Una nueva y moderna ciclov\u00eda que conecta Rochecorbon con Saint \u00c9tienne de Chigny atraviesa ahora Luynes como parte de la red V\u00e9lival, desarrollada por Tours M\u00e9tropole Val de Loire.<\/p><\/div>\n\n\n\n<div class=\"wp-block-stackable-text stk-block-text stk-block stk-322803b\" data-block-id=\"322803b\"><p class=\"stk-block-text__text\"><strong>Caracter\u00edsticas principales:<\/strong><\/p><\/div>\n\n\n\n<div class=\"wp-block-stackable-icon-list stk-block-icon-list stk-block stk-2de5b8c\" data-block-id=\"2de5b8c\"><style>.stk-2de5b8c {--stk-icon-list-marker-color:var(--stk-global-color-35744, #115390) !important;--stk-icon-list-icon-size:6px !important;}<\/style><svg style=\"display:none\"><defs><g id=\"stk-icon-list__icon-svg-def-2de5b8c\"><svg xmlns=\"http:\/\/www.w3.org\/2000\/svg\" viewbox=\"0 0 512 512\"><path d=\"M256 512A256 256 0 1 0 256 0a256 256 0 1 0 0 512z\"\/><\/svg><\/g><\/defs><\/svg><ul class=\"stk-block-icon-list__ul stk-block-icon-list--column\">\n<li class=\"wp-block-stackable-icon-list-item stk-block-icon-list-item stk-block stk-8be7da3\" data-block-id=\"8be7da3\"><div class=\"stk-block-icon-list-item__content\"><span class=\"stk--svg-wrapper\"><div class=\"stk--inner-svg\"><svg aria-hidden=\"true\" width=\"32\" height=\"32\"><use xlink:href=\"#stk-icon-list__icon-svg-def-2de5b8c\"><\/use><\/svg><\/div><\/span><span class=\"stk-block-icon-list-item__text\">Caminos bidireccionales seguros y carriles bici dedicados.<\/span><\/div><\/li>\n\n\n\n<li class=\"wp-block-stackable-icon-list-item stk-block-icon-list-item stk-block stk-677c61e\" data-block-id=\"677c61e\"><div class=\"stk-block-icon-list-item__content\"><span class=\"stk--svg-wrapper\"><div class=\"stk--inner-svg\"><svg aria-hidden=\"true\" width=\"32\" height=\"32\"><use xlink:href=\"#stk-icon-list__icon-svg-def-2de5b8c\"><\/use><\/svg><\/div><\/span><span class=\"stk-block-icon-list-item__text\">Conectado a rutas hist\u00f3ricas como el Loira en Bicicleta, perfecto para paseos familiares, deportivos o trayectos diarios.<\/span><\/div><\/li>\n<\/ul><\/div>\n\n\n\n<div class=\"wp-block-stackable-text stk-block-text stk-block stk-9200bd0\" data-block-id=\"9200bd0\"><p class=\"stk-block-text__text\">\ud83d\udc49 Desde el camping, se puede llegar a esta ruta en bicicleta en pocos minutos para recorrer el Loira o llegar a <a href=\"https:\/\/www.campinglesgranges.fr\/es\/excursiones-de-camping\/\" data-type=\"page\" data-id=\"194\">Tours<\/a> sin coche.<\/p><\/div>\n\n\n\n<div class=\"wp-block-stackable-text stk-block-text stk-block stk-2909438\" data-block-id=\"2909438\"><p class=\"stk-block-text__text\">Piensa en nuestros \u00ab\u00a0<a href=\"https:\/\/www.campinglesgranges.fr\/es\/gama\/cintas-de-dormitorio\/\" data-type=\"gamme\" data-id=\"8\">Habitaci\u00f3n de etapa<\/a>\u00a0\u00bb de 2 y 3 dormitorios para pasar una noche a cubierto. <\/p><\/div>\n<\/div><\/div><\/div>\n<\/div><\/div>\n\n\n\n<div class=\"wp-block-stackable-columns alignfull stk-block-columns stk-block stk-4f28c56 stk-block-background\" data-block-id=\"4f28c56\"><style>.stk-4f28c56 .stk--block-align-4f28c56{align-items:center !important;}.stk-4f28c56 {background-color:var(--stk-global-color-42219, #bce3f9) !important;border-top-left-radius:25px !important;border-top-right-radius:25px !important;border-bottom-right-radius:25px !important;border-bottom-left-radius:25px !important;overflow:hidden !important;box-shadow:2px 2px 10px 0px #0000004a !important;padding-top:var(--stk--preset--spacing--50, clamp(30px, 5vw, 50px)) !important;padding-bottom:var(--stk--preset--spacing--50, clamp(30px, 5vw, 50px)) !important;margin-bottom:var(--stk--preset--spacing--60, clamp(30px, 7vw, 70px)) !important;}.stk-4f28c56:before{background-color:var(--stk-global-color-42219, #bce3f9) !important;}.stk-4f28c56-column{max-width:1280px !important;min-width:auto !important;--stk-column-gap:var(--stk--preset--spacing--50, clamp(30px, 5vw, 50px)) !important;}<\/style><div class=\"stk-row stk-inner-blocks stk--block-align-4f28c56 stk-block-content stk-content-align stk-4f28c56-column alignwide\">\n<div class=\"wp-block-stackable-column stk-block-column stk-column stk-block stk-f63c99f\" data-v=\"4\" data-block-id=\"f63c99f\"><div class=\"stk-column-wrapper stk-block-column__content stk-container stk-f63c99f-container stk--no-background stk--no-padding\"><div class=\"stk-block-content stk-inner-blocks stk-f63c99f-inner-blocks\">\n<div class=\"wp-block-stackable-heading stk-block-heading stk-block-heading--v2 stk-block stk-1a3269d\" id=\"circuit-metropolitain-n-7-luynes-amp-vallee-de-la-bresme\" data-block-id=\"1a3269d\"><style>.stk-1a3269d .stk-block-heading__text{color:var(--stk-global-color-35744, #115390) !important;}<\/style><h2 class=\"stk-block-heading__text has-text-color\">Circuito metropolitano n.\u00ba 7 \u2013 Luynes y el valle de la Bresme<\/h2><\/div>\n\n\n\n<div class=\"wp-block-stackable-text stk-block-text stk-block stk-6ada97e\" data-block-id=\"6ada97e\"><p class=\"stk-block-text__text\">Este bucle de ~15 16 km parte de <a href=\"https:\/\/www.campinglesgranges.fr\/es\/camping-a-luynes\/\" data-type=\"page\" data-id=\"170\">centro de Luynes<\/a> y lo lleva a trav\u00e9s de campos, bosques, valles de Brenne y de La Touraine, con vistas al paisaje de la Turena.<\/p><\/div>\n\n\n\n<div class=\"wp-block-stackable-text stk-block-text stk-block stk-aaf1447\" data-block-id=\"aaf1447\"><p class=\"stk-block-text__text\"><strong>Ideal para:<\/strong><\/p><\/div>\n\n\n\n<div class=\"wp-block-stackable-icon-list stk-block-icon-list stk-block stk-98d0f48\" data-block-id=\"98d0f48\"><style>.stk-98d0f48 {--stk-icon-list-marker-color:var(--stk-global-color-35744, #115390) !important;--stk-icon-list-icon-size:6px !important;}.stk-98d0f48 .stk-block-icon-list-item__content{align-items:baseline !important;}<\/style><svg style=\"display:none\"><defs><g id=\"stk-icon-list__icon-svg-def-98d0f48\"><svg xmlns=\"http:\/\/www.w3.org\/2000\/svg\" viewbox=\"0 0 512 512\"><path d=\"M256 512A256 256 0 1 0 256 0a256 256 0 1 0 0 512z\"\/><\/svg><\/g><\/defs><\/svg><ul class=\"stk-block-icon-list__ul stk-block-icon-list--column\">\n<li class=\"wp-block-stackable-icon-list-item stk-block-icon-list-item stk-block stk-72c3016\" data-block-id=\"72c3016\"><div class=\"stk-block-icon-list-item__content\"><span class=\"stk--svg-wrapper\"><div class=\"stk--inner-svg\"><svg aria-hidden=\"true\" width=\"32\" height=\"32\"><use xlink:href=\"#stk-icon-list__icon-svg-def-98d0f48\"><\/use><\/svg><\/div><\/span><span class=\"stk-block-icon-list-item__text\">Una salida ligera de 1h30 en bicicleta o VTC.<\/span><\/div><\/li>\n\n\n\n<li class=\"wp-block-stackable-icon-list-item stk-block-icon-list-item stk-block stk-d030b4b\" data-block-id=\"d030b4b\"><div class=\"stk-block-icon-list-item__content\"><span class=\"stk--svg-wrapper\"><div class=\"stk--inner-svg\"><svg aria-hidden=\"true\" width=\"32\" height=\"32\"><use xlink:href=\"#stk-icon-list__icon-svg-def-98d0f48\"><\/use><\/svg><\/div><\/span><span class=\"stk-block-icon-list-item__text\">Descubrir el patrimonio local (acueducto galo-romano, casco antiguo de Luynes).<\/span><\/div><\/li>\n<\/ul><\/div>\n\n\n\n<div class=\"wp-block-stackable-heading stk-block-heading stk-block-heading--v2 stk-block stk-960af6a\" id=\"plus-de-circuits-velo-autour-de-luynes\" data-block-id=\"960af6a\"><style>.stk-960af6a .stk-block-heading__text{color:var(--stk-global-color-35744, #115390) !important;}<\/style><h2 class=\"stk-block-heading__text has-text-color\">M\u00e1s circuitos ciclistas alrededor de Luynes<\/h2><\/div>\n\n\n\n<div class=\"wp-block-stackable-text stk-block-text stk-block stk-28b7291\" data-block-id=\"28b7291\"><p class=\"stk-block-text__text\">El municipio ofrece 12 circuitos se\u00f1alizados, desde f\u00e1ciles hasta confirmados:<\/p><\/div>\n\n\n\n<div class=\"wp-block-stackable-icon-list stk-block-icon-list stk-block stk-6caec95\" data-block-id=\"6caec95\"><style>.stk-6caec95 {--stk-icon-list-marker-color:var(--stk-global-color-35744, #115390) !important;--stk-icon-list-icon-size:6px !important;}.stk-6caec95 .stk-block-icon-list-item__content{align-items:baseline !important;}<\/style><svg style=\"display:none\"><defs><g id=\"stk-icon-list__icon-svg-def-6caec95\"><svg xmlns=\"http:\/\/www.w3.org\/2000\/svg\" viewbox=\"0 0 512 512\"><path d=\"M256 512A256 256 0 1 0 256 0a256 256 0 1 0 0 512z\"\/><\/svg><\/g><\/defs><\/svg><ul class=\"stk-block-icon-list__ul stk-block-icon-list--column\">\n<li class=\"wp-block-stackable-icon-list-item stk-block-icon-list-item stk-block stk-1192d54\" data-block-id=\"1192d54\"><div class=\"stk-block-icon-list-item__content\"><span class=\"stk--svg-wrapper\"><div class=\"stk--inner-svg\"><svg aria-hidden=\"true\" width=\"32\" height=\"32\"><use xlink:href=\"#stk-icon-list__icon-svg-def-6caec95\"><\/use><\/svg><\/div><\/span><span class=\"stk-block-icon-list-item__text\"><strong>A lo largo del agua<\/strong> (~30 km) \u2014 remojar el agua y disfrutar del paisaje.<\/span><\/div><\/li>\n\n\n\n<li class=\"wp-block-stackable-icon-list-item stk-block-icon-list-item stk-block stk-cca2ec7\" data-block-id=\"cca2ec7\"><div class=\"stk-block-icon-list-item__content\"><span class=\"stk--svg-wrapper\"><div class=\"stk--inner-svg\"><svg aria-hidden=\"true\" width=\"32\" height=\"32\"><use xlink:href=\"#stk-icon-list__icon-svg-def-6caec95\"><\/use><\/svg><\/div><\/span><span class=\"stk-block-icon-list-item__text\"><strong>Touraine Val de Loire<\/strong> (~25 km) \u2013 descubrimiento de las colinas y caminos peque\u00f1os.<\/span><\/div><\/li>\n\n\n\n<li class=\"wp-block-stackable-icon-list-item stk-block-icon-list-item stk-block stk-5e2e8a9\" data-block-id=\"5e2e8a9\"><div class=\"stk-block-icon-list-item__content\"><span class=\"stk--svg-wrapper\"><div class=\"stk--inner-svg\"><svg aria-hidden=\"true\" width=\"32\" height=\"32\"><use xlink:href=\"#stk-icon-list__icon-svg-def-6caec95\"><\/use><\/svg><\/div><\/span><span class=\"stk-block-icon-list-item__text\"><strong>Circuito Luynes y alrededores<\/strong> (~9,4 km) \u2014 perfecto para familias.<\/span><\/div><\/li>\n<\/ul><\/div>\n\n\n\n<p data-block-type=\"core\">Es una forma estupenda de combinar naturaleza, patrimonio y descubrimiento local desde tu base en el camping.<\/p>\n<\/div><\/div><\/div>\n\n\n\n<div class=\"wp-block-stackable-column stk-block-column stk-column stk-block stk-80bd9da\" data-v=\"4\" data-block-id=\"80bd9da\"><div class=\"stk-column-wrapper stk-block-column__content stk-container stk-80bd9da-container stk--no-background stk--no-padding\"><div class=\"stk-block-content stk-inner-blocks stk-80bd9da-inner-blocks\">\n<div class=\"wp-block-stackable-image stk-block-image has-text-align-right stk-block stk-904e8bd\" data-block-id=\"904e8bd\"><style>.stk-904e8bd {margin-bottom:-40px !important;z-index:3 !important;}.stk-904e8bd .stk-img-wrapper{width:150px !important;}<\/style><figure><span class=\"stk-img-wrapper stk-image--shape-stretch\"><img loading=\"lazy\" decoding=\"async\" class=\"stk-img wp-image-143\" src=\"https:\/\/www.campinglesgranges.fr\/wp-content\/uploads\/2026\/03\/logo_camping-les-granges-3-1-1.png\" width=\"336\" height=\"286\" alt=\"logo camping les granges 3 1\" srcset=\"https:\/\/www.campinglesgranges.fr\/wp-content\/uploads\/2026\/03\/logo_camping-les-granges-3-1-1.png 336w, https:\/\/www.campinglesgranges.fr\/wp-content\/uploads\/2026\/03\/logo_camping-les-granges-3-1-1-300x255.png 300w\" sizes=\"auto, (max-width: 336px) 100vw, 336px\" \/><\/span><\/figure><\/div>\n\n\n\n<div class=\"wp-block-stackable-image stk-block-image stk-block stk-5333732\" data-block-id=\"5333732\"><style>.stk-5333732 .stk-img-wrapper{width:100% !important;height:600px !important;filter:drop-shadow(2px 2px 9px #00000070) !important;}.stk-5333732 .stk-img-wrapper img{border-radius:25px !important;}@media screen and (max-width: 767px){.stk-5333732 .stk-img-wrapper{height:400px !important;}}<\/style><figure><span class=\"stk-img-wrapper stk-image--shape-stretch stk--shadow-2px 2px 9px #00000070\"><img loading=\"lazy\" decoding=\"async\" class=\"stk-img wp-image-439\" src=\"https:\/\/www.campinglesgranges.fr\/wp-content\/uploads\/2026\/03\/41_groupe-en-velo-cave-de-la-sibylle-vignes_jean-christophe-coutand_2034-12-31_medium_webformat.webp\" width=\"1200\" height=\"799\" alt=\"castillo del Loira - camping en el Valle del Loira\" srcset=\"https:\/\/www.campinglesgranges.fr\/wp-content\/uploads\/2026\/03\/41_groupe-en-velo-cave-de-la-sibylle-vignes_jean-christophe-coutand_2034-12-31_medium_webformat.webp 1200w, https:\/\/www.campinglesgranges.fr\/wp-content\/uploads\/2026\/03\/41_groupe-en-velo-cave-de-la-sibylle-vignes_jean-christophe-coutand_2034-12-31_medium_webformat-300x200.webp 300w, https:\/\/www.campinglesgranges.fr\/wp-content\/uploads\/2026\/03\/41_groupe-en-velo-cave-de-la-sibylle-vignes_jean-christophe-coutand_2034-12-31_medium_webformat-1024x682.webp 1024w, https:\/\/www.campinglesgranges.fr\/wp-content\/uploads\/2026\/03\/41_groupe-en-velo-cave-de-la-sibylle-vignes_jean-christophe-coutand_2034-12-31_medium_webformat-768x511.webp 768w, https:\/\/www.campinglesgranges.fr\/wp-content\/uploads\/2026\/03\/41_groupe-en-velo-cave-de-la-sibylle-vignes_jean-christophe-coutand_2034-12-31_medium_webformat-500x333.webp 500w, https:\/\/www.campinglesgranges.fr\/wp-content\/uploads\/2026\/03\/41_groupe-en-velo-cave-de-la-sibylle-vignes_jean-christophe-coutand_2034-12-31_medium_webformat-800x533.webp 800w\" sizes=\"auto, (max-width: 1200px) 100vw, 1200px\" \/><\/span><\/figure><\/div>\n<\/div><\/div><\/div>\n<\/div><\/div>\n\n\n\n<div class=\"wp-block-stackable-columns alignfull stk-block-columns stk-block stk-7bb1780\" data-block-id=\"7bb1780\"><style>.stk-7bb1780 .stk--block-align-7bb1780{align-items:center !important;}.stk-7bb1780 {margin-bottom:var(--stk--preset--spacing--60, clamp(30px, 7vw, 70px)) !important;}.stk-7bb1780-column{max-width:1280px !important;min-width:auto !important;--stk-column-gap:var(--stk--preset--spacing--50, clamp(30px, 5vw, 50px)) !important;}<\/style><div class=\"stk-row stk-inner-blocks stk--block-align-7bb1780 stk-block-content stk-content-align stk-7bb1780-column alignwide\">\n<div class=\"wp-block-stackable-column stk-block-column stk-column stk-block stk-a803754\" data-v=\"4\" data-block-id=\"a803754\"><div class=\"stk-column-wrapper stk-block-column__content stk-container stk-a803754-container stk--no-background stk--no-padding\"><div class=\"stk-block-content stk-inner-blocks stk-a803754-inner-blocks\">\n<div class=\"wp-block-stackable-image stk-block-image stk-block stk-6bfb14a stk-block-background stk--has-background-overlay\" data-block-id=\"6bfb14a\"><style>.stk-6bfb14a {background-image:url(https:\/\/www.campinglesgranges.fr\/wp-content\/uploads\/2026\/03\/27_loire-a-velo-chateau-de-rigny-usse_jean-christophe-coutand_2032-12-31_medium_webformat.webp) !important;}.stk-6bfb14a .stk-img-wrapper{width:100% !important;height:686px !important;filter:drop-shadow(2px 2px 9px #00000070) !important;}.stk-6bfb14a .stk-img-wrapper img{border-radius:25px !important;}@media screen and (max-width: 767px){.stk-6bfb14a .stk-img-wrapper{height:400px !important;}}<\/style><style class=\"stk-custom-css\">.stk-6bfb14a.stk-block-image img{visibility:hidden !important}<\/style><figure><span class=\"stk-img-wrapper stk-image--shape-stretch stk--shadow-2px 2px 9px #00000070\"><img loading=\"lazy\" decoding=\"async\" class=\"stk-img wp-image-432\" src=\"https:\/\/www.campinglesgranges.fr\/wp-content\/uploads\/2026\/03\/27_loire-a-velo-chateau-de-rigny-usse_jean-christophe-coutand_2032-12-31_medium_webformat.webp\" width=\"1200\" height=\"799\" alt=\"castillo del Loira - camping en el Valle del Loira\" srcset=\"https:\/\/www.campinglesgranges.fr\/wp-content\/uploads\/2026\/03\/27_loire-a-velo-chateau-de-rigny-usse_jean-christophe-coutand_2032-12-31_medium_webformat.webp 1200w, https:\/\/www.campinglesgranges.fr\/wp-content\/uploads\/2026\/03\/27_loire-a-velo-chateau-de-rigny-usse_jean-christophe-coutand_2032-12-31_medium_webformat-300x200.webp 300w, https:\/\/www.campinglesgranges.fr\/wp-content\/uploads\/2026\/03\/27_loire-a-velo-chateau-de-rigny-usse_jean-christophe-coutand_2032-12-31_medium_webformat-1024x682.webp 1024w, https:\/\/www.campinglesgranges.fr\/wp-content\/uploads\/2026\/03\/27_loire-a-velo-chateau-de-rigny-usse_jean-christophe-coutand_2032-12-31_medium_webformat-768x511.webp 768w, https:\/\/www.campinglesgranges.fr\/wp-content\/uploads\/2026\/03\/27_loire-a-velo-chateau-de-rigny-usse_jean-christophe-coutand_2032-12-31_medium_webformat-500x333.webp 500w, https:\/\/www.campinglesgranges.fr\/wp-content\/uploads\/2026\/03\/27_loire-a-velo-chateau-de-rigny-usse_jean-christophe-coutand_2032-12-31_medium_webformat-800x533.webp 800w\" sizes=\"auto, (max-width: 1200px) 100vw, 1200px\" \/><\/span><\/figure><\/div>\n<\/div><\/div><\/div>\n\n\n\n<div class=\"wp-block-stackable-column stk-block-column stk-column stk-block stk-d7c2f54\" data-v=\"4\" data-block-id=\"d7c2f54\"><div class=\"stk-column-wrapper stk-block-column__content stk-container stk-d7c2f54-container stk--no-background stk--no-padding\"><div class=\"stk-block-content stk-inner-blocks stk-d7c2f54-inner-blocks\">\n<div class=\"wp-block-stackable-heading stk-block-heading stk-block-heading--v2 stk-block stk-1c72310\" id=\"balades-velo-a-proximite-immediate\" data-block-id=\"1c72310\"><h2 class=\"stk-block-heading__text\">Paseos en bicicleta en las inmediaciones<\/h2><\/div>\n\n\n\n<div class=\"wp-block-stackable-heading stk-block-heading stk-block-heading--v2 stk-block stk-cb016a3\" id=\"loire-a-velo-itineraire-emblematique\" data-block-id=\"cb016a3\"><h3 class=\"stk-block-heading__text\">Loire \u00e0 V\u00e9lo \u2013 Itinerario emblem\u00e1tico<\/h3><\/div>\n\n\n\n<div class=\"wp-block-stackable-text stk-block-text stk-block stk-bf5e679\" data-block-id=\"bf5e679\"><p class=\"stk-block-text__text\">La famosa Loira en Bicicleta, itinerario tur\u00edstico internacional, pasa cerca del sector (en la orilla del Loira en la aglomeraci\u00f3n de Tours). Es ideal para salidas m\u00e1s largas hacia Tours, Savonni\u00e8res, <a href=\"https:\/\/www.campinglesgranges.fr\/es\/amboise\/\" data-type=\"page\" data-id=\"199\">Amboise<\/a> o incluso <a href=\"https:\/\/www.campinglesgranges.fr\/es\/blois\/\" data-type=\"page\" data-id=\"208\">Blois<\/a>.<\/p><\/div>\n\n\n\n<div class=\"wp-block-stackable-heading stk-block-heading stk-block-heading--v2 stk-block stk-1cb567b\" id=\"autres-parcours-komoot\" data-block-id=\"1cb567b\"><h3 class=\"stk-block-heading__text\">Otras rutas de Komoot\u00ab<\/h3><\/div>\n\n\n\n<div class=\"wp-block-stackable-text stk-block-text stk-block stk-12d8d0d\" data-block-id=\"12d8d0d\"><p class=\"stk-block-text__text\">La plataforma Komoot tambi\u00e9n enumera rutas populares alrededor de Luynes:<\/p><\/div>\n\n\n\n<div class=\"wp-block-stackable-icon-list stk-block-icon-list stk-block stk-07a8938\" data-block-id=\"07a8938\"><style>.stk-07a8938 {--stk-icon-list-marker-color:var(--stk-global-color-35744, #115390) !important;--stk-icon-list-icon-size:6px !important;}.stk-07a8938 .stk-block-icon-list-item__content{align-items:baseline !important;}<\/style><svg style=\"display:none\"><defs><g id=\"stk-icon-list__icon-svg-def-07a8938\"><svg xmlns=\"http:\/\/www.w3.org\/2000\/svg\" viewbox=\"0 0 512 512\"><path d=\"M256 512A256 256 0 1 0 256 0a256 256 0 1 0 0 512z\"\/><\/svg><\/g><\/defs><\/svg><ul class=\"stk-block-icon-list__ul stk-block-icon-list--column\">\n<li class=\"wp-block-stackable-icon-list-item stk-block-icon-list-item stk-block stk-ae864bf\" data-block-id=\"ae864bf\"><div class=\"stk-block-icon-list-item__content\"><span class=\"stk--svg-wrapper\"><div class=\"stk--inner-svg\"><svg aria-hidden=\"true\" width=\"32\" height=\"32\"><use xlink:href=\"#stk-icon-list__icon-svg-def-07a8938\"><\/use><\/svg><\/div><\/span><span class=\"stk-block-icon-list-item__text\">Bucles alrededor del acueducto galo-romano (~14 km),<\/span><\/div><\/li>\n\n\n\n<li class=\"wp-block-stackable-icon-list-item stk-block-icon-list-item stk-block stk-e1d8587\" data-block-id=\"e1d8587\"><div class=\"stk-block-icon-list-item__content\"><span class=\"stk--svg-wrapper\"><div class=\"stk--inner-svg\"><svg aria-hidden=\"true\" width=\"32\" height=\"32\"><use xlink:href=\"#stk-icon-list__icon-svg-def-07a8938\"><\/use><\/svg><\/div><\/span><span class=\"stk-block-icon-list-item__text\">Bucles m\u00e1s largos hacia Tours o en la campi\u00f1a circundante (~45 km).<\/span><\/div><\/li>\n<\/ul><\/div>\n\n\n\n<div class=\"wp-block-stackable-heading stk-block-heading stk-block-heading--v2 stk-block stk-c1bf847\" id=\"services-velo-au-camping-les-granges\" data-block-id=\"c1bf847\"><h2 class=\"stk-block-heading__text\">Servicios de bicicletas en el Camping Les Granges<\/h2><\/div>\n\n\n\n<div class=\"wp-block-stackable-text stk-block-text stk-block stk-b015b3f\" data-block-id=\"b015b3f\"><p class=\"stk-block-text__text\">\ud83d\udd27 <strong>Alquiler de bicicletas directamente en el camping<\/strong>, pr\u00e1ctico para empezar tus paseos sin tener que llevar tu equipo.<br>\ud83d\uddfa\ufe0f <strong>Consejos sobre las mejores caminatas<\/strong>, rutas locales, niveles de dificultad seg\u00fan tu grupo.<br>\ud83d\udebf <strong>Duchas y espacios <\/strong>para limpiar tus bicicletas despu\u00e9s de tus salidas.<br>\ud83e\ude91 <strong>Aires de relajaci\u00f3n <\/strong>para planificar tus recorridos por el Loira.<\/p><\/div>\n<\/div><\/div><\/div>\n<\/div><\/div>\n\n\n\n<div class=\"wp-block-stackable-columns alignfull stk-block-columns stk-block stk-1c14c6e stk-block-background\" data-block-id=\"1c14c6e\"><style>.stk-1c14c6e .stk--block-align-1c14c6e{align-items:center !important;}.stk-1c14c6e {background-color:var(--stk-global-color-42219, #bce3f9) !important;border-top-left-radius:25px !important;border-top-right-radius:25px !important;border-bottom-right-radius:25px !important;border-bottom-left-radius:25px !important;overflow:hidden !important;box-shadow:2px 2px 10px 0px #0000004a !important;padding-top:var(--stk--preset--spacing--50, clamp(30px, 5vw, 50px)) !important;padding-bottom:var(--stk--preset--spacing--50, clamp(30px, 5vw, 50px)) !important;margin-bottom:var(--stk--preset--spacing--60, clamp(30px, 7vw, 70px)) !important;}.stk-1c14c6e:before{background-color:var(--stk-global-color-42219, #bce3f9) !important;}.stk-1c14c6e-column{max-width:1280px !important;min-width:auto !important;--stk-column-gap:var(--stk--preset--spacing--50, clamp(30px, 5vw, 50px)) !important;}<\/style><div class=\"stk-row stk-inner-blocks stk--block-align-1c14c6e stk-block-content stk-content-align stk-1c14c6e-column alignwide\">\n<div class=\"wp-block-stackable-column stk-block-column stk-column stk-block stk-e6d235f\" data-v=\"4\" data-block-id=\"e6d235f\"><div class=\"stk-column-wrapper stk-block-column__content stk-container stk-e6d235f-container stk--no-background stk--no-padding\"><div class=\"stk-block-content stk-inner-blocks stk-e6d235f-inner-blocks\">\n<div class=\"wp-block-stackable-heading stk-block-heading stk-block-heading--v2 stk-block stk-feeac60\" id=\"rando-canoe\" data-block-id=\"feeac60\"><style>.stk-feeac60 .stk-block-heading__text{color:var(--stk-global-color-35744, #115390) !important;}<\/style><h2 class=\"stk-block-heading__text has-text-color\">Rando-Cano\u00eb<\/h2><\/div>\n\n\n\n<div class=\"wp-block-stackable-text stk-block-text stk-block stk-9162e06\" data-block-id=\"9162e06\"><p class=\"stk-block-text__text\">\u00bfUn descenso del Loira de varios d\u00edas? Det\u00e9ngase en el embarcadero de Luynes, el \u00abBouge au vin\u00bb, y haga una parada en el camping Les Granges. \u00a1Lo recogemos!<\/p><\/div>\n<\/div><\/div><\/div>\n\n\n\n<div class=\"wp-block-stackable-column stk-block-column stk-column stk-block stk-cc8d4b7\" data-v=\"4\" data-block-id=\"cc8d4b7\"><div class=\"stk-column-wrapper stk-block-column__content stk-container stk-cc8d4b7-container stk--no-background stk--no-padding\"><div class=\"stk-block-content stk-inner-blocks stk-cc8d4b7-inner-blocks\">\n<div class=\"wp-block-stackable-image stk-block-image has-text-align-right stk-block stk-426d296\" data-block-id=\"426d296\"><style>.stk-426d296 {margin-bottom:-40px !important;z-index:3 !important;}.stk-426d296 .stk-img-wrapper{width:150px !important;}<\/style><figure><span class=\"stk-img-wrapper stk-image--shape-stretch\"><img loading=\"lazy\" decoding=\"async\" class=\"stk-img wp-image-143\" src=\"https:\/\/www.campinglesgranges.fr\/wp-content\/uploads\/2026\/03\/logo_camping-les-granges-3-1-1.png\" width=\"336\" height=\"286\" alt=\"logo camping les granges 3 1\" srcset=\"https:\/\/www.campinglesgranges.fr\/wp-content\/uploads\/2026\/03\/logo_camping-les-granges-3-1-1.png 336w, https:\/\/www.campinglesgranges.fr\/wp-content\/uploads\/2026\/03\/logo_camping-les-granges-3-1-1-300x255.png 300w\" sizes=\"auto, (max-width: 336px) 100vw, 336px\" \/><\/span><\/figure><\/div>\n\n\n\n<div class=\"wp-block-stackable-image stk-block-image stk-block stk-ab56c9e\" data-block-id=\"ab56c9e\"><style>.stk-ab56c9e .stk-img-wrapper{width:100% !important;height:350px !important;filter:drop-shadow(2px 2px 9px #00000070) !important;}.stk-ab56c9e .stk-img-wrapper img{border-radius:25px !important;}@media screen and (max-width: 767px){.stk-ab56c9e .stk-img-wrapper{height:400px !important;}}<\/style><figure><span class=\"stk-img-wrapper stk-image--shape-stretch stk--shadow-2px 2px 9px #00000070\"><img loading=\"lazy\" decoding=\"async\" class=\"stk-img wp-image-840\" src=\"https:\/\/www.campinglesgranges.fr\/wp-content\/uploads\/2026\/04\/4_canoe-kayak-clan_jean-christophe-coutand_2029-12-31_medium_webformat.webp\" width=\"1000\" height=\"563\" alt=\"castillo del loira - camping en el valle del loira cerca de senderismo canoa\" srcset=\"https:\/\/www.campinglesgranges.fr\/wp-content\/uploads\/2026\/04\/4_canoe-kayak-clan_jean-christophe-coutand_2029-12-31_medium_webformat.webp 1000w, https:\/\/www.campinglesgranges.fr\/wp-content\/uploads\/2026\/04\/4_canoe-kayak-clan_jean-christophe-coutand_2029-12-31_medium_webformat-300x169.webp 300w, https:\/\/www.campinglesgranges.fr\/wp-content\/uploads\/2026\/04\/4_canoe-kayak-clan_jean-christophe-coutand_2029-12-31_medium_webformat-768x432.webp 768w, https:\/\/www.campinglesgranges.fr\/wp-content\/uploads\/2026\/04\/4_canoe-kayak-clan_jean-christophe-coutand_2029-12-31_medium_webformat-18x10.webp 18w, https:\/\/www.campinglesgranges.fr\/wp-content\/uploads\/2026\/04\/4_canoe-kayak-clan_jean-christophe-coutand_2029-12-31_medium_webformat-500x282.webp 500w, https:\/\/www.campinglesgranges.fr\/wp-content\/uploads\/2026\/04\/4_canoe-kayak-clan_jean-christophe-coutand_2029-12-31_medium_webformat-800x450.webp 800w\" sizes=\"auto, (max-width: 1000px) 100vw, 1000px\" \/><\/span><\/figure><\/div>\n<\/div><\/div><\/div>\n<\/div><\/div>\n\n\n\n<div class=\"wp-block-stackable-heading stk-block-heading stk-block-heading--v2 stk-block stk-1891ffb\" id=\"pistes-cyclables-et-balades-a-velo-pres-du-camping\" data-block-id=\"1891ffb\"><style>.stk-1891ffb .stk-block-heading__text{color:var(--stk-global-color-35744, #115390) !important;}<\/style><h2 class=\"stk-block-heading__text has-text-color has-text-align-center\">Pistas ciclistas y paseos en bicicleta cerca del camping<\/h2><\/div>\n\n\n\n<div class=\"wp-block-stackable-columns alignfull stk-block-columns stk-block stk-eb56abd\" data-block-id=\"eb56abd\"><style>.stk-eb56abd {margin-bottom:var(--stk--preset--spacing--50, clamp(30px, 5vw, 50px)) !important;}.stk-eb56abd-column{max-width:1080px !important;min-width:auto !important;}@media screen and (max-width: 767px){.stk-eb56abd {margin-right:var(--stk--preset--spacing--20, 10px) !important;margin-left:var(--stk--preset--spacing--20, 10px) !important;}}<\/style><div class=\"stk-row stk-inner-blocks stk-block-content stk-content-align stk-eb56abd-column alignfull\">\n<div class=\"wp-block-stackable-column stk-block-column stk-column stk-block stk-186a0af\" data-v=\"4\" data-block-id=\"186a0af\"><div class=\"stk-column-wrapper stk-block-column__content stk-container stk-186a0af-container stk--no-background stk--no-padding\"><div class=\"stk-block-content stk-inner-blocks stk-186a0af-inner-blocks\">\n<details class=\"wp-block-stackable-accordion stk-block-accordion stk-inner-blocks stk-block-content stk--single-open stk-block stk-173513d stk-block-background is-style-default\" data-block-id=\"173513d\"><style>.stk-173513d {background-color:var(--stk-global-color-35744, #115390) !important;border-top-left-radius:var(--stk--preset--border-radius--x-large, 24px) !important;border-top-right-radius:var(--stk--preset--border-radius--x-large, 24px) !important;border-bottom-right-radius:var(--stk--preset--border-radius--x-large, 24px) !important;border-bottom-left-radius:var(--stk--preset--border-radius--x-large, 24px) !important;overflow:hidden !important;padding-top:var(--stk--preset--spacing--none, 0px) !important;padding-right:var(--stk--preset--spacing--none, 0px) !important;padding-bottom:var(--stk--preset--spacing--none, 0px) !important;padding-left:var(--stk--preset--spacing--none, 0px) !important;}.stk-173513d:before{background-color:var(--stk-global-color-35744, #115390) !important;}<\/style>\n<summary class=\"wp-block-stackable-column stk-block-column stk-column stk-block stk-c377926 stk--container-small stk-block-accordion__heading\" data-v=\"4\" data-block-id=\"c377926\"><style>.stk-c377926 {border-top-left-radius:var(--stk--preset--border-radius--none, 0px) !important;border-top-right-radius:var(--stk--preset--border-radius--none, 0px) !important;border-bottom-right-radius:var(--stk--preset--border-radius--none, 0px) !important;border-bottom-left-radius:var(--stk--preset--border-radius--none, 0px) !important;overflow:hidden !important;}.stk-c377926-container{background-color:var(--stk-global-color-35744, #115390) !important;padding-top:var(--stk--preset--spacing--none, 0px) !important;padding-right:var(--stk--preset--spacing--20, 10px) !important;padding-bottom:var(--stk--preset--spacing--none, 0px) !important;padding-left:var(--stk--preset--spacing--20, 10px) !important;}.stk-c377926-container:before{background-color:var(--stk-global-color-35744, #115390) !important;}<\/style><div class=\"stk-column-wrapper stk-block-column__content stk-container stk-c377926-container stk-hover-parent\"><div class=\"stk-block-content stk-inner-blocks stk-c377926-inner-blocks\">\n<div class=\"wp-block-stackable-icon-label stk-block-icon-label stk-block stk-0252297\" data-block-id=\"0252297\"><div class=\"stk-row stk-inner-blocks stk-block-content\">\n<div class=\"wp-block-stackable-heading stk-block-heading stk-block-heading--v2 stk-block stk-59728af\" id=\"existe-t-il-une-piste-cyclable-securisee-jusqua-tours\" data-block-id=\"59728af\"><style>.stk-59728af .stk-block-heading__text{color:#fffffe !important;font-weight:900 !important;}<\/style><p class=\"stk-block-heading__text has-text-color\">\u00bfExiste una ciclov\u00eda segura hasta Tours?<\/p><\/div>\n\n\n\n<div class=\"wp-block-stackable-icon stk-block-icon stk-block stk-3b5bc81\" data-block-id=\"3b5bc81\"><style>.stk-3b5bc81 .stk--svg-wrapper .stk--inner-svg svg:last-child{height:35px !important;width:35px !important;}.stk-3b5bc81 .stk--svg-wrapper .stk--inner-svg svg:last-child, .stk-3b5bc81 .stk--svg-wrapper .stk--inner-svg svg:last-child :is(g, path, rect, polygon, ellipse){fill:var(--stk-global-color-42219, #bce3f9) !important;}<\/style><span class=\"stk--svg-wrapper\"><div class=\"stk--inner-svg\"><svg style=\"height:0;width:0\"><defs><lineargradient id=\"linear-gradient-3b5bc81\" x1=\"0\" x2=\"100%\" y1=\"0\" y2=\"0\"><stop offset=\"0%\" style=\"stop-opacity:1;stop-color:var(--linear-gradient-3-b-5-bc-81-color-1)\"><\/stop><stop offset=\"100%\" style=\"stop-opacity:1;stop-color:var(--linear-gradient-3-b-5-bc-81-color-2)\"><\/stop><\/lineargradient><\/defs><\/svg><svg xmlns=\"http:\/\/www.w3.org\/2000\/svg\" viewbox=\"0 0 448 512\" aria-hidden=\"true\" width=\"32\" height=\"32\"><path d=\"M256 80c0-17.7-14.3-32-32-32s-32 14.3-32 32V224H48c-17.7 0-32 14.3-32 32s14.3 32 32 32H192V432c0 17.7 14.3 32 32 32s32-14.3 32-32V288H400c17.7 0 32-14.3 32-32s-14.3-32-32-32H256V80z\"\/><\/svg><\/div><\/span><\/div>\n<\/div><\/div>\n<\/div><\/div><\/summary>\n\n\n\n<div class=\"wp-block-stackable-column stk-block-column stk-column stk-block stk-6c436d4 stk-block-accordion__content\" data-v=\"4\" data-block-id=\"6c436d4\"><style>.stk-6c436d4-container{padding-top:var(--stk--preset--spacing--none, 0px) !important;padding-right:var(--stk--preset--spacing--20, 10px) !important;padding-bottom:var(--stk--preset--spacing--20, 10px) !important;padding-left:var(--stk--preset--spacing--20, 10px) !important;}<\/style><div class=\"stk-column-wrapper stk-block-column__content stk-container stk-6c436d4-container stk--no-background stk--no-padding\"><div class=\"stk-block-content stk-inner-blocks stk-6c436d4-inner-blocks\">\n<div class=\"wp-block-stackable-text stk-block-text stk-block stk-7662a08\" data-block-id=\"7662a08\"><style>.stk-7662a08 .stk-block-text__text{color:#fffffe !important;}<\/style><p class=\"stk-block-text__text has-text-color\">S\u00ed, la red V\u00e9lival n.\u00ba 9 y las conexiones ciclistas hacia Tours y La Loire \u00e0 V\u00e9lo permiten ir all\u00ed con total seguridad, perfecto para un d\u00eda de compras o visita cultural.<\/p><\/div>\n<\/div><\/div><\/div>\n<\/details>\n\n\n\n<details class=\"wp-block-stackable-accordion stk-block-accordion stk-inner-blocks stk-block-content stk--single-open stk-block stk-e2c5d68 stk-block-background is-style-default\" data-block-id=\"e2c5d68\"><style>.stk-e2c5d68 {background-color:var(--stk-global-color-35744, #115390) !important;border-top-left-radius:var(--stk--preset--border-radius--x-large, 24px) !important;border-top-right-radius:var(--stk--preset--border-radius--x-large, 24px) !important;border-bottom-right-radius:var(--stk--preset--border-radius--x-large, 24px) !important;border-bottom-left-radius:var(--stk--preset--border-radius--x-large, 24px) !important;overflow:hidden !important;padding-top:var(--stk--preset--spacing--none, 0px) !important;padding-right:var(--stk--preset--spacing--none, 0px) !important;padding-bottom:var(--stk--preset--spacing--none, 0px) !important;padding-left:var(--stk--preset--spacing--none, 0px) !important;}.stk-e2c5d68:before{background-color:var(--stk-global-color-35744, #115390) !important;}<\/style>\n<summary class=\"wp-block-stackable-column stk-block-column stk-column stk-block stk-83c1547 stk--container-small stk-block-accordion__heading\" data-v=\"4\" data-block-id=\"83c1547\"><style>.stk-83c1547 {border-top-left-radius:var(--stk--preset--border-radius--none, 0px) !important;border-top-right-radius:var(--stk--preset--border-radius--none, 0px) !important;border-bottom-right-radius:var(--stk--preset--border-radius--none, 0px) !important;border-bottom-left-radius:var(--stk--preset--border-radius--none, 0px) !important;overflow:hidden !important;}.stk-83c1547-container{background-color:var(--stk-global-color-35744, #115390) !important;padding-top:var(--stk--preset--spacing--none, 0px) !important;padding-right:var(--stk--preset--spacing--20, 10px) !important;padding-bottom:var(--stk--preset--spacing--none, 0px) !important;padding-left:var(--stk--preset--spacing--20, 10px) !important;}.stk-83c1547-container:before{background-color:var(--stk-global-color-35744, #115390) !important;}<\/style><div class=\"stk-column-wrapper stk-block-column__content stk-container stk-83c1547-container stk-hover-parent\"><div class=\"stk-block-content stk-inner-blocks stk-83c1547-inner-blocks\">\n<div class=\"wp-block-stackable-icon-label stk-block-icon-label stk-block stk-fd1cef7\" data-block-id=\"fd1cef7\"><div class=\"stk-row stk-inner-blocks stk-block-content\">\n<div class=\"wp-block-stackable-heading stk-block-heading stk-block-heading--v2 stk-block stk-88bde14\" id=\"quel-niveau-pour-les-balades-autour-de-luynes\" data-block-id=\"88bde14\"><style>.stk-88bde14 .stk-block-heading__text{color:#fffffe !important;font-weight:800 !important;}<\/style><p class=\"stk-block-heading__text has-text-color\">\u00bfQu\u00e9 nivel para los paseos alrededor de Luynes?<\/p><\/div>\n\n\n\n<div class=\"wp-block-stackable-icon stk-block-icon stk-block stk-6282d14\" data-block-id=\"6282d14\"><style>.stk-6282d14 .stk--svg-wrapper .stk--inner-svg svg:last-child{height:35px !important;width:35px !important;}.stk-6282d14 .stk--svg-wrapper .stk--inner-svg svg:last-child, .stk-6282d14 .stk--svg-wrapper .stk--inner-svg svg:last-child :is(g, path, rect, polygon, ellipse){fill:var(--stk-global-color-42219, #bce3f9) !important;}<\/style><span class=\"stk--svg-wrapper\"><div class=\"stk--inner-svg\"><svg style=\"height:0;width:0\"><defs><lineargradient id=\"linear-gradient-6282d14\" x1=\"0\" x2=\"100%\" y1=\"0\" y2=\"0\"><stop offset=\"0%\" style=\"stop-opacity:1;stop-color:var(--linear-gradient-6282-d-14-color-1)\"><\/stop><stop offset=\"100%\" style=\"stop-opacity:1;stop-color:var(--linear-gradient-6282-d-14-color-2)\"><\/stop><\/lineargradient><\/defs><\/svg><svg xmlns=\"http:\/\/www.w3.org\/2000\/svg\" viewbox=\"0 0 448 512\" aria-hidden=\"true\" width=\"32\" height=\"32\"><path d=\"M256 80c0-17.7-14.3-32-32-32s-32 14.3-32 32V224H48c-17.7 0-32 14.3-32 32s14.3 32 32 32H192V432c0 17.7 14.3 32 32 32s32-14.3 32-32V288H400c17.7 0 32-14.3 32-32s-14.3-32-32-32H256V80z\"\/><\/svg><\/div><\/span><\/div>\n<\/div><\/div>\n<\/div><\/div><\/summary>\n\n\n\n<div class=\"wp-block-stackable-column stk-block-column stk-column stk-block stk-dde5366 stk-block-accordion__content\" data-v=\"4\" data-block-id=\"dde5366\"><style>.stk-dde5366-container{padding-top:var(--stk--preset--spacing--none, 0px) !important;padding-right:var(--stk--preset--spacing--20, 10px) !important;padding-bottom:var(--stk--preset--spacing--20, 10px) !important;padding-left:var(--stk--preset--spacing--20, 10px) !important;}<\/style><div class=\"stk-column-wrapper stk-block-column__content stk-container stk-dde5366-container stk--no-background stk--no-padding\"><div class=\"stk-block-content stk-inner-blocks stk-dde5366-inner-blocks\">\n<div class=\"wp-block-stackable-text stk-block-text stk-block stk-d4b6c71\" data-block-id=\"d4b6c71\"><style>.stk-d4b6c71 .stk-block-text__text{color:#fffffe !important;}<\/style><p class=\"stk-block-text__text has-text-color\">La regi\u00f3n ofrece rutas f\u00e1ciles a intermedias, adecuadas para familias o ciclistas aficionados. Para los m\u00e1s deportistas, hay disponibles circuitos m\u00e1s largos o carreteras panor\u00e1micas.<\/p><\/div>\n<\/div><\/div><\/div>\n<\/details>\n\n\n\n<details class=\"wp-block-stackable-accordion stk-block-accordion stk-inner-blocks stk-block-content stk--single-open stk-block stk-b67e582 stk-block-background is-style-default\" data-block-id=\"b67e582\"><style>.stk-b67e582 {background-color:var(--stk-global-color-35744, #115390) !important;border-top-left-radius:var(--stk--preset--border-radius--x-large, 24px) !important;border-top-right-radius:var(--stk--preset--border-radius--x-large, 24px) !important;border-bottom-right-radius:var(--stk--preset--border-radius--x-large, 24px) !important;border-bottom-left-radius:var(--stk--preset--border-radius--x-large, 24px) !important;overflow:hidden !important;padding-top:var(--stk--preset--spacing--none, 0px) !important;padding-right:var(--stk--preset--spacing--none, 0px) !important;padding-bottom:var(--stk--preset--spacing--none, 0px) !important;padding-left:var(--stk--preset--spacing--none, 0px) !important;}.stk-b67e582:before{background-color:var(--stk-global-color-35744, #115390) !important;}<\/style>\n<summary class=\"wp-block-stackable-column stk-block-column stk-column stk-block stk-6fbc3e6 stk--container-small stk-block-accordion__heading\" data-v=\"4\" data-block-id=\"6fbc3e6\"><style>.stk-6fbc3e6 {border-top-left-radius:var(--stk--preset--border-radius--none, 0px) !important;border-top-right-radius:var(--stk--preset--border-radius--none, 0px) !important;border-bottom-right-radius:var(--stk--preset--border-radius--none, 0px) !important;border-bottom-left-radius:var(--stk--preset--border-radius--none, 0px) !important;overflow:hidden !important;}.stk-6fbc3e6-container{background-color:var(--stk-global-color-35744, #115390) !important;padding-top:var(--stk--preset--spacing--none, 0px) !important;padding-right:var(--stk--preset--spacing--20, 10px) !important;padding-bottom:var(--stk--preset--spacing--none, 0px) !important;padding-left:var(--stk--preset--spacing--20, 10px) !important;}.stk-6fbc3e6-container:before{background-color:var(--stk-global-color-35744, #115390) !important;}<\/style><div class=\"stk-column-wrapper stk-block-column__content stk-container stk-6fbc3e6-container stk-hover-parent\"><div class=\"stk-block-content stk-inner-blocks stk-6fbc3e6-inner-blocks\">\n<div class=\"wp-block-stackable-icon-label stk-block-icon-label stk-block stk-42be80f\" data-block-id=\"42be80f\"><div class=\"stk-row stk-inner-blocks stk-block-content\">\n<div class=\"wp-block-stackable-heading stk-block-heading stk-block-heading--v2 stk-block stk-ef15866\" id=\"peut-on-acceder-a-la-loire-a-velo-depuis-le-camping\" data-block-id=\"ef15866\"><style>.stk-ef15866 .stk-block-heading__text{color:#fffffe !important;font-weight:800 !important;}<\/style><p class=\"stk-block-heading__text has-text-color\">\u00bfSe puede acceder a la Loire \u00e0 V\u00e9lo desde el camping?<\/p><\/div>\n\n\n\n<div class=\"wp-block-stackable-icon stk-block-icon stk-block stk-32b9acf\" data-block-id=\"32b9acf\"><style>.stk-32b9acf .stk--svg-wrapper .stk--inner-svg svg:last-child{height:35px !important;width:35px !important;}.stk-32b9acf .stk--svg-wrapper .stk--inner-svg svg:last-child, .stk-32b9acf .stk--svg-wrapper .stk--inner-svg svg:last-child :is(g, path, rect, polygon, ellipse){fill:var(--stk-global-color-42219, #bce3f9) !important;}<\/style><span class=\"stk--svg-wrapper\"><div class=\"stk--inner-svg\"><svg style=\"height:0;width:0\"><defs><lineargradient id=\"linear-gradient-32b9acf\" x1=\"0\" x2=\"100%\" y1=\"0\" y2=\"0\"><stop offset=\"0%\" style=\"stop-opacity:1;stop-color:var(--linear-gradient-32-b-9-acf-color-1)\"><\/stop><stop offset=\"100%\" style=\"stop-opacity:1;stop-color:var(--linear-gradient-32-b-9-acf-color-2)\"><\/stop><\/lineargradient><\/defs><\/svg><svg xmlns=\"http:\/\/www.w3.org\/2000\/svg\" viewbox=\"0 0 448 512\" aria-hidden=\"true\" width=\"32\" height=\"32\"><path d=\"M256 80c0-17.7-14.3-32-32-32s-32 14.3-32 32V224H48c-17.7 0-32 14.3-32 32s14.3 32 32 32H192V432c0 17.7 14.3 32 32 32s32-14.3 32-32V288H400c17.7 0 32-14.3 32-32s-14.3-32-32-32H256V80z\"\/><\/svg><\/div><\/span><\/div>\n<\/div><\/div>\n<\/div><\/div><\/summary>\n\n\n\n<div class=\"wp-block-stackable-column stk-block-column stk-column stk-block stk-f27f5e2 stk-block-accordion__content\" data-v=\"4\" data-block-id=\"f27f5e2\"><style>.stk-f27f5e2-container{padding-top:var(--stk--preset--spacing--none, 0px) !important;padding-right:var(--stk--preset--spacing--20, 10px) !important;padding-bottom:var(--stk--preset--spacing--20, 10px) !important;padding-left:var(--stk--preset--spacing--20, 10px) !important;}<\/style><div class=\"stk-column-wrapper stk-block-column__content stk-container stk-f27f5e2-container stk--no-background stk--no-padding\"><div class=\"stk-block-content stk-inner-blocks stk-f27f5e2-inner-blocks\">\n<div class=\"wp-block-stackable-text stk-block-text stk-block stk-3176688\" data-block-id=\"3176688\"><style>.stk-3176688 .stk-block-text__text{color:#fffffe !important;}<\/style><p class=\"stk-block-text__text has-text-color\">S\u00ed: el camping est\u00e1 cerca de las v\u00edas verdes y de la red ciclista principal del Valle del Loira, lo que facilita el acceso a la Loire \u00e0 V\u00e9lo para excursiones de un d\u00eda o de varios d\u00edas.<\/p><\/div>\n<\/div><\/div><\/div>\n<\/details>\n\n\n\n<details class=\"wp-block-stackable-accordion stk-block-accordion stk-inner-blocks stk-block-content stk--single-open stk-block stk-ea27b75 stk-block-background is-style-default\" data-block-id=\"ea27b75\"><style>.stk-ea27b75 {background-color:var(--stk-global-color-35744, #115390) !important;border-top-left-radius:var(--stk--preset--border-radius--x-large, 24px) !important;border-top-right-radius:var(--stk--preset--border-radius--x-large, 24px) !important;border-bottom-right-radius:var(--stk--preset--border-radius--x-large, 24px) !important;border-bottom-left-radius:var(--stk--preset--border-radius--x-large, 24px) !important;overflow:hidden !important;padding-top:var(--stk--preset--spacing--none, 0px) !important;padding-right:var(--stk--preset--spacing--none, 0px) !important;padding-bottom:var(--stk--preset--spacing--none, 0px) !important;padding-left:var(--stk--preset--spacing--none, 0px) !important;}.stk-ea27b75:before{background-color:var(--stk-global-color-35744, #115390) !important;}<\/style>\n<summary class=\"wp-block-stackable-column stk-block-column stk-column stk-block stk-a2322c5 stk--container-small stk-block-accordion__heading\" data-v=\"4\" data-block-id=\"a2322c5\"><style>.stk-a2322c5 {border-top-left-radius:var(--stk--preset--border-radius--none, 0px) !important;border-top-right-radius:var(--stk--preset--border-radius--none, 0px) !important;border-bottom-right-radius:var(--stk--preset--border-radius--none, 0px) !important;border-bottom-left-radius:var(--stk--preset--border-radius--none, 0px) !important;overflow:hidden !important;}.stk-a2322c5-container{background-color:var(--stk-global-color-35744, #115390) !important;padding-top:var(--stk--preset--spacing--none, 0px) !important;padding-right:var(--stk--preset--spacing--20, 10px) !important;padding-bottom:var(--stk--preset--spacing--none, 0px) !important;padding-left:var(--stk--preset--spacing--20, 10px) !important;}.stk-a2322c5-container:before{background-color:var(--stk-global-color-35744, #115390) !important;}<\/style><div class=\"stk-column-wrapper stk-block-column__content stk-container stk-a2322c5-container stk-hover-parent\"><div class=\"stk-block-content stk-inner-blocks stk-a2322c5-inner-blocks\">\n<div class=\"wp-block-stackable-icon-label stk-block-icon-label stk-block stk-4a63049\" data-block-id=\"4a63049\"><div class=\"stk-row stk-inner-blocks stk-block-content\">\n<div class=\"wp-block-stackable-heading stk-block-heading stk-block-heading--v2 stk-block stk-50f8a31\" id=\"y-a-t-il-des-pistes-cyclables-amenagees-le-long-de-la-loire-recemment\" data-block-id=\"50f8a31\"><style>.stk-50f8a31 .stk-block-heading__text{color:#fffffe !important;font-weight:800 !important;}<\/style><p class=\"stk-block-heading__text has-text-color\">\u00bfHay carriles bici acondicionados a lo largo del Loira recientemente?<\/p><\/div>\n\n\n\n<div class=\"wp-block-stackable-icon stk-block-icon stk-block stk-aa64243\" data-block-id=\"aa64243\"><style>.stk-aa64243 .stk--svg-wrapper .stk--inner-svg svg:last-child{height:35px !important;width:35px !important;}.stk-aa64243 .stk--svg-wrapper .stk--inner-svg svg:last-child, .stk-aa64243 .stk--svg-wrapper .stk--inner-svg svg:last-child :is(g, path, rect, polygon, ellipse){fill:var(--stk-global-color-42219, #bce3f9) !important;}<\/style><span class=\"stk--svg-wrapper\"><div class=\"stk--inner-svg\"><svg style=\"height:0;width:0\"><defs><lineargradient id=\"linear-gradient-aa64243\" x1=\"0\" x2=\"100%\" y1=\"0\" y2=\"0\"><stop offset=\"0%\" style=\"stop-opacity:1;stop-color:var(--linear-gradient-aa-64243-color-1)\"><\/stop><stop offset=\"100%\" style=\"stop-opacity:1;stop-color:var(--linear-gradient-aa-64243-color-2)\"><\/stop><\/lineargradient><\/defs><\/svg><svg xmlns=\"http:\/\/www.w3.org\/2000\/svg\" viewbox=\"0 0 448 512\" aria-hidden=\"true\" width=\"32\" height=\"32\"><path d=\"M256 80c0-17.7-14.3-32-32-32s-32 14.3-32 32V224H48c-17.7 0-32 14.3-32 32s14.3 32 32 32H192V432c0 17.7 14.3 32 32 32s32-14.3 32-32V288H400c17.7 0 32-14.3 32-32s-14.3-32-32-32H256V80z\"\/><\/svg><\/div><\/span><\/div>\n<\/div><\/div>\n<\/div><\/div><\/summary>\n\n\n\n<div class=\"wp-block-stackable-column stk-block-column stk-column stk-block stk-ec349d3 stk-block-accordion__content\" data-v=\"4\" data-block-id=\"ec349d3\"><style>.stk-ec349d3-container{padding-top:var(--stk--preset--spacing--none, 0px) !important;padding-right:var(--stk--preset--spacing--20, 10px) !important;padding-bottom:var(--stk--preset--spacing--20, 10px) !important;padding-left:var(--stk--preset--spacing--20, 10px) !important;}<\/style><div class=\"stk-column-wrapper stk-block-column__content stk-container stk-ec349d3-container stk--no-background stk--no-padding\"><div class=\"stk-block-content stk-inner-blocks stk-ec349d3-inner-blocks\">\n<div class=\"wp-block-stackable-text stk-block-text stk-block stk-01c04d4\" data-block-id=\"01c04d4\"><style>.stk-01c04d4 .stk-block-text__text{color:#fffffe !important;}<\/style><p class=\"stk-block-text__text has-text-color\">S\u00ed \u2014 las mejoras de la red V\u00e9lival (primavera de 2025) incluyen carriles dedicados a lo largo del Loira, mejorando la seguridad y la experiencia ciclista entre Luynes y los municipios vecinos.<\/p><\/div>\n<\/div><\/div><\/div>\n<\/details>\n\n\n\n<details class=\"wp-block-stackable-accordion stk-block-accordion stk-inner-blocks stk-block-content stk--single-open stk-block stk-fa5adcb stk-block-background is-style-default\" data-block-id=\"fa5adcb\"><style>.stk-fa5adcb {background-color:var(--stk-global-color-35744, #115390) !important;border-top-left-radius:var(--stk--preset--border-radius--x-large, 24px) !important;border-top-right-radius:var(--stk--preset--border-radius--x-large, 24px) !important;border-bottom-right-radius:var(--stk--preset--border-radius--x-large, 24px) !important;border-bottom-left-radius:var(--stk--preset--border-radius--x-large, 24px) !important;overflow:hidden !important;padding-top:var(--stk--preset--spacing--none, 0px) !important;padding-right:var(--stk--preset--spacing--none, 0px) !important;padding-bottom:var(--stk--preset--spacing--none, 0px) !important;padding-left:var(--stk--preset--spacing--none, 0px) !important;}.stk-fa5adcb:before{background-color:var(--stk-global-color-35744, #115390) !important;}<\/style>\n<summary class=\"wp-block-stackable-column stk-block-column stk-column stk-block stk-f808b95 stk--container-small stk-block-accordion__heading\" data-v=\"4\" data-block-id=\"f808b95\"><style>.stk-f808b95 {border-top-left-radius:var(--stk--preset--border-radius--none, 0px) !important;border-top-right-radius:var(--stk--preset--border-radius--none, 0px) !important;border-bottom-right-radius:var(--stk--preset--border-radius--none, 0px) !important;border-bottom-left-radius:var(--stk--preset--border-radius--none, 0px) !important;overflow:hidden !important;}.stk-f808b95-container{background-color:var(--stk-global-color-35744, #115390) !important;padding-top:var(--stk--preset--spacing--none, 0px) !important;padding-right:var(--stk--preset--spacing--20, 10px) !important;padding-bottom:var(--stk--preset--spacing--none, 0px) !important;padding-left:var(--stk--preset--spacing--20, 10px) !important;}.stk-f808b95-container:before{background-color:var(--stk-global-color-35744, #115390) !important;}<\/style><div class=\"stk-column-wrapper stk-block-column__content stk-container stk-f808b95-container stk-hover-parent\"><div class=\"stk-block-content stk-inner-blocks stk-f808b95-inner-blocks\">\n<div class=\"wp-block-stackable-icon-label stk-block-icon-label stk-block stk-21c6f14\" data-block-id=\"21c6f14\"><div class=\"stk-row stk-inner-blocks stk-block-content\">\n<div class=\"wp-block-stackable-heading stk-block-heading stk-block-heading--v2 stk-block stk-e86dee6\" id=\"est-il-possible-de-passer-une-nuit-dans-une-chambre-pour-un-ou-plusieurs-randonneurs\" data-block-id=\"e86dee6\"><style>.stk-e86dee6 .stk-block-heading__text{color:#fffffe !important;font-weight:800 !important;}<\/style><p class=\"stk-block-heading__text has-text-color\">\u00bfEs posible pasar una noche en una habitaci\u00f3n para uno o varios excursionistas?<\/p><\/div>\n\n\n\n<div class=\"wp-block-stackable-icon stk-block-icon stk-block stk-0efb482\" data-block-id=\"0efb482\"><style>.stk-0efb482 .stk--svg-wrapper .stk--inner-svg svg:last-child{height:35px !important;width:35px !important;}.stk-0efb482 .stk--svg-wrapper .stk--inner-svg svg:last-child, .stk-0efb482 .stk--svg-wrapper .stk--inner-svg svg:last-child :is(g, path, rect, polygon, ellipse){fill:var(--stk-global-color-42219, #bce3f9) !important;}<\/style><span class=\"stk--svg-wrapper\"><div class=\"stk--inner-svg\"><svg style=\"height:0;width:0\"><defs><lineargradient id=\"linear-gradient-0efb482\" x1=\"0\" x2=\"100%\" y1=\"0\" y2=\"0\"><stop offset=\"0%\" style=\"stop-opacity:1;stop-color:var(--linear-gradient-0-efb-482-color-1)\"><\/stop><stop offset=\"100%\" style=\"stop-opacity:1;stop-color:var(--linear-gradient-0-efb-482-color-2)\"><\/stop><\/lineargradient><\/defs><\/svg><svg xmlns=\"http:\/\/www.w3.org\/2000\/svg\" viewbox=\"0 0 448 512\" aria-hidden=\"true\" width=\"32\" height=\"32\"><path d=\"M256 80c0-17.7-14.3-32-32-32s-32 14.3-32 32V224H48c-17.7 0-32 14.3-32 32s14.3 32 32 32H192V432c0 17.7 14.3 32 32 32s32-14.3 32-32V288H400c17.7 0 32-14.3 32-32s-14.3-32-32-32H256V80z\"\/><\/svg><\/div><\/span><\/div>\n<\/div><\/div>\n<\/div><\/div><\/summary>\n\n\n\n<div class=\"wp-block-stackable-column stk-block-column stk-column stk-block stk-171fd54 stk-block-accordion__content\" data-v=\"4\" data-block-id=\"171fd54\"><style>.stk-171fd54-container{padding-top:var(--stk--preset--spacing--none, 0px) !important;padding-right:var(--stk--preset--spacing--20, 10px) !important;padding-bottom:var(--stk--preset--spacing--20, 10px) !important;padding-left:var(--stk--preset--spacing--20, 10px) !important;}<\/style><div class=\"stk-column-wrapper stk-block-column__content stk-container stk-171fd54-container stk--no-background stk--no-padding\"><div class=\"stk-block-content stk-inner-blocks stk-171fd54-inner-blocks\">\n<div class=\"wp-block-stackable-text stk-block-text stk-block stk-7f4a983\" data-block-id=\"7f4a983\"><style>.stk-7f4a983 .stk-block-text__text{color:#fffffe !important;}<\/style><p class=\"stk-block-text__text has-text-color\">S\u00ed, reserve una de nuestras dos <a href=\"https:\/\/www.campinglesgranges.fr\/es\/hebergement\/chambretape-3-personnes\/\" data-type=\"hebergement\" data-id=\"675\">Habitaci\u00f3n de etapa<\/a> \u00a1por una noche y pase una noche c\u00e1lida y seca!<\/p><\/div>\n<\/div><\/div><\/div>\n<\/details>\n<\/div><\/div><\/div>\n<\/div><\/div>","protected":false},"excerpt":{"rendered":"<p>Itin\u00e9raire cyclable structurant V\u00e9lival \u2013 n\u00b09 Une nouvelle piste cyclable moderne connectant Rochecorbon \u00e0 Saint \u00c9tienne de Chigny traverse d\u00e9sormais Luynes dans le cadre du r\u00e9seau V\u00e9lival, d\u00e9velopp\u00e9 par Tours M\u00e9tropole Val de Loire. Caract\u00e9ristiques principales : \ud83d\udc49 Depuis le camping, vous pouvez rejoindre cet itin\u00e9raire en quelques minutes \u00e0 v\u00e9lo pour longer la Loire [&hellip;]<\/p>\n","protected":false},"author":1,"featured_media":56,"parent":186,"menu_order":0,"comment_status":"closed","ping_status":"closed","template":"","meta":{"_acf_changed":false,"_seopress_robots_primary_cat":"","_seopress_titles_title":"Pistes cyclables et balades \u00e0 Luynes - Camping Les Granges","_seopress_titles_desc":"Envie de d\u00e9couvrir Luynes autrement ? Parcourez les pistes cyclables et balades autour du Camping Les Granges, entre Loire, nature et patrimoine.","_seopress_robots_index":"","_vp_format_video_url":"","_vp_image_focal_point":[],"footnotes":""},"class_list":["post-237","page","type-page","status-publish","has-post-thumbnail","hentry"],"acf":[],"_links":{"self":[{"href":"https:\/\/www.campinglesgranges.fr\/es\/wp-json\/wp\/v2\/pages\/237","targetHints":{"allow":["GET"]}}],"collection":[{"href":"https:\/\/www.campinglesgranges.fr\/es\/wp-json\/wp\/v2\/pages"}],"about":[{"href":"https:\/\/www.campinglesgranges.fr\/es\/wp-json\/wp\/v2\/types\/page"}],"author":[{"embeddable":true,"href":"https:\/\/www.campinglesgranges.fr\/es\/wp-json\/wp\/v2\/users\/1"}],"replies":[{"embeddable":true,"href":"https:\/\/www.campinglesgranges.fr\/es\/wp-json\/wp\/v2\/comments?post=237"}],"version-history":[{"count":9,"href":"https:\/\/www.campinglesgranges.fr\/es\/wp-json\/wp\/v2\/pages\/237\/revisions"}],"predecessor-version":[{"id":884,"href":"https:\/\/www.campinglesgranges.fr\/es\/wp-json\/wp\/v2\/pages\/237\/revisions\/884"}],"up":[{"embeddable":true,"href":"https:\/\/www.campinglesgranges.fr\/es\/wp-json\/wp\/v2\/pages\/186"}],"wp:featuredmedia":[{"embeddable":true,"href":"https:\/\/www.campinglesgranges.fr\/es\/wp-json\/wp\/v2\/media\/56"}],"wp:attachment":[{"href":"https:\/\/www.campinglesgranges.fr\/es\/wp-json\/wp\/v2\/media?parent=237"}],"curies":[{"name":"wp","href":"https:\/\/api.w.org\/{rel}","templated":true}]}}