{"id":237,"date":"2026-03-19T16:22:33","date_gmt":"2026-03-19T15:22:33","guid":{"rendered":"https:\/\/www.campinglesgranges.fr\/?page_id=237"},"modified":"2026-04-23T10:27:57","modified_gmt":"2026-04-23T08:27:57","slug":"radwege-spaziergange-luynes","status":"publish","type":"page","link":"https:\/\/www.campinglesgranges.fr\/de\/cote-nature\/pistes-cyclables-balades-luynes\/","title":{"rendered":"Radwege und Ausfl\u00fcge rund um den Campingplatz Les Granges in Luynes"},"content":{"rendered":"<div class=\"wp-block-stackable-columns alignfull stk-block-columns stk-block stk-dd23a22\" data-block-id=\"dd23a22\"><style>.stk-dd23a22 .stk--block-align-dd23a22{align-items:center !important;}.stk-dd23a22 {margin-bottom:var(--stk--preset--spacing--60, clamp(30px, 7vw, 70px)) !important;}.stk-dd23a22-column{max-width:1280px !important;min-width:auto !important;--stk-column-gap:var(--stk--preset--spacing--50, clamp(30px, 5vw, 50px)) !important;}@media screen and (max-width: 767px){.stk-dd23a22 {--stk-col-order-1:2 !important;--stk-col-order-2:1 !important;}}<\/style><div class=\"stk-row stk-inner-blocks stk--block-align-dd23a22 stk-block-content stk-content-align stk-dd23a22-column alignwide\">\n<div class=\"wp-block-stackable-column stk-block-column stk-column stk-block stk-836118b\" data-v=\"4\" data-block-id=\"836118b\"><div class=\"stk-column-wrapper stk-block-column__content stk-container stk-836118b-container stk--no-background stk--no-padding\"><div class=\"stk-block-content stk-inner-blocks stk-836118b-inner-blocks\">\n<div class=\"wp-block-stackable-image stk-block-image stk-block stk-f9d2a41\" data-block-id=\"f9d2a41\"><style>.stk-f9d2a41 .stk-img-wrapper{width:100% !important;height:524px !important;filter:drop-shadow(2px 2px 9px #00000070) !important;}.stk-f9d2a41 .stk-img-wrapper img{border-radius:25px !important;}@media screen and (max-width: 767px){.stk-f9d2a41 .stk-img-wrapper{height:400px !important;}}<\/style><figure><span class=\"stk-img-wrapper stk-image--shape-stretch stk--shadow-2px 2px 9px #00000070\"><img loading=\"lazy\" decoding=\"async\" class=\"stk-img wp-image-434\" src=\"https:\/\/www.campinglesgranges.fr\/wp-content\/uploads\/2026\/03\/14_coeur-de-france-a-velo-val-de-cher_jean-christophe-coutand_2031-12-31_medium_webformat.webp\" width=\"1200\" height=\"800\" alt=\"Schloss an der Loire - Camping im Loiretal\" srcset=\"https:\/\/www.campinglesgranges.fr\/wp-content\/uploads\/2026\/03\/14_coeur-de-france-a-velo-val-de-cher_jean-christophe-coutand_2031-12-31_medium_webformat.webp 1200w, https:\/\/www.campinglesgranges.fr\/wp-content\/uploads\/2026\/03\/14_coeur-de-france-a-velo-val-de-cher_jean-christophe-coutand_2031-12-31_medium_webformat-300x200.webp 300w, https:\/\/www.campinglesgranges.fr\/wp-content\/uploads\/2026\/03\/14_coeur-de-france-a-velo-val-de-cher_jean-christophe-coutand_2031-12-31_medium_webformat-1024x683.webp 1024w, https:\/\/www.campinglesgranges.fr\/wp-content\/uploads\/2026\/03\/14_coeur-de-france-a-velo-val-de-cher_jean-christophe-coutand_2031-12-31_medium_webformat-768x512.webp 768w, https:\/\/www.campinglesgranges.fr\/wp-content\/uploads\/2026\/03\/14_coeur-de-france-a-velo-val-de-cher_jean-christophe-coutand_2031-12-31_medium_webformat-500x333.webp 500w, https:\/\/www.campinglesgranges.fr\/wp-content\/uploads\/2026\/03\/14_coeur-de-france-a-velo-val-de-cher_jean-christophe-coutand_2031-12-31_medium_webformat-800x533.webp 800w\" sizes=\"auto, (max-width: 1200px) 100vw, 1200px\" \/><\/span><\/figure><\/div>\n<\/div><\/div><\/div>\n\n\n\n<div class=\"wp-block-stackable-column stk-block-column stk-column stk-block stk-53ee707\" data-v=\"4\" data-block-id=\"53ee707\"><div class=\"stk-column-wrapper stk-block-column__content stk-container stk-53ee707-container stk--no-background stk--no-padding\"><div class=\"stk-block-content stk-inner-blocks stk-53ee707-inner-blocks\">\n<div class=\"wp-block-stackable-heading stk-block-heading stk-block-heading--v2 stk-block stk-27250a1\" id=\"itineraire-cyclable-structurant-velival-n-9\" data-block-id=\"27250a1\"><h2 class=\"stk-block-heading__text\">Verkehrsverbindender Radweg V\u00e9lival \u2013 Nr. 9<\/h2><\/div>\n\n\n\n<div class=\"wp-block-stackable-text stk-block-text stk-block stk-8507a0f\" data-block-id=\"8507a0f\"><p class=\"stk-block-text__text\">Ein neuer moderner Radweg, der Rochecorbon mit Saint \u00c9tienne de Chigny verbindet, f\u00fchrt nun im Rahmen des von Tours M\u00e9tropole Val de Loire entwickelten V\u00e9lival-Netzes durch Luynes.<\/p><\/div>\n\n\n\n<div class=\"wp-block-stackable-text stk-block-text stk-block stk-322803b\" data-block-id=\"322803b\"><p class=\"stk-block-text__text\"><strong>Hauptmerkmale:<\/strong><\/p><\/div>\n\n\n\n<div class=\"wp-block-stackable-icon-list stk-block-icon-list stk-block stk-2de5b8c\" data-block-id=\"2de5b8c\"><style>.stk-2de5b8c {--stk-icon-list-marker-color:var(--stk-global-color-35744, #115390) !important;--stk-icon-list-icon-size:6px !important;}<\/style><svg style=\"display:none\"><defs><g id=\"stk-icon-list__icon-svg-def-2de5b8c\"><svg xmlns=\"http:\/\/www.w3.org\/2000\/svg\" viewbox=\"0 0 512 512\"><path d=\"M256 512A256 256 0 1 0 256 0a256 256 0 1 0 0 512z\"\/><\/svg><\/g><\/defs><\/svg><ul class=\"stk-block-icon-list__ul stk-block-icon-list--column\">\n<li class=\"wp-block-stackable-icon-list-item stk-block-icon-list-item stk-block stk-8be7da3\" data-block-id=\"8be7da3\"><div class=\"stk-block-icon-list-item__content\"><span class=\"stk--svg-wrapper\"><div class=\"stk--inner-svg\"><svg aria-hidden=\"true\" width=\"32\" height=\"32\"><use xlink:href=\"#stk-icon-list__icon-svg-def-2de5b8c\"><\/use><\/svg><\/div><\/span><span class=\"stk-block-icon-list-item__text\">Sichere beidseitige Fahrbahnen und eigene Radwege.<\/span><\/div><\/li>\n\n\n\n<li class=\"wp-block-stackable-icon-list-item stk-block-icon-list-item stk-block stk-677c61e\" data-block-id=\"677c61e\"><div class=\"stk-block-icon-list-item__content\"><span class=\"stk--svg-wrapper\"><div class=\"stk--inner-svg\"><svg aria-hidden=\"true\" width=\"32\" height=\"32\"><use xlink:href=\"#stk-icon-list__icon-svg-def-2de5b8c\"><\/use><\/svg><\/div><\/span><span class=\"stk-block-icon-list-item__text\">An historische Routen wie die Loire-Radweg angebunden, perfekt f\u00fcr famili\u00e4re Ausfl\u00fcge, sportliche Touren oder t\u00e4gliche Fahrten.<\/span><\/div><\/li>\n<\/ul><\/div>\n\n\n\n<div class=\"wp-block-stackable-text stk-block-text stk-block stk-9200bd0\" data-block-id=\"9200bd0\"><p class=\"stk-block-text__text\">\ud83d\udc49 Vom Campingplatz aus erreichen Sie diese Route in wenigen Minuten mit dem Fahrrad, um entlang der Loire zu fahren oder zu erreichen <a href=\"https:\/\/www.campinglesgranges.fr\/de\/campingtouren\/\" data-type=\"page\" data-id=\"194\">Touren<\/a> autofrei.<\/p><\/div>\n\n\n\n<div class=\"wp-block-stackable-text stk-block-text stk-block stk-2909438\" data-block-id=\"2909438\"><p class=\"stk-block-text__text\">Denken Sie an unsere\u00ab\u00a0<a href=\"https:\/\/www.campinglesgranges.fr\/de\/gamme\/chambretapes\/\" data-type=\"gamme\" data-id=\"8\">Schlafzimmer<\/a>\u00a0\u00bb 2 und 3 Schlafzimmer, um die Nacht trocken zu \u00fcberstehen! <\/p><\/div>\n<\/div><\/div><\/div>\n<\/div><\/div>\n\n\n\n<div class=\"wp-block-stackable-columns alignfull stk-block-columns stk-block stk-4f28c56 stk-block-background\" data-block-id=\"4f28c56\"><style>.stk-4f28c56 .stk--block-align-4f28c56{align-items:center !important;}.stk-4f28c56 {background-color:var(--stk-global-color-42219, #bce3f9) !important;border-top-left-radius:25px !important;border-top-right-radius:25px !important;border-bottom-right-radius:25px !important;border-bottom-left-radius:25px !important;overflow:hidden !important;box-shadow:2px 2px 10px 0px #0000004a !important;padding-top:var(--stk--preset--spacing--50, clamp(30px, 5vw, 50px)) !important;padding-bottom:var(--stk--preset--spacing--50, clamp(30px, 5vw, 50px)) !important;margin-bottom:var(--stk--preset--spacing--60, clamp(30px, 7vw, 70px)) !important;}.stk-4f28c56:before{background-color:var(--stk-global-color-42219, #bce3f9) !important;}.stk-4f28c56-column{max-width:1280px !important;min-width:auto !important;--stk-column-gap:var(--stk--preset--spacing--50, clamp(30px, 5vw, 50px)) !important;}<\/style><div class=\"stk-row stk-inner-blocks stk--block-align-4f28c56 stk-block-content stk-content-align stk-4f28c56-column alignwide\">\n<div class=\"wp-block-stackable-column stk-block-column stk-column stk-block stk-f63c99f\" data-v=\"4\" data-block-id=\"f63c99f\"><div class=\"stk-column-wrapper stk-block-column__content stk-container stk-f63c99f-container stk--no-background stk--no-padding\"><div class=\"stk-block-content stk-inner-blocks stk-f63c99f-inner-blocks\">\n<div class=\"wp-block-stackable-heading stk-block-heading stk-block-heading--v2 stk-block stk-1a3269d\" id=\"circuit-metropolitain-n-7-luynes-amp-vallee-de-la-bresme\" data-block-id=\"1a3269d\"><style>.stk-1a3269d .stk-block-heading__text{color:var(--stk-global-color-35744, #115390) !important;}<\/style><h2 class=\"stk-block-heading__text has-text-color\">Metropolregionale Route Nr. 7 \u2013 Luynes &amp; Tal der Bresme<\/h2><\/div>\n\n\n\n<div class=\"wp-block-stackable-text stk-block-text stk-block stk-6ada97e\" data-block-id=\"6ada97e\"><p class=\"stk-block-text__text\">Diese Schleife von ca. 15-16 km beginnt am <a href=\"https:\/\/www.campinglesgranges.fr\/de\/camping-in-luynes\/\" data-type=\"page\" data-id=\"170\">Zentrum von Luynes<\/a> und f\u00fchrt Sie durch Landschaften, W\u00e4lder, das Tal von Bresme und Les Traits, mit Ausblicken auf die Landschaft der Touraine.<\/p><\/div>\n\n\n\n<div class=\"wp-block-stackable-text stk-block-text stk-block stk-aaf1447\" data-block-id=\"aaf1447\"><p class=\"stk-block-text__text\"><strong>Ideal f\u00fcr:<\/strong><\/p><\/div>\n\n\n\n<div class=\"wp-block-stackable-icon-list stk-block-icon-list stk-block stk-98d0f48\" data-block-id=\"98d0f48\"><style>.stk-98d0f48 {--stk-icon-list-marker-color:var(--stk-global-color-35744, #115390) !important;--stk-icon-list-icon-size:6px !important;}.stk-98d0f48 .stk-block-icon-list-item__content{align-items:baseline !important;}<\/style><svg style=\"display:none\"><defs><g id=\"stk-icon-list__icon-svg-def-98d0f48\"><svg xmlns=\"http:\/\/www.w3.org\/2000\/svg\" viewbox=\"0 0 512 512\"><path d=\"M256 512A256 256 0 1 0 256 0a256 256 0 1 0 0 512z\"\/><\/svg><\/g><\/defs><\/svg><ul class=\"stk-block-icon-list__ul stk-block-icon-list--column\">\n<li class=\"wp-block-stackable-icon-list-item stk-block-icon-list-item stk-block stk-72c3016\" data-block-id=\"72c3016\"><div class=\"stk-block-icon-list-item__content\"><span class=\"stk--svg-wrapper\"><div class=\"stk--inner-svg\"><svg aria-hidden=\"true\" width=\"32\" height=\"32\"><use xlink:href=\"#stk-icon-list__icon-svg-def-98d0f48\"><\/use><\/svg><\/div><\/span><span class=\"stk-block-icon-list-item__text\">Eine lockere Ausfahrt von 1,5 Stunden mit dem Fahrrad oder Mountainbike.<\/span><\/div><\/li>\n\n\n\n<li class=\"wp-block-stackable-icon-list-item stk-block-icon-list-item stk-block stk-d030b4b\" data-block-id=\"d030b4b\"><div class=\"stk-block-icon-list-item__content\"><span class=\"stk--svg-wrapper\"><div class=\"stk--inner-svg\"><svg aria-hidden=\"true\" width=\"32\" height=\"32\"><use xlink:href=\"#stk-icon-list__icon-svg-def-98d0f48\"><\/use><\/svg><\/div><\/span><span class=\"stk-block-icon-list-item__text\">Entdecken Sie das lokale Erbe (gallor\u00f6mischer Aqu\u00e4dukt, alte Stadt Luynes).<\/span><\/div><\/li>\n<\/ul><\/div>\n\n\n\n<div class=\"wp-block-stackable-heading stk-block-heading stk-block-heading--v2 stk-block stk-960af6a\" id=\"plus-de-circuits-velo-autour-de-luynes\" data-block-id=\"960af6a\"><style>.stk-960af6a .stk-block-heading__text{color:var(--stk-global-color-35744, #115390) !important;}<\/style><h2 class=\"stk-block-heading__text has-text-color\">Mehr Radwege rund um Luynes<\/h2><\/div>\n\n\n\n<div class=\"wp-block-stackable-text stk-block-text stk-block stk-28b7291\" data-block-id=\"28b7291\"><p class=\"stk-block-text__text\">Die Gemeinde bietet 12 markierte Routen an, die von einfach bis anspruchsvoll reichen:<\/p><\/div>\n\n\n\n<div class=\"wp-block-stackable-icon-list stk-block-icon-list stk-block stk-6caec95\" data-block-id=\"6caec95\"><style>.stk-6caec95 {--stk-icon-list-marker-color:var(--stk-global-color-35744, #115390) !important;--stk-icon-list-icon-size:6px !important;}.stk-6caec95 .stk-block-icon-list-item__content{align-items:baseline !important;}<\/style><svg style=\"display:none\"><defs><g id=\"stk-icon-list__icon-svg-def-6caec95\"><svg xmlns=\"http:\/\/www.w3.org\/2000\/svg\" viewbox=\"0 0 512 512\"><path d=\"M256 512A256 256 0 1 0 256 0a256 256 0 1 0 0 512z\"\/><\/svg><\/g><\/defs><\/svg><ul class=\"stk-block-icon-list__ul stk-block-icon-list--column\">\n<li class=\"wp-block-stackable-icon-list-item stk-block-icon-list-item stk-block stk-1192d54\" data-block-id=\"1192d54\"><div class=\"stk-block-icon-list-item__content\"><span class=\"stk--svg-wrapper\"><div class=\"stk--inner-svg\"><svg aria-hidden=\"true\" width=\"32\" height=\"32\"><use xlink:href=\"#stk-icon-list__icon-svg-def-6caec95\"><\/use><\/svg><\/div><\/span><span class=\"stk-block-icon-list-item__text\"><strong>Dem Wasser entlang<\/strong> (~30 km) \u2014 l\u00e4nger das Wasser genie\u00dfen und die Landschaft auf sich wirken lassen.<\/span><\/div><\/li>\n\n\n\n<li class=\"wp-block-stackable-icon-list-item stk-block-icon-list-item stk-block stk-cca2ec7\" data-block-id=\"cca2ec7\"><div class=\"stk-block-icon-list-item__content\"><span class=\"stk--svg-wrapper\"><div class=\"stk--inner-svg\"><svg aria-hidden=\"true\" width=\"32\" height=\"32\"><use xlink:href=\"#stk-icon-list__icon-svg-def-6caec95\"><\/use><\/svg><\/div><\/span><span class=\"stk-block-icon-list-item__text\"><strong>Touraine Val de Loire<\/strong> (~25 km) \u2014 Entdeckung der H\u00fcgel und kleiner Stra\u00dfen.<\/span><\/div><\/li>\n\n\n\n<li class=\"wp-block-stackable-icon-list-item stk-block-icon-list-item stk-block stk-5e2e8a9\" data-block-id=\"5e2e8a9\"><div class=\"stk-block-icon-list-item__content\"><span class=\"stk--svg-wrapper\"><div class=\"stk--inner-svg\"><svg aria-hidden=\"true\" width=\"32\" height=\"32\"><use xlink:href=\"#stk-icon-list__icon-svg-def-6caec95\"><\/use><\/svg><\/div><\/span><span class=\"stk-block-icon-list-item__text\"><strong>Circuit Luynes &amp; Umgebung<\/strong> (~9,4 km) \u2014 perfekt f\u00fcr Familien.<\/span><\/div><\/li>\n<\/ul><\/div>\n\n\n\n<p data-block-type=\"core\">Dies ist eine hervorragende M\u00f6glichkeit, Natur, Kulturerbe und lokale Entdeckungen von Ihrer Basis auf dem Campingplatz aus zu verbinden.<\/p>\n<\/div><\/div><\/div>\n\n\n\n<div class=\"wp-block-stackable-column stk-block-column stk-column stk-block stk-80bd9da\" data-v=\"4\" data-block-id=\"80bd9da\"><div class=\"stk-column-wrapper stk-block-column__content stk-container stk-80bd9da-container stk--no-background stk--no-padding\"><div class=\"stk-block-content stk-inner-blocks stk-80bd9da-inner-blocks\">\n<div class=\"wp-block-stackable-image stk-block-image has-text-align-right stk-block stk-904e8bd\" data-block-id=\"904e8bd\"><style>.stk-904e8bd {margin-bottom:-40px !important;z-index:3 !important;}.stk-904e8bd .stk-img-wrapper{width:150px !important;}<\/style><figure><span class=\"stk-img-wrapper stk-image--shape-stretch\"><img loading=\"lazy\" decoding=\"async\" class=\"stk-img wp-image-143\" src=\"https:\/\/www.campinglesgranges.fr\/wp-content\/uploads\/2026\/03\/logo_camping-les-granges-3-1-1.png\" width=\"336\" height=\"286\" alt=\"Logo Camping Les Granges 3 1\" srcset=\"https:\/\/www.campinglesgranges.fr\/wp-content\/uploads\/2026\/03\/logo_camping-les-granges-3-1-1.png 336w, https:\/\/www.campinglesgranges.fr\/wp-content\/uploads\/2026\/03\/logo_camping-les-granges-3-1-1-300x255.png 300w\" sizes=\"auto, (max-width: 336px) 100vw, 336px\" \/><\/span><\/figure><\/div>\n\n\n\n<div class=\"wp-block-stackable-image stk-block-image stk-block stk-5333732\" data-block-id=\"5333732\"><style>.stk-5333732 .stk-img-wrapper{width:100% !important;height:600px !important;filter:drop-shadow(2px 2px 9px #00000070) !important;}.stk-5333732 .stk-img-wrapper img{border-radius:25px !important;}@media screen and (max-width: 767px){.stk-5333732 .stk-img-wrapper{height:400px !important;}}<\/style><figure><span class=\"stk-img-wrapper stk-image--shape-stretch stk--shadow-2px 2px 9px #00000070\"><img loading=\"lazy\" decoding=\"async\" class=\"stk-img wp-image-439\" src=\"https:\/\/www.campinglesgranges.fr\/wp-content\/uploads\/2026\/03\/41_groupe-en-velo-cave-de-la-sibylle-vignes_jean-christophe-coutand_2034-12-31_medium_webformat.webp\" width=\"1200\" height=\"799\" alt=\"Schloss an der Loire - Camping im Loiretal\" srcset=\"https:\/\/www.campinglesgranges.fr\/wp-content\/uploads\/2026\/03\/41_groupe-en-velo-cave-de-la-sibylle-vignes_jean-christophe-coutand_2034-12-31_medium_webformat.webp 1200w, https:\/\/www.campinglesgranges.fr\/wp-content\/uploads\/2026\/03\/41_groupe-en-velo-cave-de-la-sibylle-vignes_jean-christophe-coutand_2034-12-31_medium_webformat-300x200.webp 300w, https:\/\/www.campinglesgranges.fr\/wp-content\/uploads\/2026\/03\/41_groupe-en-velo-cave-de-la-sibylle-vignes_jean-christophe-coutand_2034-12-31_medium_webformat-1024x682.webp 1024w, https:\/\/www.campinglesgranges.fr\/wp-content\/uploads\/2026\/03\/41_groupe-en-velo-cave-de-la-sibylle-vignes_jean-christophe-coutand_2034-12-31_medium_webformat-768x511.webp 768w, https:\/\/www.campinglesgranges.fr\/wp-content\/uploads\/2026\/03\/41_groupe-en-velo-cave-de-la-sibylle-vignes_jean-christophe-coutand_2034-12-31_medium_webformat-500x333.webp 500w, https:\/\/www.campinglesgranges.fr\/wp-content\/uploads\/2026\/03\/41_groupe-en-velo-cave-de-la-sibylle-vignes_jean-christophe-coutand_2034-12-31_medium_webformat-800x533.webp 800w\" sizes=\"auto, (max-width: 1200px) 100vw, 1200px\" \/><\/span><\/figure><\/div>\n<\/div><\/div><\/div>\n<\/div><\/div>\n\n\n\n<div class=\"wp-block-stackable-columns alignfull stk-block-columns stk-block stk-7bb1780\" data-block-id=\"7bb1780\"><style>.stk-7bb1780 .stk--block-align-7bb1780{align-items:center !important;}.stk-7bb1780 {margin-bottom:var(--stk--preset--spacing--60, clamp(30px, 7vw, 70px)) !important;}.stk-7bb1780-column{max-width:1280px !important;min-width:auto !important;--stk-column-gap:var(--stk--preset--spacing--50, clamp(30px, 5vw, 50px)) !important;}<\/style><div class=\"stk-row stk-inner-blocks stk--block-align-7bb1780 stk-block-content stk-content-align stk-7bb1780-column alignwide\">\n<div class=\"wp-block-stackable-column stk-block-column stk-column stk-block stk-a803754\" data-v=\"4\" data-block-id=\"a803754\"><div class=\"stk-column-wrapper stk-block-column__content stk-container stk-a803754-container stk--no-background stk--no-padding\"><div class=\"stk-block-content stk-inner-blocks stk-a803754-inner-blocks\">\n<div class=\"wp-block-stackable-image stk-block-image stk-block stk-6bfb14a stk-block-background stk--has-background-overlay\" data-block-id=\"6bfb14a\"><style>.stk-6bfb14a {background-image:url(https:\/\/www.campinglesgranges.fr\/wp-content\/uploads\/2026\/03\/27_loire-a-velo-chateau-de-rigny-usse_jean-christophe-coutand_2032-12-31_medium_webformat.webp) !important;}.stk-6bfb14a .stk-img-wrapper{width:100% !important;height:686px !important;filter:drop-shadow(2px 2px 9px #00000070) !important;}.stk-6bfb14a .stk-img-wrapper img{border-radius:25px !important;}@media screen and (max-width: 767px){.stk-6bfb14a .stk-img-wrapper{height:400px !important;}}<\/style><style class=\"stk-custom-css\">.stk-6bfb14a.stk-block-image img{visibility:hidden !important}<\/style><figure><span class=\"stk-img-wrapper stk-image--shape-stretch stk--shadow-2px 2px 9px #00000070\"><img loading=\"lazy\" decoding=\"async\" class=\"stk-img wp-image-432\" src=\"https:\/\/www.campinglesgranges.fr\/wp-content\/uploads\/2026\/03\/27_loire-a-velo-chateau-de-rigny-usse_jean-christophe-coutand_2032-12-31_medium_webformat.webp\" width=\"1200\" height=\"799\" alt=\"Schloss an der Loire - Camping im Loiretal\" srcset=\"https:\/\/www.campinglesgranges.fr\/wp-content\/uploads\/2026\/03\/27_loire-a-velo-chateau-de-rigny-usse_jean-christophe-coutand_2032-12-31_medium_webformat.webp 1200w, https:\/\/www.campinglesgranges.fr\/wp-content\/uploads\/2026\/03\/27_loire-a-velo-chateau-de-rigny-usse_jean-christophe-coutand_2032-12-31_medium_webformat-300x200.webp 300w, https:\/\/www.campinglesgranges.fr\/wp-content\/uploads\/2026\/03\/27_loire-a-velo-chateau-de-rigny-usse_jean-christophe-coutand_2032-12-31_medium_webformat-1024x682.webp 1024w, https:\/\/www.campinglesgranges.fr\/wp-content\/uploads\/2026\/03\/27_loire-a-velo-chateau-de-rigny-usse_jean-christophe-coutand_2032-12-31_medium_webformat-768x511.webp 768w, https:\/\/www.campinglesgranges.fr\/wp-content\/uploads\/2026\/03\/27_loire-a-velo-chateau-de-rigny-usse_jean-christophe-coutand_2032-12-31_medium_webformat-500x333.webp 500w, https:\/\/www.campinglesgranges.fr\/wp-content\/uploads\/2026\/03\/27_loire-a-velo-chateau-de-rigny-usse_jean-christophe-coutand_2032-12-31_medium_webformat-800x533.webp 800w\" sizes=\"auto, (max-width: 1200px) 100vw, 1200px\" \/><\/span><\/figure><\/div>\n<\/div><\/div><\/div>\n\n\n\n<div class=\"wp-block-stackable-column stk-block-column stk-column stk-block stk-d7c2f54\" data-v=\"4\" data-block-id=\"d7c2f54\"><div class=\"stk-column-wrapper stk-block-column__content stk-container stk-d7c2f54-container stk--no-background stk--no-padding\"><div class=\"stk-block-content stk-inner-blocks stk-d7c2f54-inner-blocks\">\n<div class=\"wp-block-stackable-heading stk-block-heading stk-block-heading--v2 stk-block stk-1c72310\" id=\"balades-velo-a-proximite-immediate\" data-block-id=\"1c72310\"><h2 class=\"stk-block-heading__text\">Fahrradtouren in unmittelbarer N\u00e4he<\/h2><\/div>\n\n\n\n<div class=\"wp-block-stackable-heading stk-block-heading stk-block-heading--v2 stk-block stk-cb016a3\" id=\"loire-a-velo-itineraire-emblematique\" data-block-id=\"cb016a3\"><h3 class=\"stk-block-heading__text\">Loire \u00e0 V\u00e9lo \u2013 Ikonische Route<\/h3><\/div>\n\n\n\n<div class=\"wp-block-stackable-text stk-block-text stk-block stk-bf5e679\" data-block-id=\"bf5e679\"><p class=\"stk-block-text__text\">Der ber\u00fchmte Loire \u00e0 V\u00e9lo, eine internationale Touristenroute, f\u00fchrt in der N\u00e4he des Sektors (am Loireufer in der Agglomeration Tours) vorbei. Er ist ideal f\u00fcr l\u00e4ngere Ausfl\u00fcge nach Tours, Savonni\u00e8res, <a href=\"https:\/\/www.campinglesgranges.fr\/de\/amboise\/\" data-type=\"page\" data-id=\"199\">Amboise<\/a> oder sogar <a href=\"https:\/\/www.campinglesgranges.fr\/de\/blois\/\" data-type=\"page\" data-id=\"208\">Blois<\/a>.<\/p><\/div>\n\n\n\n<div class=\"wp-block-stackable-heading stk-block-heading stk-block-heading--v2 stk-block stk-1cb567b\" id=\"autres-parcours-komoot\" data-block-id=\"1cb567b\"><h3 class=\"stk-block-heading__text\">Weitere Komoot-Touren\u00ab<\/h3><\/div>\n\n\n\n<div class=\"wp-block-stackable-text stk-block-text stk-block stk-12d8d0d\" data-block-id=\"12d8d0d\"><p class=\"stk-block-text__text\">Die Plattform Komoot listet auch beliebte Routen rund um Luynes auf:<\/p><\/div>\n\n\n\n<div class=\"wp-block-stackable-icon-list stk-block-icon-list stk-block stk-07a8938\" data-block-id=\"07a8938\"><style>.stk-07a8938 {--stk-icon-list-marker-color:var(--stk-global-color-35744, #115390) !important;--stk-icon-list-icon-size:6px !important;}.stk-07a8938 .stk-block-icon-list-item__content{align-items:baseline !important;}<\/style><svg style=\"display:none\"><defs><g id=\"stk-icon-list__icon-svg-def-07a8938\"><svg xmlns=\"http:\/\/www.w3.org\/2000\/svg\" viewbox=\"0 0 512 512\"><path d=\"M256 512A256 256 0 1 0 256 0a256 256 0 1 0 0 512z\"\/><\/svg><\/g><\/defs><\/svg><ul class=\"stk-block-icon-list__ul stk-block-icon-list--column\">\n<li class=\"wp-block-stackable-icon-list-item stk-block-icon-list-item stk-block stk-ae864bf\" data-block-id=\"ae864bf\"><div class=\"stk-block-icon-list-item__content\"><span class=\"stk--svg-wrapper\"><div class=\"stk--inner-svg\"><svg aria-hidden=\"true\" width=\"32\" height=\"32\"><use xlink:href=\"#stk-icon-list__icon-svg-def-07a8938\"><\/use><\/svg><\/div><\/span><span class=\"stk-block-icon-list-item__text\">Runden um die gallo-r\u00f6mische Wasserleitung (~14 km),<\/span><\/div><\/li>\n\n\n\n<li class=\"wp-block-stackable-icon-list-item stk-block-icon-list-item stk-block stk-e1d8587\" data-block-id=\"e1d8587\"><div class=\"stk-block-icon-list-item__content\"><span class=\"stk--svg-wrapper\"><div class=\"stk--inner-svg\"><svg aria-hidden=\"true\" width=\"32\" height=\"32\"><use xlink:href=\"#stk-icon-list__icon-svg-def-07a8938\"><\/use><\/svg><\/div><\/span><span class=\"stk-block-icon-list-item__text\">L\u00e4ngere Schleifen nach Tours oder in die umliegende Landschaft (~45 km).<\/span><\/div><\/li>\n<\/ul><\/div>\n\n\n\n<div class=\"wp-block-stackable-heading stk-block-heading stk-block-heading--v2 stk-block stk-c1bf847\" id=\"services-velo-au-camping-les-granges\" data-block-id=\"c1bf847\"><h2 class=\"stk-block-heading__text\">Fahrradservice im Camping Les Granges<\/h2><\/div>\n\n\n\n<div class=\"wp-block-stackable-text stk-block-text stk-block stk-b015b3f\" data-block-id=\"b015b3f\"><p class=\"stk-block-text__text\">\ud83d\udd27 <strong>Fahrradverleih direkt auf dem Campingplatz<\/strong>, praktisch, um Ihre Ausfl\u00fcge zu beginnen, ohne Ihre Ausr\u00fcstung mitnehmen zu m\u00fcssen.<br>\ud83d\uddfa\ufe0f <strong>Tipps zu den besten Spazierg\u00e4ngen<\/strong>, lokale Routen, Schwierigkeitsgrade je nach Ihrer Gruppe.<br>\ud83d\udebf <strong>Duschen und R\u00e4ume <\/strong>um Ihre Fahrr\u00e4der nach Ihren Ausfl\u00fcgen zu reinigen.<br>\ud83e\ude91 <strong>Ruhezonen <\/strong>zur Planung Ihrer Fahrten entlang der Loire.<\/p><\/div>\n<\/div><\/div><\/div>\n<\/div><\/div>\n\n\n\n<div class=\"wp-block-stackable-columns alignfull stk-block-columns stk-block stk-1c14c6e stk-block-background\" data-block-id=\"1c14c6e\"><style>.stk-1c14c6e .stk--block-align-1c14c6e{align-items:center !important;}.stk-1c14c6e {background-color:var(--stk-global-color-42219, #bce3f9) !important;border-top-left-radius:25px !important;border-top-right-radius:25px !important;border-bottom-right-radius:25px !important;border-bottom-left-radius:25px !important;overflow:hidden !important;box-shadow:2px 2px 10px 0px #0000004a !important;padding-top:var(--stk--preset--spacing--50, clamp(30px, 5vw, 50px)) !important;padding-bottom:var(--stk--preset--spacing--50, clamp(30px, 5vw, 50px)) !important;margin-bottom:var(--stk--preset--spacing--60, clamp(30px, 7vw, 70px)) !important;}.stk-1c14c6e:before{background-color:var(--stk-global-color-42219, #bce3f9) !important;}.stk-1c14c6e-column{max-width:1280px !important;min-width:auto !important;--stk-column-gap:var(--stk--preset--spacing--50, clamp(30px, 5vw, 50px)) !important;}<\/style><div class=\"stk-row stk-inner-blocks stk--block-align-1c14c6e stk-block-content stk-content-align stk-1c14c6e-column alignwide\">\n<div class=\"wp-block-stackable-column stk-block-column stk-column stk-block stk-e6d235f\" data-v=\"4\" data-block-id=\"e6d235f\"><div class=\"stk-column-wrapper stk-block-column__content stk-container stk-e6d235f-container stk--no-background stk--no-padding\"><div class=\"stk-block-content stk-inner-blocks stk-e6d235f-inner-blocks\">\n<div class=\"wp-block-stackable-heading stk-block-heading stk-block-heading--v2 stk-block stk-feeac60\" id=\"rando-canoe\" data-block-id=\"feeac60\"><style>.stk-feeac60 .stk-block-heading__text{color:var(--stk-global-color-35744, #115390) !important;}<\/style><h2 class=\"stk-block-heading__text has-text-color\">Rando-Cano\u00eb<\/h2><\/div>\n\n\n\n<div class=\"wp-block-stackable-text stk-block-text stk-block stk-9162e06\" data-block-id=\"9162e06\"><p class=\"stk-block-text__text\">Eine mehrt\u00e4gige Loire-Abfahrt? Machen Sie Halt am Anlegesteg von Luynes, dem \u00abBouge au vin\u00bb, und \u00fcbernachten Sie im Campingplatz Les Granges. Wir holen Sie ab!<\/p><\/div>\n<\/div><\/div><\/div>\n\n\n\n<div class=\"wp-block-stackable-column stk-block-column stk-column stk-block stk-cc8d4b7\" data-v=\"4\" data-block-id=\"cc8d4b7\"><div class=\"stk-column-wrapper stk-block-column__content stk-container stk-cc8d4b7-container stk--no-background stk--no-padding\"><div class=\"stk-block-content stk-inner-blocks stk-cc8d4b7-inner-blocks\">\n<div class=\"wp-block-stackable-image stk-block-image has-text-align-right stk-block stk-426d296\" data-block-id=\"426d296\"><style>.stk-426d296 {margin-bottom:-40px !important;z-index:3 !important;}.stk-426d296 .stk-img-wrapper{width:150px !important;}<\/style><figure><span class=\"stk-img-wrapper stk-image--shape-stretch\"><img loading=\"lazy\" decoding=\"async\" class=\"stk-img wp-image-143\" src=\"https:\/\/www.campinglesgranges.fr\/wp-content\/uploads\/2026\/03\/logo_camping-les-granges-3-1-1.png\" width=\"336\" height=\"286\" alt=\"Logo Camping Les Granges 3 1\" srcset=\"https:\/\/www.campinglesgranges.fr\/wp-content\/uploads\/2026\/03\/logo_camping-les-granges-3-1-1.png 336w, https:\/\/www.campinglesgranges.fr\/wp-content\/uploads\/2026\/03\/logo_camping-les-granges-3-1-1-300x255.png 300w\" sizes=\"auto, (max-width: 336px) 100vw, 336px\" \/><\/span><\/figure><\/div>\n\n\n\n<div class=\"wp-block-stackable-image stk-block-image stk-block stk-ab56c9e\" data-block-id=\"ab56c9e\"><style>.stk-ab56c9e .stk-img-wrapper{width:100% !important;height:350px !important;filter:drop-shadow(2px 2px 9px #00000070) !important;}.stk-ab56c9e .stk-img-wrapper img{border-radius:25px !important;}@media screen and (max-width: 767px){.stk-ab56c9e .stk-img-wrapper{height:400px !important;}}<\/style><figure><span class=\"stk-img-wrapper stk-image--shape-stretch stk--shadow-2px 2px 9px #00000070\"><img loading=\"lazy\" decoding=\"async\" class=\"stk-img wp-image-840\" src=\"https:\/\/www.campinglesgranges.fr\/wp-content\/uploads\/2026\/04\/4_canoe-kayak-clan_jean-christophe-coutand_2029-12-31_medium_webformat.webp\" width=\"1000\" height=\"563\" alt=\"Schloss an der Loire - Camping im Loiretal nahe Wander- und Kanufahren\" srcset=\"https:\/\/www.campinglesgranges.fr\/wp-content\/uploads\/2026\/04\/4_canoe-kayak-clan_jean-christophe-coutand_2029-12-31_medium_webformat.webp 1000w, https:\/\/www.campinglesgranges.fr\/wp-content\/uploads\/2026\/04\/4_canoe-kayak-clan_jean-christophe-coutand_2029-12-31_medium_webformat-300x169.webp 300w, https:\/\/www.campinglesgranges.fr\/wp-content\/uploads\/2026\/04\/4_canoe-kayak-clan_jean-christophe-coutand_2029-12-31_medium_webformat-768x432.webp 768w, https:\/\/www.campinglesgranges.fr\/wp-content\/uploads\/2026\/04\/4_canoe-kayak-clan_jean-christophe-coutand_2029-12-31_medium_webformat-18x10.webp 18w, https:\/\/www.campinglesgranges.fr\/wp-content\/uploads\/2026\/04\/4_canoe-kayak-clan_jean-christophe-coutand_2029-12-31_medium_webformat-500x282.webp 500w, https:\/\/www.campinglesgranges.fr\/wp-content\/uploads\/2026\/04\/4_canoe-kayak-clan_jean-christophe-coutand_2029-12-31_medium_webformat-800x450.webp 800w\" sizes=\"auto, (max-width: 1000px) 100vw, 1000px\" \/><\/span><\/figure><\/div>\n<\/div><\/div><\/div>\n<\/div><\/div>\n\n\n\n<div class=\"wp-block-stackable-heading stk-block-heading stk-block-heading--v2 stk-block stk-1891ffb\" id=\"pistes-cyclables-et-balades-a-velo-pres-du-camping\" data-block-id=\"1891ffb\"><style>.stk-1891ffb .stk-block-heading__text{color:var(--stk-global-color-35744, #115390) !important;}<\/style><h2 class=\"stk-block-heading__text has-text-color has-text-align-center\">Radwege und Fahrradtouren in der N\u00e4he des Campingplatzes<\/h2><\/div>\n\n\n\n<div class=\"wp-block-stackable-columns alignfull stk-block-columns stk-block stk-eb56abd\" data-block-id=\"eb56abd\"><style>.stk-eb56abd {margin-bottom:var(--stk--preset--spacing--50, clamp(30px, 5vw, 50px)) !important;}.stk-eb56abd-column{max-width:1080px !important;min-width:auto !important;}@media screen and (max-width: 767px){.stk-eb56abd {margin-right:var(--stk--preset--spacing--20, 10px) !important;margin-left:var(--stk--preset--spacing--20, 10px) !important;}}<\/style><div class=\"stk-row stk-inner-blocks stk-block-content stk-content-align stk-eb56abd-column alignfull\">\n<div class=\"wp-block-stackable-column stk-block-column stk-column stk-block stk-186a0af\" data-v=\"4\" data-block-id=\"186a0af\"><div class=\"stk-column-wrapper stk-block-column__content stk-container stk-186a0af-container stk--no-background stk--no-padding\"><div class=\"stk-block-content stk-inner-blocks stk-186a0af-inner-blocks\">\n<details class=\"wp-block-stackable-accordion stk-block-accordion stk-inner-blocks stk-block-content stk--single-open stk-block stk-173513d stk-block-background is-style-default\" data-block-id=\"173513d\"><style>.stk-173513d {background-color:var(--stk-global-color-35744, #115390) !important;border-top-left-radius:var(--stk--preset--border-radius--x-large, 24px) !important;border-top-right-radius:var(--stk--preset--border-radius--x-large, 24px) !important;border-bottom-right-radius:var(--stk--preset--border-radius--x-large, 24px) !important;border-bottom-left-radius:var(--stk--preset--border-radius--x-large, 24px) !important;overflow:hidden !important;padding-top:var(--stk--preset--spacing--none, 0px) !important;padding-right:var(--stk--preset--spacing--none, 0px) !important;padding-bottom:var(--stk--preset--spacing--none, 0px) !important;padding-left:var(--stk--preset--spacing--none, 0px) !important;}.stk-173513d:before{background-color:var(--stk-global-color-35744, #115390) !important;}<\/style>\n<summary class=\"wp-block-stackable-column stk-block-column stk-column stk-block stk-c377926 stk--container-small stk-block-accordion__heading\" data-v=\"4\" data-block-id=\"c377926\"><style>.stk-c377926 {border-top-left-radius:var(--stk--preset--border-radius--none, 0px) !important;border-top-right-radius:var(--stk--preset--border-radius--none, 0px) !important;border-bottom-right-radius:var(--stk--preset--border-radius--none, 0px) !important;border-bottom-left-radius:var(--stk--preset--border-radius--none, 0px) !important;overflow:hidden !important;}.stk-c377926-container{background-color:var(--stk-global-color-35744, #115390) !important;padding-top:var(--stk--preset--spacing--none, 0px) !important;padding-right:var(--stk--preset--spacing--20, 10px) !important;padding-bottom:var(--stk--preset--spacing--none, 0px) !important;padding-left:var(--stk--preset--spacing--20, 10px) !important;}.stk-c377926-container:before{background-color:var(--stk-global-color-35744, #115390) !important;}<\/style><div class=\"stk-column-wrapper stk-block-column__content stk-container stk-c377926-container stk-hover-parent\"><div class=\"stk-block-content stk-inner-blocks stk-c377926-inner-blocks\">\n<div class=\"wp-block-stackable-icon-label stk-block-icon-label stk-block stk-0252297\" data-block-id=\"0252297\"><div class=\"stk-row stk-inner-blocks stk-block-content\">\n<div class=\"wp-block-stackable-heading stk-block-heading stk-block-heading--v2 stk-block stk-59728af\" id=\"existe-t-il-une-piste-cyclable-securisee-jusqua-tours\" data-block-id=\"59728af\"><style>.stk-59728af .stk-block-heading__text{color:#fffffe !important;font-weight:900 !important;}<\/style><p class=\"stk-block-heading__text has-text-color\">Gibt es einen sicheren Radweg bis nach Tours?<\/p><\/div>\n\n\n\n<div class=\"wp-block-stackable-icon stk-block-icon stk-block stk-3b5bc81\" data-block-id=\"3b5bc81\"><style>.stk-3b5bc81 .stk--svg-wrapper .stk--inner-svg svg:last-child{height:35px !important;width:35px !important;}.stk-3b5bc81 .stk--svg-wrapper .stk--inner-svg svg:last-child, .stk-3b5bc81 .stk--svg-wrapper .stk--inner-svg svg:last-child :is(g, path, rect, polygon, ellipse){fill:var(--stk-global-color-42219, #bce3f9) !important;}<\/style><span class=\"stk--svg-wrapper\"><div class=\"stk--inner-svg\"><svg style=\"height:0;width:0\"><defs><lineargradient id=\"linear-gradient-3b5bc81\" x1=\"0\" x2=\"100%\" y1=\"0\" y2=\"0\"><stop offset=\"0%\" style=\"stop-opacity:1;stop-color:var(--linear-gradient-3-b-5-bc-81-color-1)\"><\/stop><stop offset=\"100%\" style=\"stop-opacity:1;stop-color:var(--linear-gradient-3-b-5-bc-81-color-2)\"><\/stop><\/lineargradient><\/defs><\/svg><svg xmlns=\"http:\/\/www.w3.org\/2000\/svg\" viewbox=\"0 0 448 512\" aria-hidden=\"true\" width=\"32\" height=\"32\"><path d=\"M256 80c0-17.7-14.3-32-32-32s-32 14.3-32 32V224H48c-17.7 0-32 14.3-32 32s14.3 32 32 32H192V432c0 17.7 14.3 32 32 32s32-14.3 32-32V288H400c17.7 0 32-14.3 32-32s-14.3-32-32-32H256V80z\"\/><\/svg><\/div><\/span><\/div>\n<\/div><\/div>\n<\/div><\/div><\/summary>\n\n\n\n<div class=\"wp-block-stackable-column stk-block-column stk-column stk-block stk-6c436d4 stk-block-accordion__content\" data-v=\"4\" data-block-id=\"6c436d4\"><style>.stk-6c436d4-container{padding-top:var(--stk--preset--spacing--none, 0px) !important;padding-right:var(--stk--preset--spacing--20, 10px) !important;padding-bottom:var(--stk--preset--spacing--20, 10px) !important;padding-left:var(--stk--preset--spacing--20, 10px) !important;}<\/style><div class=\"stk-column-wrapper stk-block-column__content stk-container stk-6c436d4-container stk--no-background stk--no-padding\"><div class=\"stk-block-content stk-inner-blocks stk-6c436d4-inner-blocks\">\n<div class=\"wp-block-stackable-text stk-block-text stk-block stk-7662a08\" data-block-id=\"7662a08\"><style>.stk-7662a08 .stk-block-text__text{color:#fffffe !important;}<\/style><p class=\"stk-block-text__text has-text-color\">Ja \u2013 das V\u00e9lival-Netzwerk Nr. 9 und die Radwegeanbindungen nach Tours und zur Loire \u00e0 V\u00e9lo erm\u00f6glichen die sichere Anfahrt, perfekt f\u00fcr einen Einkaufs- oder Kulturausflug.<\/p><\/div>\n<\/div><\/div><\/div>\n<\/details>\n\n\n\n<details class=\"wp-block-stackable-accordion stk-block-accordion stk-inner-blocks stk-block-content stk--single-open stk-block stk-e2c5d68 stk-block-background is-style-default\" data-block-id=\"e2c5d68\"><style>.stk-e2c5d68 {background-color:var(--stk-global-color-35744, #115390) !important;border-top-left-radius:var(--stk--preset--border-radius--x-large, 24px) !important;border-top-right-radius:var(--stk--preset--border-radius--x-large, 24px) !important;border-bottom-right-radius:var(--stk--preset--border-radius--x-large, 24px) !important;border-bottom-left-radius:var(--stk--preset--border-radius--x-large, 24px) !important;overflow:hidden !important;padding-top:var(--stk--preset--spacing--none, 0px) !important;padding-right:var(--stk--preset--spacing--none, 0px) !important;padding-bottom:var(--stk--preset--spacing--none, 0px) !important;padding-left:var(--stk--preset--spacing--none, 0px) !important;}.stk-e2c5d68:before{background-color:var(--stk-global-color-35744, #115390) !important;}<\/style>\n<summary class=\"wp-block-stackable-column stk-block-column stk-column stk-block stk-83c1547 stk--container-small stk-block-accordion__heading\" data-v=\"4\" data-block-id=\"83c1547\"><style>.stk-83c1547 {border-top-left-radius:var(--stk--preset--border-radius--none, 0px) !important;border-top-right-radius:var(--stk--preset--border-radius--none, 0px) !important;border-bottom-right-radius:var(--stk--preset--border-radius--none, 0px) !important;border-bottom-left-radius:var(--stk--preset--border-radius--none, 0px) !important;overflow:hidden !important;}.stk-83c1547-container{background-color:var(--stk-global-color-35744, #115390) !important;padding-top:var(--stk--preset--spacing--none, 0px) !important;padding-right:var(--stk--preset--spacing--20, 10px) !important;padding-bottom:var(--stk--preset--spacing--none, 0px) !important;padding-left:var(--stk--preset--spacing--20, 10px) !important;}.stk-83c1547-container:before{background-color:var(--stk-global-color-35744, #115390) !important;}<\/style><div class=\"stk-column-wrapper stk-block-column__content stk-container stk-83c1547-container stk-hover-parent\"><div class=\"stk-block-content stk-inner-blocks stk-83c1547-inner-blocks\">\n<div class=\"wp-block-stackable-icon-label stk-block-icon-label stk-block stk-fd1cef7\" data-block-id=\"fd1cef7\"><div class=\"stk-row stk-inner-blocks stk-block-content\">\n<div class=\"wp-block-stackable-heading stk-block-heading stk-block-heading--v2 stk-block stk-88bde14\" id=\"quel-niveau-pour-les-balades-autour-de-luynes\" data-block-id=\"88bde14\"><style>.stk-88bde14 .stk-block-heading__text{color:#fffffe !important;font-weight:800 !important;}<\/style><p class=\"stk-block-heading__text has-text-color\">Welches Niveau f\u00fcr Spazierg\u00e4nge rund um Luynes?<\/p><\/div>\n\n\n\n<div class=\"wp-block-stackable-icon stk-block-icon stk-block stk-6282d14\" data-block-id=\"6282d14\"><style>.stk-6282d14 .stk--svg-wrapper .stk--inner-svg svg:last-child{height:35px !important;width:35px !important;}.stk-6282d14 .stk--svg-wrapper .stk--inner-svg svg:last-child, .stk-6282d14 .stk--svg-wrapper .stk--inner-svg svg:last-child :is(g, path, rect, polygon, ellipse){fill:var(--stk-global-color-42219, #bce3f9) !important;}<\/style><span class=\"stk--svg-wrapper\"><div class=\"stk--inner-svg\"><svg style=\"height:0;width:0\"><defs><lineargradient id=\"linear-gradient-6282d14\" x1=\"0\" x2=\"100%\" y1=\"0\" y2=\"0\"><stop offset=\"0%\" style=\"stop-opacity:1;stop-color:var(--linear-gradient-6282-d-14-color-1)\"><\/stop><stop offset=\"100%\" style=\"stop-opacity:1;stop-color:var(--linear-gradient-6282-d-14-color-2)\"><\/stop><\/lineargradient><\/defs><\/svg><svg xmlns=\"http:\/\/www.w3.org\/2000\/svg\" viewbox=\"0 0 448 512\" aria-hidden=\"true\" width=\"32\" height=\"32\"><path d=\"M256 80c0-17.7-14.3-32-32-32s-32 14.3-32 32V224H48c-17.7 0-32 14.3-32 32s14.3 32 32 32H192V432c0 17.7 14.3 32 32 32s32-14.3 32-32V288H400c17.7 0 32-14.3 32-32s-14.3-32-32-32H256V80z\"\/><\/svg><\/div><\/span><\/div>\n<\/div><\/div>\n<\/div><\/div><\/summary>\n\n\n\n<div class=\"wp-block-stackable-column stk-block-column stk-column stk-block stk-dde5366 stk-block-accordion__content\" data-v=\"4\" data-block-id=\"dde5366\"><style>.stk-dde5366-container{padding-top:var(--stk--preset--spacing--none, 0px) !important;padding-right:var(--stk--preset--spacing--20, 10px) !important;padding-bottom:var(--stk--preset--spacing--20, 10px) !important;padding-left:var(--stk--preset--spacing--20, 10px) !important;}<\/style><div class=\"stk-column-wrapper stk-block-column__content stk-container stk-dde5366-container stk--no-background stk--no-padding\"><div class=\"stk-block-content stk-inner-blocks stk-dde5366-inner-blocks\">\n<div class=\"wp-block-stackable-text stk-block-text stk-block stk-d4b6c71\" data-block-id=\"d4b6c71\"><style>.stk-d4b6c71 .stk-block-text__text{color:#fffffe !important;}<\/style><p class=\"stk-block-text__text has-text-color\">Die Region bietet leichte bis mittelschwere Routen, die sich f\u00fcr Familien oder Hobbyradler eignen. F\u00fcr die Sportlicheren stehen l\u00e4ngere Rundstrecken oder Panoramastra\u00dfen zur Verf\u00fcgung.<\/p><\/div>\n<\/div><\/div><\/div>\n<\/details>\n\n\n\n<details class=\"wp-block-stackable-accordion stk-block-accordion stk-inner-blocks stk-block-content stk--single-open stk-block stk-b67e582 stk-block-background is-style-default\" data-block-id=\"b67e582\"><style>.stk-b67e582 {background-color:var(--stk-global-color-35744, #115390) !important;border-top-left-radius:var(--stk--preset--border-radius--x-large, 24px) !important;border-top-right-radius:var(--stk--preset--border-radius--x-large, 24px) !important;border-bottom-right-radius:var(--stk--preset--border-radius--x-large, 24px) !important;border-bottom-left-radius:var(--stk--preset--border-radius--x-large, 24px) !important;overflow:hidden !important;padding-top:var(--stk--preset--spacing--none, 0px) !important;padding-right:var(--stk--preset--spacing--none, 0px) !important;padding-bottom:var(--stk--preset--spacing--none, 0px) !important;padding-left:var(--stk--preset--spacing--none, 0px) !important;}.stk-b67e582:before{background-color:var(--stk-global-color-35744, #115390) !important;}<\/style>\n<summary class=\"wp-block-stackable-column stk-block-column stk-column stk-block stk-6fbc3e6 stk--container-small stk-block-accordion__heading\" data-v=\"4\" data-block-id=\"6fbc3e6\"><style>.stk-6fbc3e6 {border-top-left-radius:var(--stk--preset--border-radius--none, 0px) !important;border-top-right-radius:var(--stk--preset--border-radius--none, 0px) !important;border-bottom-right-radius:var(--stk--preset--border-radius--none, 0px) !important;border-bottom-left-radius:var(--stk--preset--border-radius--none, 0px) !important;overflow:hidden !important;}.stk-6fbc3e6-container{background-color:var(--stk-global-color-35744, #115390) !important;padding-top:var(--stk--preset--spacing--none, 0px) !important;padding-right:var(--stk--preset--spacing--20, 10px) !important;padding-bottom:var(--stk--preset--spacing--none, 0px) !important;padding-left:var(--stk--preset--spacing--20, 10px) !important;}.stk-6fbc3e6-container:before{background-color:var(--stk-global-color-35744, #115390) !important;}<\/style><div class=\"stk-column-wrapper stk-block-column__content stk-container stk-6fbc3e6-container stk-hover-parent\"><div class=\"stk-block-content stk-inner-blocks stk-6fbc3e6-inner-blocks\">\n<div class=\"wp-block-stackable-icon-label stk-block-icon-label stk-block stk-42be80f\" data-block-id=\"42be80f\"><div class=\"stk-row stk-inner-blocks stk-block-content\">\n<div class=\"wp-block-stackable-heading stk-block-heading stk-block-heading--v2 stk-block stk-ef15866\" id=\"peut-on-acceder-a-la-loire-a-velo-depuis-le-camping\" data-block-id=\"ef15866\"><style>.stk-ef15866 .stk-block-heading__text{color:#fffffe !important;font-weight:800 !important;}<\/style><p class=\"stk-block-heading__text has-text-color\">Kann man vom Campingplatz aus auf die Loire \u00e0 V\u00e9lo zugreifen?<\/p><\/div>\n\n\n\n<div class=\"wp-block-stackable-icon stk-block-icon stk-block stk-32b9acf\" data-block-id=\"32b9acf\"><style>.stk-32b9acf .stk--svg-wrapper .stk--inner-svg svg:last-child{height:35px !important;width:35px !important;}.stk-32b9acf .stk--svg-wrapper .stk--inner-svg svg:last-child, .stk-32b9acf .stk--svg-wrapper .stk--inner-svg svg:last-child :is(g, path, rect, polygon, ellipse){fill:var(--stk-global-color-42219, #bce3f9) !important;}<\/style><span class=\"stk--svg-wrapper\"><div class=\"stk--inner-svg\"><svg style=\"height:0;width:0\"><defs><lineargradient id=\"linear-gradient-32b9acf\" x1=\"0\" x2=\"100%\" y1=\"0\" y2=\"0\"><stop offset=\"0%\" style=\"stop-opacity:1;stop-color:var(--linear-gradient-32-b-9-acf-color-1)\"><\/stop><stop offset=\"100%\" style=\"stop-opacity:1;stop-color:var(--linear-gradient-32-b-9-acf-color-2)\"><\/stop><\/lineargradient><\/defs><\/svg><svg xmlns=\"http:\/\/www.w3.org\/2000\/svg\" viewbox=\"0 0 448 512\" aria-hidden=\"true\" width=\"32\" height=\"32\"><path d=\"M256 80c0-17.7-14.3-32-32-32s-32 14.3-32 32V224H48c-17.7 0-32 14.3-32 32s14.3 32 32 32H192V432c0 17.7 14.3 32 32 32s32-14.3 32-32V288H400c17.7 0 32-14.3 32-32s-14.3-32-32-32H256V80z\"\/><\/svg><\/div><\/span><\/div>\n<\/div><\/div>\n<\/div><\/div><\/summary>\n\n\n\n<div class=\"wp-block-stackable-column stk-block-column stk-column stk-block stk-f27f5e2 stk-block-accordion__content\" data-v=\"4\" data-block-id=\"f27f5e2\"><style>.stk-f27f5e2-container{padding-top:var(--stk--preset--spacing--none, 0px) !important;padding-right:var(--stk--preset--spacing--20, 10px) !important;padding-bottom:var(--stk--preset--spacing--20, 10px) !important;padding-left:var(--stk--preset--spacing--20, 10px) !important;}<\/style><div class=\"stk-column-wrapper stk-block-column__content stk-container stk-f27f5e2-container stk--no-background stk--no-padding\"><div class=\"stk-block-content stk-inner-blocks stk-f27f5e2-inner-blocks\">\n<div class=\"wp-block-stackable-text stk-block-text stk-block stk-3176688\" data-block-id=\"3176688\"><style>.stk-3176688 .stk-block-text__text{color:#fffffe !important;}<\/style><p class=\"stk-block-text__text has-text-color\">Ja: Der Campingplatz liegt in der N\u00e4he der gr\u00fcnen Wege und des Hauptradwegenetzes im Loiretal, was den Zugang zu La Loire \u00e0 V\u00e9lo f\u00fcr Tagesausfl\u00fcge oder l\u00e4ngere Touren erleichtert.<\/p><\/div>\n<\/div><\/div><\/div>\n<\/details>\n\n\n\n<details class=\"wp-block-stackable-accordion stk-block-accordion stk-inner-blocks stk-block-content stk--single-open stk-block stk-ea27b75 stk-block-background is-style-default\" data-block-id=\"ea27b75\"><style>.stk-ea27b75 {background-color:var(--stk-global-color-35744, #115390) !important;border-top-left-radius:var(--stk--preset--border-radius--x-large, 24px) !important;border-top-right-radius:var(--stk--preset--border-radius--x-large, 24px) !important;border-bottom-right-radius:var(--stk--preset--border-radius--x-large, 24px) !important;border-bottom-left-radius:var(--stk--preset--border-radius--x-large, 24px) !important;overflow:hidden !important;padding-top:var(--stk--preset--spacing--none, 0px) !important;padding-right:var(--stk--preset--spacing--none, 0px) !important;padding-bottom:var(--stk--preset--spacing--none, 0px) !important;padding-left:var(--stk--preset--spacing--none, 0px) !important;}.stk-ea27b75:before{background-color:var(--stk-global-color-35744, #115390) !important;}<\/style>\n<summary class=\"wp-block-stackable-column stk-block-column stk-column stk-block stk-a2322c5 stk--container-small stk-block-accordion__heading\" data-v=\"4\" data-block-id=\"a2322c5\"><style>.stk-a2322c5 {border-top-left-radius:var(--stk--preset--border-radius--none, 0px) !important;border-top-right-radius:var(--stk--preset--border-radius--none, 0px) !important;border-bottom-right-radius:var(--stk--preset--border-radius--none, 0px) !important;border-bottom-left-radius:var(--stk--preset--border-radius--none, 0px) !important;overflow:hidden !important;}.stk-a2322c5-container{background-color:var(--stk-global-color-35744, #115390) !important;padding-top:var(--stk--preset--spacing--none, 0px) !important;padding-right:var(--stk--preset--spacing--20, 10px) !important;padding-bottom:var(--stk--preset--spacing--none, 0px) !important;padding-left:var(--stk--preset--spacing--20, 10px) !important;}.stk-a2322c5-container:before{background-color:var(--stk-global-color-35744, #115390) !important;}<\/style><div class=\"stk-column-wrapper stk-block-column__content stk-container stk-a2322c5-container stk-hover-parent\"><div class=\"stk-block-content stk-inner-blocks stk-a2322c5-inner-blocks\">\n<div class=\"wp-block-stackable-icon-label stk-block-icon-label stk-block stk-4a63049\" data-block-id=\"4a63049\"><div class=\"stk-row stk-inner-blocks stk-block-content\">\n<div class=\"wp-block-stackable-heading stk-block-heading stk-block-heading--v2 stk-block stk-50f8a31\" id=\"y-a-t-il-des-pistes-cyclables-amenagees-le-long-de-la-loire-recemment\" data-block-id=\"50f8a31\"><style>.stk-50f8a31 .stk-block-heading__text{color:#fffffe !important;font-weight:800 !important;}<\/style><p class=\"stk-block-heading__text has-text-color\">Gibt es entlang der Loire k\u00fcrzlich angelegte Radwege?<\/p><\/div>\n\n\n\n<div class=\"wp-block-stackable-icon stk-block-icon stk-block stk-aa64243\" data-block-id=\"aa64243\"><style>.stk-aa64243 .stk--svg-wrapper .stk--inner-svg svg:last-child{height:35px !important;width:35px !important;}.stk-aa64243 .stk--svg-wrapper .stk--inner-svg svg:last-child, .stk-aa64243 .stk--svg-wrapper .stk--inner-svg svg:last-child :is(g, path, rect, polygon, ellipse){fill:var(--stk-global-color-42219, #bce3f9) !important;}<\/style><span class=\"stk--svg-wrapper\"><div class=\"stk--inner-svg\"><svg style=\"height:0;width:0\"><defs><lineargradient id=\"linear-gradient-aa64243\" x1=\"0\" x2=\"100%\" y1=\"0\" y2=\"0\"><stop offset=\"0%\" style=\"stop-opacity:1;stop-color:var(--linear-gradient-aa-64243-color-1)\"><\/stop><stop offset=\"100%\" style=\"stop-opacity:1;stop-color:var(--linear-gradient-aa-64243-color-2)\"><\/stop><\/lineargradient><\/defs><\/svg><svg xmlns=\"http:\/\/www.w3.org\/2000\/svg\" viewbox=\"0 0 448 512\" aria-hidden=\"true\" width=\"32\" height=\"32\"><path d=\"M256 80c0-17.7-14.3-32-32-32s-32 14.3-32 32V224H48c-17.7 0-32 14.3-32 32s14.3 32 32 32H192V432c0 17.7 14.3 32 32 32s32-14.3 32-32V288H400c17.7 0 32-14.3 32-32s-14.3-32-32-32H256V80z\"\/><\/svg><\/div><\/span><\/div>\n<\/div><\/div>\n<\/div><\/div><\/summary>\n\n\n\n<div class=\"wp-block-stackable-column stk-block-column stk-column stk-block stk-ec349d3 stk-block-accordion__content\" data-v=\"4\" data-block-id=\"ec349d3\"><style>.stk-ec349d3-container{padding-top:var(--stk--preset--spacing--none, 0px) !important;padding-right:var(--stk--preset--spacing--20, 10px) !important;padding-bottom:var(--stk--preset--spacing--20, 10px) !important;padding-left:var(--stk--preset--spacing--20, 10px) !important;}<\/style><div class=\"stk-column-wrapper stk-block-column__content stk-container stk-ec349d3-container stk--no-background stk--no-padding\"><div class=\"stk-block-content stk-inner-blocks stk-ec349d3-inner-blocks\">\n<div class=\"wp-block-stackable-text stk-block-text stk-block stk-01c04d4\" data-block-id=\"01c04d4\"><style>.stk-01c04d4 .stk-block-text__text{color:#fffffe !important;}<\/style><p class=\"stk-block-text__text has-text-color\">Ja \u2014 die Ausbauarbeiten des V\u00e9lival-Netzes (Fr\u00fchjahr 2025) beinhalten eigene Radwege entlang der Loire, die die Sicherheit und das Radfahrerlebnis zwischen Luynes und den umliegenden Gemeinden verbessern werden.<\/p><\/div>\n<\/div><\/div><\/div>\n<\/details>\n\n\n\n<details class=\"wp-block-stackable-accordion stk-block-accordion stk-inner-blocks stk-block-content stk--single-open stk-block stk-fa5adcb stk-block-background is-style-default\" data-block-id=\"fa5adcb\"><style>.stk-fa5adcb {background-color:var(--stk-global-color-35744, #115390) !important;border-top-left-radius:var(--stk--preset--border-radius--x-large, 24px) !important;border-top-right-radius:var(--stk--preset--border-radius--x-large, 24px) !important;border-bottom-right-radius:var(--stk--preset--border-radius--x-large, 24px) !important;border-bottom-left-radius:var(--stk--preset--border-radius--x-large, 24px) !important;overflow:hidden !important;padding-top:var(--stk--preset--spacing--none, 0px) !important;padding-right:var(--stk--preset--spacing--none, 0px) !important;padding-bottom:var(--stk--preset--spacing--none, 0px) !important;padding-left:var(--stk--preset--spacing--none, 0px) !important;}.stk-fa5adcb:before{background-color:var(--stk-global-color-35744, #115390) !important;}<\/style>\n<summary class=\"wp-block-stackable-column stk-block-column stk-column stk-block stk-f808b95 stk--container-small stk-block-accordion__heading\" data-v=\"4\" data-block-id=\"f808b95\"><style>.stk-f808b95 {border-top-left-radius:var(--stk--preset--border-radius--none, 0px) !important;border-top-right-radius:var(--stk--preset--border-radius--none, 0px) !important;border-bottom-right-radius:var(--stk--preset--border-radius--none, 0px) !important;border-bottom-left-radius:var(--stk--preset--border-radius--none, 0px) !important;overflow:hidden !important;}.stk-f808b95-container{background-color:var(--stk-global-color-35744, #115390) !important;padding-top:var(--stk--preset--spacing--none, 0px) !important;padding-right:var(--stk--preset--spacing--20, 10px) !important;padding-bottom:var(--stk--preset--spacing--none, 0px) !important;padding-left:var(--stk--preset--spacing--20, 10px) !important;}.stk-f808b95-container:before{background-color:var(--stk-global-color-35744, #115390) !important;}<\/style><div class=\"stk-column-wrapper stk-block-column__content stk-container stk-f808b95-container stk-hover-parent\"><div class=\"stk-block-content stk-inner-blocks stk-f808b95-inner-blocks\">\n<div class=\"wp-block-stackable-icon-label stk-block-icon-label stk-block stk-21c6f14\" data-block-id=\"21c6f14\"><div class=\"stk-row stk-inner-blocks stk-block-content\">\n<div class=\"wp-block-stackable-heading stk-block-heading stk-block-heading--v2 stk-block stk-e86dee6\" id=\"est-il-possible-de-passer-une-nuit-dans-une-chambre-pour-un-ou-plusieurs-randonneurs\" data-block-id=\"e86dee6\"><style>.stk-e86dee6 .stk-block-heading__text{color:#fffffe !important;font-weight:800 !important;}<\/style><p class=\"stk-block-heading__text has-text-color\">Gibt es die M\u00f6glichkeit, eine Nacht in einem Zimmer f\u00fcr ein oder mehrere Wanderer zu verbringen?<\/p><\/div>\n\n\n\n<div class=\"wp-block-stackable-icon stk-block-icon stk-block stk-0efb482\" data-block-id=\"0efb482\"><style>.stk-0efb482 .stk--svg-wrapper .stk--inner-svg svg:last-child{height:35px !important;width:35px !important;}.stk-0efb482 .stk--svg-wrapper .stk--inner-svg svg:last-child, .stk-0efb482 .stk--svg-wrapper .stk--inner-svg svg:last-child :is(g, path, rect, polygon, ellipse){fill:var(--stk-global-color-42219, #bce3f9) !important;}<\/style><span class=\"stk--svg-wrapper\"><div class=\"stk--inner-svg\"><svg style=\"height:0;width:0\"><defs><lineargradient id=\"linear-gradient-0efb482\" x1=\"0\" x2=\"100%\" y1=\"0\" y2=\"0\"><stop offset=\"0%\" style=\"stop-opacity:1;stop-color:var(--linear-gradient-0-efb-482-color-1)\"><\/stop><stop offset=\"100%\" style=\"stop-opacity:1;stop-color:var(--linear-gradient-0-efb-482-color-2)\"><\/stop><\/lineargradient><\/defs><\/svg><svg xmlns=\"http:\/\/www.w3.org\/2000\/svg\" viewbox=\"0 0 448 512\" aria-hidden=\"true\" width=\"32\" height=\"32\"><path d=\"M256 80c0-17.7-14.3-32-32-32s-32 14.3-32 32V224H48c-17.7 0-32 14.3-32 32s14.3 32 32 32H192V432c0 17.7 14.3 32 32 32s32-14.3 32-32V288H400c17.7 0 32-14.3 32-32s-14.3-32-32-32H256V80z\"\/><\/svg><\/div><\/span><\/div>\n<\/div><\/div>\n<\/div><\/div><\/summary>\n\n\n\n<div class=\"wp-block-stackable-column stk-block-column stk-column stk-block stk-171fd54 stk-block-accordion__content\" data-v=\"4\" data-block-id=\"171fd54\"><style>.stk-171fd54-container{padding-top:var(--stk--preset--spacing--none, 0px) !important;padding-right:var(--stk--preset--spacing--20, 10px) !important;padding-bottom:var(--stk--preset--spacing--20, 10px) !important;padding-left:var(--stk--preset--spacing--20, 10px) !important;}<\/style><div class=\"stk-column-wrapper stk-block-column__content stk-container stk-171fd54-container stk--no-background stk--no-padding\"><div class=\"stk-block-content stk-inner-blocks stk-171fd54-inner-blocks\">\n<div class=\"wp-block-stackable-text stk-block-text stk-block stk-7f4a983\" data-block-id=\"7f4a983\"><style>.stk-7f4a983 .stk-block-text__text{color:#fffffe !important;}<\/style><p class=\"stk-block-text__text has-text-color\">Ja, buchen Sie eine unserer beiden <a href=\"https:\/\/www.campinglesgranges.fr\/de\/hebergement\/chambretape-3-personnes\/\" data-type=\"hebergement\" data-id=\"675\">Schlafzimmer<\/a> f\u00fcr eine Nacht und eine trockene, warme Nacht!<\/p><\/div>\n<\/div><\/div><\/div>\n<\/details>\n<\/div><\/div><\/div>\n<\/div><\/div>","protected":false},"excerpt":{"rendered":"<p>Itin\u00e9raire cyclable structurant V\u00e9lival \u2013 n\u00b09 Une nouvelle piste cyclable moderne connectant Rochecorbon \u00e0 Saint \u00c9tienne de Chigny traverse d\u00e9sormais Luynes dans le cadre du r\u00e9seau V\u00e9lival, d\u00e9velopp\u00e9 par Tours M\u00e9tropole Val de Loire. Caract\u00e9ristiques principales : \ud83d\udc49 Depuis le camping, vous pouvez rejoindre cet itin\u00e9raire en quelques minutes \u00e0 v\u00e9lo pour longer la Loire [&hellip;]<\/p>\n","protected":false},"author":1,"featured_media":56,"parent":186,"menu_order":0,"comment_status":"closed","ping_status":"closed","template":"","meta":{"_acf_changed":false,"_seopress_robots_primary_cat":"","_seopress_titles_title":"Pistes cyclables et balades \u00e0 Luynes - Camping Les Granges","_seopress_titles_desc":"Envie de d\u00e9couvrir Luynes autrement ? Parcourez les pistes cyclables et balades autour du Camping Les Granges, entre Loire, nature et patrimoine.","_seopress_robots_index":"","_vp_format_video_url":"","_vp_image_focal_point":[],"footnotes":""},"class_list":["post-237","page","type-page","status-publish","has-post-thumbnail","hentry"],"acf":[],"_links":{"self":[{"href":"https:\/\/www.campinglesgranges.fr\/de\/wp-json\/wp\/v2\/pages\/237","targetHints":{"allow":["GET"]}}],"collection":[{"href":"https:\/\/www.campinglesgranges.fr\/de\/wp-json\/wp\/v2\/pages"}],"about":[{"href":"https:\/\/www.campinglesgranges.fr\/de\/wp-json\/wp\/v2\/types\/page"}],"author":[{"embeddable":true,"href":"https:\/\/www.campinglesgranges.fr\/de\/wp-json\/wp\/v2\/users\/1"}],"replies":[{"embeddable":true,"href":"https:\/\/www.campinglesgranges.fr\/de\/wp-json\/wp\/v2\/comments?post=237"}],"version-history":[{"count":9,"href":"https:\/\/www.campinglesgranges.fr\/de\/wp-json\/wp\/v2\/pages\/237\/revisions"}],"predecessor-version":[{"id":884,"href":"https:\/\/www.campinglesgranges.fr\/de\/wp-json\/wp\/v2\/pages\/237\/revisions\/884"}],"up":[{"embeddable":true,"href":"https:\/\/www.campinglesgranges.fr\/de\/wp-json\/wp\/v2\/pages\/186"}],"wp:featuredmedia":[{"embeddable":true,"href":"https:\/\/www.campinglesgranges.fr\/de\/wp-json\/wp\/v2\/media\/56"}],"wp:attachment":[{"href":"https:\/\/www.campinglesgranges.fr\/de\/wp-json\/wp\/v2\/media?parent=237"}],"curies":[{"name":"wp","href":"https:\/\/api.w.org\/{rel}","templated":true}]}}